{"id":2384,"date":"2015-01-10T14:02:33","date_gmt":"2015-01-10T13:02:33","guid":{"rendered":"http:\/\/irprout.it\/?page_id=2384"},"modified":"2020-02-19T19:59:30","modified_gmt":"2020-02-19T18:59:30","slug":"federazione-giovani-proutisti","status":"publish","type":"page","link":"https:\/\/irprout.it\/?page_id=2384","title":{"rendered":"FEDERAZIONE UNIVERSALE GIOVANI PROUTISTI"},"content":{"rendered":"<div class=\"wpb-content-wrapper\"><p>[vc_row][vc_column][vc_empty_space][\/vc_column][\/vc_row][vc_row][vc_column][vc_column_text]<\/p>\n<h2 style=\"text-align: left;\"><span style=\"color: #333333; font-family: 'Nanum Gothic', sans-serif;\"><strong><span style=\"font-size: 28pt;\">Federazione universale giovani proutisti&nbsp;<\/span><\/strong><\/span><\/h2>\n<p style=\"text-align: left;\"><span style=\"background-color: #808080; color: #ffffff; font-size: 18pt;\"><img decoding=\"async\" class=\"wp-image-2636 alignright lazyload\" data-src=\"https:\/\/irprout.it\/wp-content\/uploads\/2014\/10\/ALBERO.jpg\" alt=\"ALBERO\" width=\"356\" height=\"386\" src=\"data:image\/svg+xml;base64,PHN2ZyB3aWR0aD0iMSIgaGVpZ2h0PSIxIiB4bWxucz0iaHR0cDovL3d3dy53My5vcmcvMjAwMC9zdmciPjwvc3ZnPg==\" style=\"--smush-placeholder-width: 356px; --smush-placeholder-aspect-ratio: 356\/386;\"><strong><br \/>\n&nbsp;Universal Proutist Youth Federation &#8211; UPYF&nbsp;<\/strong><\/span><\/p>\n<p style=\"text-align: left;\"><span style=\"font-family: Asap, sans-serif;\"><strong><span style=\"font-size: 14pt; color: #000000;\">UPYF \u00e8 una delle cinque federazioni di Proutist Universal ognuna delle quali rappresenta un certo gruppo all&#8217;interno della nostra societ\u00e0. <\/span><\/strong><\/span><\/p>\n<p style=\"text-align: left;\"><span style=\"font-size: 14pt; color: #000000;\">Lo&nbsp;scopo delle Federazioni \u00e8 di realizzare&nbsp;le esigenze di questi diversi gruppi applicando soluzioni Proutiste ai loro problemi presenti e futuri.&nbsp;La Federazione Universale dei Giovani Proutisti \u00e8 specificamente progettata per le giovani generazioni.<\/span><\/p>\n<h2 style=\"text-align: left;\"><span style=\"font-family: arial, helvetica, sans-serif; font-size: 18pt; color: #ffffff; background-color: #749415;\">&nbsp;Scopi e Obiettivi&nbsp;<\/span><\/h2>\n<p style=\"text-align: left;\"><span style=\"font-family: arial, helvetica, sans-serif;\">Al momento stiamo lavorando per i seguenti&nbsp;obiettivi:<\/span><\/p>\n<ol style=\"text-align: left;\">\n<li><span style=\"color: #4c7d1b; font-size: 12pt;\"><strong><span style=\"font-family: arial, helvetica, sans-serif;\">Creare una coscienza socio-economico-politica tra i giovani<\/span><\/strong><\/span><\/li>\n<li><span style=\"color: #4c7d1b; font-size: 12pt;\"><strong><span style=\"font-family: arial, helvetica, sans-serif;\">utilizzare la creativit\u00e0 dei giovani, in modo progressivo e costruttivo<\/span><\/strong><\/span><\/li>\n<li><span style=\"color: #4c7d1b; font-size: 12pt;\"><strong><span style=\"font-family: arial, helvetica, sans-serif;\">Creare pi\u00f9 interesse verso i valori pi\u00f9 alti della vita e<span style=\"line-height: 1.4em;\">&nbsp;insegnare le pratiche intuizionali <\/span><\/span><\/strong><\/span><\/li>\n<li><span style=\"color: #4c7d1b; font-size: 12pt;\"><strong><span style=\"line-height: 1.4em; font-family: arial, helvetica, sans-serif;\">Combattere contro la repressione, la corruzione e lo sfruttamento nella sfera fisica e psichica <\/span><\/strong><\/span><\/li>\n<li><span style=\"color: #4c7d1b; font-size: 12pt;\"><strong><span style=\"line-height: 1.4em; font-family: arial, helvetica, sans-serif;\">Risolvere i problemi urgenti quali la casa, la disoccupazione giovanile, la sottoccupazione, etc. creando movimenti e cooperative <\/span><\/strong><\/span><\/li>\n<li><span style=\"color: #4c7d1b; font-size: 12pt;\"><strong><span style=\"line-height: 1.4em; font-family: arial, helvetica, sans-serif;\">RStabilire un nuovo ordine sociale basato sui principi del Prout<\/span><\/strong><\/span><\/li>\n<\/ol>\n<p style=\"text-align: left;\"><span style=\"font-family: arial, helvetica, sans-serif;\"><br \/>\nSi pu\u00f2 diventare membro del<strong> UPYF,<\/strong> se si \u00e8 interessati a risolvere i problemi sociali in modo progressista e attivi nel lavoro per il benessere della societ\u00e0.<\/span><span style=\"font-family: arial, helvetica, sans-serif;\">Siete anche invitati di inviare articoli, ecc. particolarmente rilevanti alla situazione dei giovani di oggi.<\/span><\/p>\n<h2 style=\"text-align: left;\"><span style=\"font-family: arial, helvetica, sans-serif; background-color: #99cc00; color: #ffffff; font-size: 18pt;\">&nbsp;Giovani e libert\u00e0&nbsp;<\/span><\/h2>\n<p style=\"text-align: left;\"><span style=\"font-family: arial, helvetica, sans-serif;\"><strong>La ricerca della libert\u00e0 \u00e8 all&#8217;origine della evoluzione sociale<\/strong>. Quasi tutte le filosofie sociali e politiche hanno formulato i propri principi con l&#8217;offerta della massima libert\u00e0 possibile per il popolo. Ma questi&nbsp;concetti di libert\u00e0 si sono limitati alle sfere politica e sociale senza comprendere che la libert\u00e0 assoluta non \u00e8 possibile nel mondo relativo. Gli stessi concetti che <em>&#8216;gli esseri umani nascono liberi&#8217;<\/em> e <em>&#8216;le capacit\u00e0 di ogni essere umano sono quasi simili&#8217;<\/em>&nbsp;non sono corretti. I&nbsp;giovani sono&nbsp;influenzati da tali principi non corretti, dalle tendenze materialistiche e fraintendono la libert\u00e0 come espressione spontanea dei desideri e degli istinti.<\/span><\/p>\n<p style=\"text-align: left;\"><span style=\"font-family: arial, helvetica, sans-serif;\">Gli esseri umani <strong>non sono nati liberi<\/strong>, sono costantemente sotto la schiavit\u00f9 delle prescrizioni e dell&#8217;ignoranza. Il notevole&nbsp;sforzo per liberarsi da queste schiavit\u00f9 \u00e8 la forza motrice di tutta l&#8217;evoluzione sociale.<\/span><\/p>\n<p style=\"text-align: left;\"><span style=\"font-family: arial, helvetica, sans-serif;\">Secondo il PROUT,<strong> libert\u00e0<\/strong> significa la progressiva&nbsp;eliminazione di tutti gli ostacoli insiti nel percorso della schiavit\u00f9 sociale, intellettuale o spirituale, di tutti i limiti e stabilire se stessi nel regno della Conoscenza Assoluta.<\/span><\/p>\n<p style=\"text-align: left;\"><span style=\"font-family: arial, helvetica, sans-serif;\">La bont\u00e0&nbsp;di ogni progresso sociale si misura dalla sua capacit\u00e0 di fornire ad ogni membro della societ\u00e0 la possibilit\u00e0 di raggiungere questa libert\u00e0 e non per la sua capacit\u00e0 di costruire strade, edifici e materiale bellico. Lo sviluppo economico o la stabilit\u00e0 politica non sono gli obiettivi del progresso, <strong>ma lo strumento per raggiungere la LIBERTA&#8217;<\/strong>.<\/span><\/p>\n<p style=\"text-align: left;\"><span style=\"font-family: arial, helvetica, sans-serif;\">I&nbsp;giovani di oggi hanno bisogno di essere ispirati e guidati nel percorso verso la libert\u00e0 e la liberazione personale.<\/span><\/p>\n<p style=\"text-align: left;\"><span style=\"font-family: arial, helvetica, sans-serif;\"><a href=\"https:\/\/irprout.it\/wp-content\/uploads\/2015\/01\/rising_sun.jpg\"><img decoding=\"async\" class=\"alignleft wp-image-2398 lazyload\" data-src=\"https:\/\/irprout.it\/wp-content\/uploads\/2015\/01\/rising_sun.jpg\" alt=\"rising_sun\" width=\"705\" height=\"314\" src=\"data:image\/svg+xml;base64,PHN2ZyB3aWR0aD0iMSIgaGVpZ2h0PSIxIiB4bWxucz0iaHR0cDovL3d3dy53My5vcmcvMjAwMC9zdmciPjwvc3ZnPg==\" style=\"--smush-placeholder-width: 705px; --smush-placeholder-aspect-ratio: 705\/314;\"><\/a><\/span><\/p>\n<p style=\"text-align: left;\"><a href=\"http:\/\/www.upyf.org\/\"><span style=\"font-size: 14pt;\"><strong><span style=\"font-family: arial, helvetica, sans-serif; background-color: #999999; color: #ffffff;\">&nbsp;Sito Glbale UPYF&nbsp;<\/span><\/strong><\/span><\/a><\/p>\n<p>[\/vc_column_text][\/vc_column][\/vc_row]<\/p>\n<\/div>","protected":false},"excerpt":{"rendered":"<p>[vc_row][vc_column][vc_empty_space][\/vc_column][\/vc_row][vc_row][vc_column][vc_column_text] Federazione universale giovani proutisti&nbsp; &nbsp;Universal Proutist Youth Federation &#8211; UPYF&nbsp; UPYF \u00e8 una delle cinque federazioni di Proutist Universal ognuna delle quali rappresenta un certo gruppo all&#8217;interno della nostra societ\u00e0. Lo&nbsp;scopo delle Federazioni \u00e8 di realizzare&nbsp;le esigenze di questi diversi gruppi applicando soluzioni Proutiste ai loro problemi presenti e <span class=\"excerpt-dots\">&hellip;<\/span> <a class=\"more-link\" href=\"https:\/\/irprout.it\/?page_id=2384\"><span class=\"more-msg\">Continua a leggere<\/span><\/a><\/p>\n","protected":false},"author":3,"featured_media":0,"parent":0,"menu_order":0,"comment_status":"closed","ping_status":"closed","template":"","meta":{"ngg_post_thumbnail":0,"footnotes":""},"class_list":["post-2384","page","type-page","status-publish","hentry"],"yoast_head":"<!-- This site is optimized with the Yoast SEO plugin v26.6 - https:\/\/yoast.com\/wordpress\/plugins\/seo\/ -->\n<title>FEDERAZIONE UNIVERSALE GIOVANI PROUTISTI - Istituto di Ricerca Prout<\/title>\n<meta name=\"robots\" content=\"index, follow, max-snippet:-1, max-image-preview:large, max-video-preview:-1\" \/>\n<link rel=\"canonical\" href=\"https:\/\/irprout.it\/?page_id=2384\" \/>\n<meta property=\"og:locale\" content=\"it_IT\" \/>\n<meta property=\"og:type\" content=\"article\" \/>\n<meta property=\"og:title\" content=\"FEDERAZIONE UNIVERSALE GIOVANI PROUTISTI - Istituto di Ricerca Prout\" \/>\n<meta property=\"og:description\" content=\"[vc_row][vc_column][vc_empty_space][\/vc_column][\/vc_row][vc_row][vc_column][vc_column_text] Federazione universale giovani proutisti&nbsp; &nbsp;Universal Proutist Youth Federation &#8211; UPYF&nbsp; UPYF \u00e8 una delle cinque federazioni di Proutist Universal ognuna delle quali rappresenta un certo gruppo all&#8217;interno della nostra societ\u00e0. Lo&nbsp;scopo delle Federazioni \u00e8 di realizzare&nbsp;le esigenze di questi diversi gruppi applicando soluzioni Proutiste ai loro problemi presenti e &hellip; Continua a leggere\" \/>\n<meta property=\"og:url\" content=\"https:\/\/irprout.it\/?page_id=2384\" \/>\n<meta property=\"og:site_name\" content=\"Istituto di Ricerca Prout\" \/>\n<meta property=\"article:modified_time\" content=\"2020-02-19T18:59:30+00:00\" \/>\n<meta property=\"og:image\" content=\"http:\/\/irprout.it\/wp-content\/uploads\/2014\/10\/ALBERO.jpg\" \/>\n<meta name=\"twitter:label1\" content=\"Tempo di lettura stimato\" \/>\n\t<meta name=\"twitter:data1\" content=\"2 minuti\" \/>\n<script type=\"application\/ld+json\" class=\"yoast-schema-graph\">{\"@context\":\"https:\/\/schema.org\",\"@graph\":[{\"@type\":\"WebPage\",\"@id\":\"https:\/\/irprout.it\/?page_id=2384\",\"url\":\"https:\/\/irprout.it\/?page_id=2384\",\"name\":\"FEDERAZIONE UNIVERSALE GIOVANI PROUTISTI - Istituto di Ricerca Prout\",\"isPartOf\":{\"@id\":\"https:\/\/irprout.it\/#website\"},\"primaryImageOfPage\":{\"@id\":\"https:\/\/irprout.it\/?page_id=2384#primaryimage\"},\"image\":{\"@id\":\"https:\/\/irprout.it\/?page_id=2384#primaryimage\"},\"thumbnailUrl\":\"http:\/\/irprout.it\/wp-content\/uploads\/2014\/10\/ALBERO.jpg\",\"datePublished\":\"2015-01-10T13:02:33+00:00\",\"dateModified\":\"2020-02-19T18:59:30+00:00\",\"breadcrumb\":{\"@id\":\"https:\/\/irprout.it\/?page_id=2384#breadcrumb\"},\"inLanguage\":\"it-IT\",\"potentialAction\":[{\"@type\":\"ReadAction\",\"target\":[\"https:\/\/irprout.it\/?page_id=2384\"]}]},{\"@type\":\"ImageObject\",\"inLanguage\":\"it-IT\",\"@id\":\"https:\/\/irprout.it\/?page_id=2384#primaryimage\",\"url\":\"https:\/\/irprout.it\/wp-content\/uploads\/2014\/10\/ALBERO.jpg\",\"contentUrl\":\"https:\/\/irprout.it\/wp-content\/uploads\/2014\/10\/ALBERO.jpg\",\"width\":250,\"height\":272},{\"@type\":\"BreadcrumbList\",\"@id\":\"https:\/\/irprout.it\/?page_id=2384#breadcrumb\",\"itemListElement\":[{\"@type\":\"ListItem\",\"position\":1,\"name\":\"Home\",\"item\":\"https:\/\/irprout.it\/\"},{\"@type\":\"ListItem\",\"position\":2,\"name\":\"FEDERAZIONE UNIVERSALE GIOVANI PROUTISTI\"}]},{\"@type\":\"WebSite\",\"@id\":\"https:\/\/irprout.it\/#website\",\"url\":\"https:\/\/irprout.it\/\",\"name\":\"Istituto di Ricerca Prout\",\"description\":\"Istituto di Ricerca Prout\",\"publisher\":{\"@id\":\"https:\/\/irprout.it\/#organization\"},\"potentialAction\":[{\"@type\":\"SearchAction\",\"target\":{\"@type\":\"EntryPoint\",\"urlTemplate\":\"https:\/\/irprout.it\/?s={search_term_string}\"},\"query-input\":{\"@type\":\"PropertyValueSpecification\",\"valueRequired\":true,\"valueName\":\"search_term_string\"}}],\"inLanguage\":\"it-IT\"},{\"@type\":\"Organization\",\"@id\":\"https:\/\/irprout.it\/#organization\",\"name\":\"Istituto di Ricerca Prout\",\"url\":\"https:\/\/irprout.it\/\",\"logo\":{\"@type\":\"ImageObject\",\"inLanguage\":\"it-IT\",\"@id\":\"https:\/\/irprout.it\/#\/schema\/logo\/image\/\",\"url\":\"http:\/\/irprout.it\/wp-content\/uploads\/2014\/10\/logo_IRP_albero300Cor.jpg\",\"contentUrl\":\"http:\/\/irprout.it\/wp-content\/uploads\/2014\/10\/logo_IRP_albero300Cor.jpg\",\"width\":303,\"height\":304,\"caption\":\"Istituto di Ricerca Prout\"},\"image\":{\"@id\":\"https:\/\/irprout.it\/#\/schema\/logo\/image\/\"}}]}<\/script>\n<!-- \/ Yoast SEO plugin. -->","yoast_head_json":{"title":"FEDERAZIONE UNIVERSALE GIOVANI PROUTISTI - Istituto di Ricerca Prout","robots":{"index":"index","follow":"follow","max-snippet":"max-snippet:-1","max-image-preview":"max-image-preview:large","max-video-preview":"max-video-preview:-1"},"canonical":"https:\/\/irprout.it\/?page_id=2384","og_locale":"it_IT","og_type":"article","og_title":"FEDERAZIONE UNIVERSALE GIOVANI PROUTISTI - Istituto di Ricerca Prout","og_description":"[vc_row][vc_column][vc_empty_space][\/vc_column][\/vc_row][vc_row][vc_column][vc_column_text] Federazione universale giovani proutisti&nbsp; &nbsp;Universal Proutist Youth Federation &#8211; UPYF&nbsp; UPYF \u00e8 una delle cinque federazioni di Proutist Universal ognuna delle quali rappresenta un certo gruppo all&#8217;interno della nostra societ\u00e0. Lo&nbsp;scopo delle Federazioni \u00e8 di realizzare&nbsp;le esigenze di questi diversi gruppi applicando soluzioni Proutiste ai loro problemi presenti e &hellip; Continua a leggere","og_url":"https:\/\/irprout.it\/?page_id=2384","og_site_name":"Istituto di Ricerca Prout","article_modified_time":"2020-02-19T18:59:30+00:00","og_image":[{"url":"http:\/\/irprout.it\/wp-content\/uploads\/2014\/10\/ALBERO.jpg","type":"","width":"","height":""}],"twitter_misc":{"Tempo di lettura stimato":"2 minuti"},"schema":{"@context":"https:\/\/schema.org","@graph":[{"@type":"WebPage","@id":"https:\/\/irprout.it\/?page_id=2384","url":"https:\/\/irprout.it\/?page_id=2384","name":"FEDERAZIONE UNIVERSALE GIOVANI PROUTISTI - Istituto di Ricerca Prout","isPartOf":{"@id":"https:\/\/irprout.it\/#website"},"primaryImageOfPage":{"@id":"https:\/\/irprout.it\/?page_id=2384#primaryimage"},"image":{"@id":"https:\/\/irprout.it\/?page_id=2384#primaryimage"},"thumbnailUrl":"http:\/\/irprout.it\/wp-content\/uploads\/2014\/10\/ALBERO.jpg","datePublished":"2015-01-10T13:02:33+00:00","dateModified":"2020-02-19T18:59:30+00:00","breadcrumb":{"@id":"https:\/\/irprout.it\/?page_id=2384#breadcrumb"},"inLanguage":"it-IT","potentialAction":[{"@type":"ReadAction","target":["https:\/\/irprout.it\/?page_id=2384"]}]},{"@type":"ImageObject","inLanguage":"it-IT","@id":"https:\/\/irprout.it\/?page_id=2384#primaryimage","url":"https:\/\/irprout.it\/wp-content\/uploads\/2014\/10\/ALBERO.jpg","contentUrl":"https:\/\/irprout.it\/wp-content\/uploads\/2014\/10\/ALBERO.jpg","width":250,"height":272},{"@type":"BreadcrumbList","@id":"https:\/\/irprout.it\/?page_id=2384#breadcrumb","itemListElement":[{"@type":"ListItem","position":1,"name":"Home","item":"https:\/\/irprout.it\/"},{"@type":"ListItem","position":2,"name":"FEDERAZIONE UNIVERSALE GIOVANI PROUTISTI"}]},{"@type":"WebSite","@id":"https:\/\/irprout.it\/#website","url":"https:\/\/irprout.it\/","name":"Istituto di Ricerca Prout","description":"Istituto di Ricerca Prout","publisher":{"@id":"https:\/\/irprout.it\/#organization"},"potentialAction":[{"@type":"SearchAction","target":{"@type":"EntryPoint","urlTemplate":"https:\/\/irprout.it\/?s={search_term_string}"},"query-input":{"@type":"PropertyValueSpecification","valueRequired":true,"valueName":"search_term_string"}}],"inLanguage":"it-IT"},{"@type":"Organization","@id":"https:\/\/irprout.it\/#organization","name":"Istituto di Ricerca Prout","url":"https:\/\/irprout.it\/","logo":{"@type":"ImageObject","inLanguage":"it-IT","@id":"https:\/\/irprout.it\/#\/schema\/logo\/image\/","url":"http:\/\/irprout.it\/wp-content\/uploads\/2014\/10\/logo_IRP_albero300Cor.jpg","contentUrl":"http:\/\/irprout.it\/wp-content\/uploads\/2014\/10\/logo_IRP_albero300Cor.jpg","width":303,"height":304,"caption":"Istituto di Ricerca Prout"},"image":{"@id":"https:\/\/irprout.it\/#\/schema\/logo\/image\/"}}]}},"_links":{"self":[{"href":"https:\/\/irprout.it\/index.php?rest_route=\/wp\/v2\/pages\/2384","targetHints":{"allow":["GET"]}}],"collection":[{"href":"https:\/\/irprout.it\/index.php?rest_route=\/wp\/v2\/pages"}],"about":[{"href":"https:\/\/irprout.it\/index.php?rest_route=\/wp\/v2\/types\/page"}],"author":[{"embeddable":true,"href":"https:\/\/irprout.it\/index.php?rest_route=\/wp\/v2\/users\/3"}],"replies":[{"embeddable":true,"href":"https:\/\/irprout.it\/index.php?rest_route=%2Fwp%2Fv2%2Fcomments&post=2384"}],"version-history":[{"count":20,"href":"https:\/\/irprout.it\/index.php?rest_route=\/wp\/v2\/pages\/2384\/revisions"}],"predecessor-version":[{"id":5200,"href":"https:\/\/irprout.it\/index.php?rest_route=\/wp\/v2\/pages\/2384\/revisions\/5200"}],"wp:attachment":[{"href":"https:\/\/irprout.it\/index.php?rest_route=%2Fwp%2Fv2%2Fmedia&parent=2384"}],"curies":[{"name":"wp","href":"https:\/\/api.w.org\/{rel}","templated":true}]}}