{"id":4439,"date":"2020-01-03T20:57:16","date_gmt":"2020-01-03T19:57:16","guid":{"rendered":"http:\/\/irprout.it\/?page_id=4439"},"modified":"2020-12-03T19:07:58","modified_gmt":"2020-12-03T18:07:58","slug":"4439-2","status":"publish","type":"page","link":"https:\/\/irprout.it\/?page_id=4439","title":{"rendered":"Adattiamoci non Adagiamoci"},"content":{"rendered":"<div class=\"wpb-content-wrapper\"><p>[vc_row][vc_column width=&#8221;2\/3&#8243;][vc_empty_space][\/vc_column][vc_column width=&#8221;1\/3&#8243;][\/vc_column][\/vc_row][vc_row][vc_column][vc_custom_heading text=&#8221;Adattiamoci, non Adagiamoci&#8221; font_container=&#8221;tag:h1|font_size:40|text_align:left|color:%238e2420&#8243; google_fonts=&#8221;font_family:Anton%3Aregular|font_style:400%20regular%3A400%3Anormal&#8221;][\/vc_column][\/vc_row][vc_row][vc_column width=&#8221;1\/2&#8243;][vc_column_text]<span style=\"font-size: 18pt; font-family: tahoma, arial, helvetica, sans-serif;\"><span style=\"color: #339966;\">Azioni per far fronte ai cambiamenti climatici<\/span><\/span>[\/vc_column_text][\/vc_column][vc_column width=&#8221;1\/2&#8243;][vc_column_text css=&#8221;.vc_custom_1606322510443{margin-top: 5px !important;}&#8221;]<\/p>\n<p style=\"text-align: right;\"><span style=\"font-size: 14pt; font-family: tahoma, arial, helvetica, sans-serif; background-color: #e6e6e6;\"><em>Con il contributo della<\/em> <span style=\"color: #800000;\"><strong>Fondazione Cariparma<\/strong><\/span><\/span><\/p>\n<p>[\/vc_column_text][\/vc_column][\/vc_row][vc_row][vc_column][vc_separator color=&#8221;green&#8221; style=&#8221;shadow&#8221; border_width=&#8221;3&#8243; css=&#8221;.vc_custom_1606322530060{margin-top: -15px !important;}&#8221;][\/vc_column][\/vc_row][vc_row full_width=&#8221;stretch_row&#8221; css=&#8221;.vc_custom_1606322715071{background-color: #f4c838 !important;}&#8221;][vc_column][vc_custom_heading text=&#8221;Progetto pilota per conservazione ambiente, biodiversit\u00e0 ed acqua&#8221; font_container=&#8221;tag:h1|text_align:center|color:%23286617&#8243; google_fonts=&#8221;font_family:Alegreya%3Aregular%2Citalic%2C700%2C700italic%2C900%2C900italic|font_style:700%20bold%20regular%3A700%3Anormal&#8221;][\/vc_column][\/vc_row][vc_row][vc_column][vc_empty_space height=&#8221;20&#8243;][\/vc_column][\/vc_row][vc_row][vc_column width=&#8221;1\/2&#8243;][vc_column_text]<span style=\"font-size: 12pt; font-family: tahoma, arial, helvetica, sans-serif;\"><strong><span style=\"font-size: 14pt;\">Premessa<\/span>:<\/strong> per la conservazione dell\u2019ambiente naturale l\u2019acqua \u00e8 una risorsa necessaria. Con i cambiamenti climatici la scarsit\u00e0 di acqua ed i lunghi periodi di siccit\u00e0 si fanno sentire ovunque, in particolar modo nella provincia di Parma.<\/span><\/p>\n<p><span style=\"font-size: 12pt; font-family: tahoma, arial, helvetica, sans-serif;\"><strong><span style=\"font-size: 14pt;\">La proposta<\/span>: <span style=\"color: #008000;\">Progetto pilota integrato di conservazione dell\u2019acqua di superficie, ripristino dell\u2019equilibrio ecologico e salvaguardia dell&#8217;ambiente.<\/span><\/strong><\/span><\/p>\n<p><span style=\"font-size: 12pt; font-family: tahoma, arial, helvetica, sans-serif;\"><strong><span style=\"font-size: 14pt;\">Obiettivo del progetto<\/span>: <span style=\"color: #008000; background-color: #ffffff;\">Creare un modello, un esempio concreto sulle azioni da intraprendere per la conservazione dell\u2019ambiente e della biodiversit\u00e0<\/span><\/strong>. <\/span><\/p>\n<p><span style=\"font-size: 12pt; font-family: tahoma, arial, helvetica, sans-serif;\"><span style=\"font-size: 14pt;\"><strong>Centro di supporto informativo e tecnico<\/strong><\/span>: Un altro scopo conseguente \u00e8 la creazione di un <span style=\"color: #008000;\"><strong>centro di supporto informativo e tecnico su metodi, materiali, tempistiche, costi e soluzioni di possibili problematiche<\/strong><\/span> per la realizzazione di progetti volti alla conservazione dell\u2019ambiente, al ripristino dell\u2019equilibrio ecologico,&nbsp; salvaguardia della biodiversit\u00e0, formazione su orto-terapia ed energie alternative, in generale alla diffusione della coscienza ambientale tra i cittadini in particolare tra i giovani, gli studenti delle scuole primarie, medie e superiori.<\/span>[\/vc_column_text][\/vc_column][vc_column width=&#8221;1\/2&#8243;][vc_single_image image=&#8221;4452&#8243; img_size=&#8221;full&#8221; style=&#8221;vc_box_border&#8221; border_color=&#8221;chino&#8221; css=&#8221;.vc_custom_1606322547157{margin-top: 10px !important;}&#8221;][\/vc_column][\/vc_row][vc_row][vc_column css=&#8221;.vc_custom_1596277329328{background-color: #f9f3bb !important;}&#8221;][vc_column_text]<span style=\"font-size: 12pt; font-family: tahoma, arial, helvetica, sans-serif;\">A questo scopo la sede di IRP dispone di una <strong>sala conferenze attrezzata<\/strong> e un <strong>terreno agricolo attrezzato con una serra<\/strong>.<br \/>\n<\/span><span style=\"font-size: 12pt; font-family: tahoma, arial, helvetica, sans-serif;\">Verranno anche <strong>stampati opuscoli informativ<\/strong>i e verr\u00e0 <strong>prodotto un video<\/strong> e una <strong>pagina Facebook<\/strong>.<\/span>[\/vc_column_text][\/vc_column][\/vc_row][vc_row][vc_column][vc_column_text css=&#8221;.vc_custom_1596277395437{margin-top: 20px !important;}&#8221;]<span style=\"font-size: 12pt; font-family: tahoma, arial, helvetica, sans-serif;\"><span style=\"font-size: 14pt;\"><strong>Descrizione<\/strong><\/span>: Centro del progetto \u00e8 un <span style=\"color: #008000;\"><strong>laghetto dove viene raccolta l\u2019acqua piovana<\/strong><\/span> dei tetti degli edifici vicini, quella che fluisce nel terreno e quella di una piccola sorgente. Le dimensioni del laghetto sono di 16mt x 18mt, profondit\u00e0 2,50 mt, con sponde di pendenza 45\u00b0, protetto da rete di recinzione.<\/span><\/p>\n<p><span style=\"font-size: 12pt; font-family: tahoma, arial, helvetica, sans-serif;\"><strong><span style=\"color: #008000;\">Il laghetto viene impermeabilizzato con una guaina ecocompatibile<\/span><\/strong>, certificata per uso anche alimentare, che non rilascia sostanze di alcun tipo o in alternativa con polvere di bentonite e telo TNT. Attorno al laghetto vengono <span style=\"color: #008000;\"><strong>piantati filari di alberi, fino a 5 filari<\/strong><\/span>, con piante locali a crescita rapida, media e lenta, che con al loro ombra attenueranno l\u2019evaporazione.<\/span><\/p>\n<p><span style=\"font-size: 12pt; font-family: tahoma, arial, helvetica, sans-serif;\"><strong><span style=\"color: #008000;\">Il laghetto e le sue rive costituiranno un ambiente adatto ad accogliere biodiversit\u00e0<\/span><\/strong>: piante, animali, pesci. Gli alberi serviranno da rifugio e habitat per molte specie di uccelli, anche acquatici.<\/span><\/p>\n<p><span style=\"font-size: 12pt; font-family: tahoma, arial, helvetica, sans-serif;\"><span style=\"color: #008000;\"><strong>Nel laghetto si introdurranno varie specie di pesci<\/strong><\/span> e con il tempo arriveranno anche anfibi e rettili.<\/span><\/p>\n<p><span style=\"font-size: 12pt; font-family: tahoma, arial, helvetica, sans-serif;\"><strong><span style=\"color: #008000;\">Le pompe di circolazione dell\u2019acqua<\/span><\/strong> e tutta la gestione saranno automatizzate ed <span style=\"color: #008000;\"><strong>utilizzeranno energia rinnovabile da fotovoltaico<\/strong><\/span>.<\/span>[\/vc_column_text][\/vc_column][\/vc_row][vc_row][vc_column][vc_single_image image=&#8221;5739&#8243; img_size=&#8221;full&#8221; alignment=&#8221;center&#8221; style=&#8221;vc_box_border&#8221;][\/vc_column][\/vc_row][vc_row][vc_column][vc_tta_accordion spacing=&#8221;2&#8243; active_section=&#8221;99&#8243; collapsible_all=&#8221;true&#8221; title=&#8221;Realizzazione Progetto&#8221;][vc_tta_section title=&#8221;Fasi del lavoro&#8221; tab_id=&#8221;1578308179683-32b518eb-94ca&#8221;][vc_column_text]<span style=\"font-size: 14pt;\"><strong><span style=\"font-family: tahoma, arial, helvetica, sans-serif;\">fase uno:<\/span><\/strong><\/span><\/p>\n<ul>\n<li><span style=\"font-size: 12pt; font-family: tahoma, arial, helvetica, sans-serif;\">spianamento del terreno dedicato e pulizia della rete esistente.<\/span><\/li>\n<\/ul>\n<p><strong><span style=\"font-size: 14pt; font-family: tahoma, arial, helvetica, sans-serif;\">fase due:<\/span><\/strong><\/p>\n<ul>\n<li><span style=\"font-size: 12pt; font-family: tahoma, arial, helvetica, sans-serif;\">&nbsp;costruzione di una serra fredda, l&#8217;utopia sperimentale.<\/span><\/li>\n<\/ul>\n<p><strong><span style=\"font-size: 12pt; font-family: tahoma, arial, helvetica, sans-serif;\">fase tre:<\/span><\/strong><\/p>\n<ul>\n<li><span style=\"font-size: 12pt; font-family: tahoma, arial, helvetica, sans-serif;\">&nbsp;impermeabilizzazione della riserva d&#8217;acqua e fitodepurazione<\/span><\/li>\n<\/ul>\n<p><strong><span style=\"font-size: 12pt; font-family: tahoma, arial, helvetica, sans-serif;\">fase quattro:<\/span><\/strong><\/p>\n<ul>\n<li><span style=\"font-size: 12pt; font-family: tahoma, arial, helvetica, sans-serif;\">diffusione dei risultati<\/span><\/li>\n<li><span style=\"font-size: 12pt; font-family: tahoma, arial, helvetica, sans-serif;\">formazione continua<\/span><\/li>\n<li><span style=\"font-size: 12pt; font-family: tahoma, arial, helvetica, sans-serif;\">interventi nelle scuole<\/span><\/li>\n<li><span style=\"font-size: 12pt; font-family: tahoma, arial, helvetica, sans-serif;\">sinergia con associazioni ambientaliste<\/span><\/li>\n<li><span style=\"font-size: 12pt; font-family: tahoma, arial, helvetica, sans-serif;\">sinergie con scuole tecniche (ITIS), scuola agraria,<\/span><\/li>\n<li><span style=\"font-size: 12pt; font-family: tahoma, arial, helvetica, sans-serif;\">associazione agricoltori, aziende agricole eccetera.<\/span><\/li>\n<\/ul>\n<p>[\/vc_column_text][\/vc_tta_section][vc_tta_section title=&#8221;Conto economico-budget-richieste&#8221; tab_id=&#8221;1578308179729-e3ccabe7-2029&#8243;][vc_column_text]<strong><span style=\"font-size: 12pt; font-family: tahoma, arial, helvetica, sans-serif;\">materiali e lavori:<\/span><\/strong><\/p>\n<ul>\n<li><span style=\"font-size: 12pt; font-family: tahoma, arial, helvetica, sans-serif;\">pulizia e scavo<\/span><\/li>\n<li><span style=\"font-size: 12pt; font-family: tahoma, arial, helvetica, sans-serif;\">taglio e trasporto legna<\/span><\/li>\n<li><span style=\"font-size: 12pt; font-family: tahoma, arial, helvetica, sans-serif;\">apporto di terra 2 camion<\/span><\/li>\n<li><span style=\"font-size: 12pt; font-family: tahoma, arial, helvetica, sans-serif;\">sostegni per serra<\/span><\/li>\n<li><span style=\"font-size: 12pt; font-family: tahoma, arial, helvetica, sans-serif;\">foglio di pvc per serra<\/span><\/li>\n<li><span style=\"font-size: 12pt; font-family: tahoma, arial, helvetica, sans-serif;\">assi di plastica riciclata per orto sollevato<\/span><\/li>\n<li><span style=\"font-size: 12pt; font-family: tahoma, arial, helvetica, sans-serif;\">panelli fotovoltaici e inverter<\/span><\/li>\n<li><span style=\"font-size: 12pt; font-family: tahoma, arial, helvetica, sans-serif;\">struttura per pannelli<\/span><\/li>\n<li><span style=\"font-size: 12pt; font-family: tahoma, arial, helvetica, sans-serif;\">componenti elettronici per l&#8217;automazione<\/span><\/li>\n<\/ul>\n<p>[\/vc_column_text][\/vc_tta_section][vc_tta_section title=&#8221;Lavoro e varie&#8221; tab_id=&#8221;1578308499940-ba6f35c3-3639&#8243;][vc_column_text]<span style=\"font-size: 12pt; font-family: tahoma, arial, helvetica, sans-serif;\"><strong>lavoro e varie:<\/strong><\/span><\/p>\n<ul>\n<li><span style=\"font-size: 12pt; font-family: tahoma, arial, helvetica, sans-serif;\">elettronici e softwaristi<\/span><\/li>\n<li><span style=\"font-size: 12pt; font-family: tahoma, arial, helvetica, sans-serif;\">scavatore con scavatorista<\/span><\/li>\n<li><span style=\"font-size: 12pt; font-family: tahoma, arial, helvetica, sans-serif;\">esperti in orticoltura<\/span><\/li>\n<li><span style=\"font-size: 12pt; font-family: tahoma, arial, helvetica, sans-serif;\">viaggio nel Lazio prevede l&#8217;impianto idroponiche<\/span><\/li>\n<li><span style=\"font-size: 12pt; font-family: tahoma, arial, helvetica, sans-serif;\">ingegneri esperti in impermeabilizzazione e fito-depurazione<\/span><\/li>\n<\/ul>\n<p>[\/vc_column_text][\/vc_tta_section][vc_tta_section title=&#8221;Scopo&#8221; tab_id=&#8221;1578308576041-9dcb7a0c-d027&#8243;][vc_column_text]<\/p>\n<ul>\n<li><span style=\"font-size: 12pt; font-family: tahoma, arial, helvetica, sans-serif;\">creare coscienza ambientale nei giovani<\/span><\/li>\n<li><span style=\"font-size: 12pt; font-family: tahoma, arial, helvetica, sans-serif;\">sensibilizzare i cambiamenti climatici in atto<\/span><\/li>\n<li><span style=\"font-size: 12pt; font-family: tahoma, arial, helvetica, sans-serif;\">dare soluzioni al problema idrico<\/span><\/li>\n<li><span style=\"font-size: 12pt; font-family: tahoma, arial, helvetica, sans-serif;\">dare soluzioni al problema energie rinnovabili<\/span><\/li>\n<\/ul>\n<p>[\/vc_column_text][\/vc_tta_section][vc_tta_section title=&#8221;Azioni al contorno&#8221; tab_id=&#8221;1578308629969-52853185-6d25&#8243;][vc_column_text]<\/p>\n<ul>\n<li><span style=\"font-size: 12pt; font-family: tahoma, arial, helvetica, sans-serif;\">Organizzare piantumazione alberi da parte di sponsor, volontari e privati.<\/span><\/li>\n<li><span style=\"font-size: 12pt; font-family: tahoma, arial, helvetica, sans-serif;\">Creare un punto di supporto per chi vuole introdurre&nbsp; e riprodurre il progetto in altri ambiti<\/span><\/li>\n<\/ul>\n<p>[\/vc_column_text][\/vc_tta_section][vc_tta_section title=&#8221;Sviluppi futuri&#8221; tab_id=&#8221;1578308692376-d17052cc-f04f&#8221;][vc_column_text]<span style=\"font-size: 12pt; font-family: tahoma, arial, helvetica, sans-serif;\"><strong>Primo tra tutti:<\/strong> fare rete con enti pubblici, aziende, associazioni ambientaliste e di agricoltori, centri di formazione per la diffusione del progetto in aree pubbliche e private.<\/span><\/p>\n<p><span style=\"font-size: 12pt; font-family: tahoma, arial, helvetica, sans-serif;\"><strong>Il progetto verr\u00e0 ampliato<\/strong> con l\u2019avvio di colture innovative integrate con il laghetto oggetto di questo progetto, per arrivare ad un sistema di utilizzo circolare delle risorse naturali, con il minimo spreco di esse. Si porr\u00e0 enfasi nella formazione di cittadini di qualunque eta\u2019, utilizzando anche i social media.<\/span>[\/vc_column_text][\/vc_tta_section][\/vc_tta_accordion][\/vc_column][\/vc_row][vc_row][vc_column][vc_empty_space height=&#8221;25&#8243;][\/vc_column][\/vc_row][vc_row][vc_column][vc_custom_heading text=&#8221;Progressi nella realizzazione del progetto&#8221; font_container=&#8221;tag:h2|text_align:center|color:%23cc2e2e&#8221; google_fonts=&#8221;font_family:Alegreya%3Aregular%2Citalic%2C700%2C700italic%2C900%2C900italic|font_style:700%20bold%20regular%3A700%3Anormal&#8221;][\/vc_column][\/vc_row][vc_row][vc_column][vc_separator color=&#8221;green&#8221; style=&#8221;shadow&#8221; border_width=&#8221;3&#8243;][\/vc_column][\/vc_row][vc_row][vc_column][vc_custom_heading text=&#8221;Il laghetto: com&#8217;era, pulizia, sistemazione e com&#8217;\u00e8 ora&#8221; font_container=&#8221;tag:h2|text_align:left|color:%23174891&#8243; google_fonts=&#8221;font_family:Anton%3Aregular|font_style:400%20regular%3A400%3Anormal&#8221;][\/vc_column][\/vc_row][vc_row][vc_column][vc_masonry_media_grid grid_id=&#8221;vc_gid:1607018257961-8210d56e-1e90-9&#8243; include=&#8221;5839,5838,5837,5835,5824&#8243;][\/vc_column][\/vc_row][vc_row][vc_column][vc_custom_heading text=&#8221;Realizzazione palizzata in legno di castagno, dopo livellamento terreno&#8221; font_container=&#8221;tag:h2|text_align:left|color:%23174891&#8243; google_fonts=&#8221;font_family:Anton%3Aregular|font_style:400%20regular%3A400%3Anormal&#8221;][\/vc_column][\/vc_row][vc_row][vc_column][vc_masonry_media_grid element_width=&#8221;3&#8243; grid_id=&#8221;vc_gid:1607018257971-9990e617-8730-5&#8243; include=&#8221;5825,5831,5827,5829,5832,5833,5834,5826&#8243;][\/vc_column][\/vc_row][vc_row][vc_column][vc_custom_heading text=&#8221;La spianata: riempimento terrazzo con 15 camion di terra e livellamento terreno&#8221; font_container=&#8221;tag:h2|text_align:left|color:%23174891&#8243; google_fonts=&#8221;font_family:Anton%3Aregular|font_style:400%20regular%3A400%3Anormal&#8221;][\/vc_column][\/vc_row][vc_row][vc_column][vc_masonry_media_grid grid_id=&#8221;vc_gid:1607018279653-b301dd45-cf20-9&#8243; include=&#8221;5905,5904,5906&#8243;][\/vc_column][\/vc_row]<\/p>\n<\/div>","protected":false},"excerpt":{"rendered":"<p>[vc_row][vc_column width=&#8221;2\/3&#8243;][vc_empty_space][\/vc_column][vc_column width=&#8221;1\/3&#8243;][\/vc_column][\/vc_row][vc_row][vc_column][vc_custom_heading text=&#8221;Adattiamoci, non Adagiamoci&#8221; font_container=&#8221;tag:h1|font_size:40|text_align:left|color:%238e2420&#8243; google_fonts=&#8221;font_family:Anton%3Aregular|font_style:400%20regular%3A400%3Anormal&#8221;][\/vc_column][\/vc_row][vc_row][vc_column width=&#8221;1\/2&#8243;][vc_column_text]Azioni per far fronte ai cambiamenti climatici[\/vc_column_text][\/vc_column][vc_column width=&#8221;1\/2&#8243;][vc_column_text css=&#8221;.vc_custom_1606322510443{margin-top: 5px !important;}&#8221;] Con il contributo della Fondazione Cariparma [\/vc_column_text][\/vc_column][\/vc_row][vc_row][vc_column][vc_separator color=&#8221;green&#8221; style=&#8221;shadow&#8221; border_width=&#8221;3&#8243; css=&#8221;.vc_custom_1606322530060{margin-top: -15px !important;}&#8221;][\/vc_column][\/vc_row][vc_row full_width=&#8221;stretch_row&#8221; css=&#8221;.vc_custom_1606322715071{background-color: #f4c838 !important;}&#8221;][vc_column][vc_custom_heading text=&#8221;Progetto pilota per conservazione ambiente, biodiversit\u00e0 ed acqua&#8221; font_container=&#8221;tag:h1|text_align:center|color:%23286617&#8243; google_fonts=&#8221;font_family:Alegreya%3Aregular%2Citalic%2C700%2C700italic%2C900%2C900italic|font_style:700%20bold%20regular%3A700%3Anormal&#8221;][\/vc_column][\/vc_row][vc_row][vc_column][vc_empty_space height=&#8221;20&#8243;][\/vc_column][\/vc_row][vc_row][vc_column width=&#8221;1\/2&#8243;][vc_column_text]Premessa: per la <span class=\"excerpt-dots\">&hellip;<\/span> <a class=\"more-link\" href=\"https:\/\/irprout.it\/?page_id=4439\"><span class=\"more-msg\">Continua a leggere<\/span><\/a><\/p>\n","protected":false},"author":5,"featured_media":5027,"parent":0,"menu_order":0,"comment_status":"closed","ping_status":"closed","template":"","meta":{"ngg_post_thumbnail":0,"footnotes":""},"class_list":["post-4439","page","type-page","status-publish","has-post-thumbnail","hentry"],"yoast_head":"<!-- This site is optimized with the Yoast SEO plugin v26.6 - https:\/\/yoast.com\/wordpress\/plugins\/seo\/ -->\n<title>Adattiamoci non Adagiamoci - Istituto di Ricerca Prout<\/title>\n<meta name=\"robots\" content=\"index, follow, max-snippet:-1, max-image-preview:large, max-video-preview:-1\" \/>\n<link rel=\"canonical\" href=\"https:\/\/irprout.it\/?page_id=4439\" \/>\n<meta property=\"og:locale\" content=\"it_IT\" \/>\n<meta property=\"og:type\" content=\"article\" \/>\n<meta property=\"og:title\" content=\"Adattiamoci non Adagiamoci - Istituto di Ricerca Prout\" \/>\n<meta property=\"og:description\" content=\"[vc_row][vc_column width=&#8221;2\/3&#8243;][vc_empty_space][\/vc_column][vc_column width=&#8221;1\/3&#8243;][\/vc_column][\/vc_row][vc_row][vc_column][vc_custom_heading text=&#8221;Adattiamoci, non Adagiamoci&#8221; font_container=&#8221;tag:h1|font_size:40|text_align:left|color:%238e2420&#8243; google_fonts=&#8221;font_family:Anton%3Aregular|font_style:400%20regular%3A400%3Anormal&#8221;][\/vc_column][\/vc_row][vc_row][vc_column width=&#8221;1\/2&#8243;][vc_column_text]Azioni per far fronte ai cambiamenti climatici[\/vc_column_text][\/vc_column][vc_column width=&#8221;1\/2&#8243;][vc_column_text css=&#8221;.vc_custom_1606322510443{margin-top: 5px !important;}&#8221;] Con il contributo della Fondazione Cariparma [\/vc_column_text][\/vc_column][\/vc_row][vc_row][vc_column][vc_separator color=&#8221;green&#8221; style=&#8221;shadow&#8221; border_width=&#8221;3&#8243; css=&#8221;.vc_custom_1606322530060{margin-top: -15px !important;}&#8221;][\/vc_column][\/vc_row][vc_row full_width=&#8221;stretch_row&#8221; css=&#8221;.vc_custom_1606322715071{background-color: #f4c838 !important;}&#8221;][vc_column][vc_custom_heading text=&#8221;Progetto pilota per conservazione ambiente, biodiversit\u00e0 ed acqua&#8221; font_container=&#8221;tag:h1|text_align:center|color:%23286617&#8243; google_fonts=&#8221;font_family:Alegreya%3Aregular%2Citalic%2C700%2C700italic%2C900%2C900italic|font_style:700%20bold%20regular%3A700%3Anormal&#8221;][\/vc_column][\/vc_row][vc_row][vc_column][vc_empty_space height=&#8221;20&#8243;][\/vc_column][\/vc_row][vc_row][vc_column width=&#8221;1\/2&#8243;][vc_column_text]Premessa: per la &hellip; Continua a leggere\" \/>\n<meta property=\"og:url\" content=\"https:\/\/irprout.it\/?page_id=4439\" \/>\n<meta property=\"og:site_name\" content=\"Istituto di Ricerca Prout\" \/>\n<meta property=\"article:modified_time\" content=\"2020-12-03T18:07:58+00:00\" \/>\n<meta property=\"og:image\" content=\"https:\/\/irprout.it\/wp-content\/uploads\/2020\/02\/Scuola_progetto.jpg\" \/>\n\t<meta property=\"og:image:width\" content=\"381\" \/>\n\t<meta property=\"og:image:height\" content=\"275\" \/>\n\t<meta property=\"og:image:type\" content=\"image\/jpeg\" \/>\n<meta name=\"twitter:label1\" content=\"Tempo di lettura stimato\" \/>\n\t<meta name=\"twitter:data1\" content=\"7 minuti\" \/>\n<script type=\"application\/ld+json\" class=\"yoast-schema-graph\">{\"@context\":\"https:\/\/schema.org\",\"@graph\":[{\"@type\":\"WebPage\",\"@id\":\"https:\/\/irprout.it\/?page_id=4439\",\"url\":\"https:\/\/irprout.it\/?page_id=4439\",\"name\":\"Adattiamoci non Adagiamoci - Istituto di Ricerca Prout\",\"isPartOf\":{\"@id\":\"https:\/\/irprout.it\/#website\"},\"primaryImageOfPage\":{\"@id\":\"https:\/\/irprout.it\/?page_id=4439#primaryimage\"},\"image\":{\"@id\":\"https:\/\/irprout.it\/?page_id=4439#primaryimage\"},\"thumbnailUrl\":\"https:\/\/irprout.it\/wp-content\/uploads\/2020\/02\/Scuola_progetto.jpg\",\"datePublished\":\"2020-01-03T19:57:16+00:00\",\"dateModified\":\"2020-12-03T18:07:58+00:00\",\"breadcrumb\":{\"@id\":\"https:\/\/irprout.it\/?page_id=4439#breadcrumb\"},\"inLanguage\":\"it-IT\",\"potentialAction\":[{\"@type\":\"ReadAction\",\"target\":[\"https:\/\/irprout.it\/?page_id=4439\"]}]},{\"@type\":\"ImageObject\",\"inLanguage\":\"it-IT\",\"@id\":\"https:\/\/irprout.it\/?page_id=4439#primaryimage\",\"url\":\"https:\/\/irprout.it\/wp-content\/uploads\/2020\/02\/Scuola_progetto.jpg\",\"contentUrl\":\"https:\/\/irprout.it\/wp-content\/uploads\/2020\/02\/Scuola_progetto.jpg\",\"width\":381,\"height\":275},{\"@type\":\"BreadcrumbList\",\"@id\":\"https:\/\/irprout.it\/?page_id=4439#breadcrumb\",\"itemListElement\":[{\"@type\":\"ListItem\",\"position\":1,\"name\":\"Home\",\"item\":\"https:\/\/irprout.it\/\"},{\"@type\":\"ListItem\",\"position\":2,\"name\":\"Adattiamoci non Adagiamoci\"}]},{\"@type\":\"WebSite\",\"@id\":\"https:\/\/irprout.it\/#website\",\"url\":\"https:\/\/irprout.it\/\",\"name\":\"Istituto di Ricerca Prout\",\"description\":\"Istituto di Ricerca Prout\",\"publisher\":{\"@id\":\"https:\/\/irprout.it\/#organization\"},\"potentialAction\":[{\"@type\":\"SearchAction\",\"target\":{\"@type\":\"EntryPoint\",\"urlTemplate\":\"https:\/\/irprout.it\/?s={search_term_string}\"},\"query-input\":{\"@type\":\"PropertyValueSpecification\",\"valueRequired\":true,\"valueName\":\"search_term_string\"}}],\"inLanguage\":\"it-IT\"},{\"@type\":\"Organization\",\"@id\":\"https:\/\/irprout.it\/#organization\",\"name\":\"Istituto di Ricerca Prout\",\"url\":\"https:\/\/irprout.it\/\",\"logo\":{\"@type\":\"ImageObject\",\"inLanguage\":\"it-IT\",\"@id\":\"https:\/\/irprout.it\/#\/schema\/logo\/image\/\",\"url\":\"http:\/\/irprout.it\/wp-content\/uploads\/2014\/10\/logo_IRP_albero300Cor.jpg\",\"contentUrl\":\"http:\/\/irprout.it\/wp-content\/uploads\/2014\/10\/logo_IRP_albero300Cor.jpg\",\"width\":303,\"height\":304,\"caption\":\"Istituto di Ricerca Prout\"},\"image\":{\"@id\":\"https:\/\/irprout.it\/#\/schema\/logo\/image\/\"}}]}<\/script>\n<!-- \/ Yoast SEO plugin. -->","yoast_head_json":{"title":"Adattiamoci non Adagiamoci - Istituto di Ricerca Prout","robots":{"index":"index","follow":"follow","max-snippet":"max-snippet:-1","max-image-preview":"max-image-preview:large","max-video-preview":"max-video-preview:-1"},"canonical":"https:\/\/irprout.it\/?page_id=4439","og_locale":"it_IT","og_type":"article","og_title":"Adattiamoci non Adagiamoci - Istituto di Ricerca Prout","og_description":"[vc_row][vc_column width=&#8221;2\/3&#8243;][vc_empty_space][\/vc_column][vc_column width=&#8221;1\/3&#8243;][\/vc_column][\/vc_row][vc_row][vc_column][vc_custom_heading text=&#8221;Adattiamoci, non Adagiamoci&#8221; font_container=&#8221;tag:h1|font_size:40|text_align:left|color:%238e2420&#8243; google_fonts=&#8221;font_family:Anton%3Aregular|font_style:400%20regular%3A400%3Anormal&#8221;][\/vc_column][\/vc_row][vc_row][vc_column width=&#8221;1\/2&#8243;][vc_column_text]Azioni per far fronte ai cambiamenti climatici[\/vc_column_text][\/vc_column][vc_column width=&#8221;1\/2&#8243;][vc_column_text css=&#8221;.vc_custom_1606322510443{margin-top: 5px !important;}&#8221;] Con il contributo della Fondazione Cariparma [\/vc_column_text][\/vc_column][\/vc_row][vc_row][vc_column][vc_separator color=&#8221;green&#8221; style=&#8221;shadow&#8221; border_width=&#8221;3&#8243; css=&#8221;.vc_custom_1606322530060{margin-top: -15px !important;}&#8221;][\/vc_column][\/vc_row][vc_row full_width=&#8221;stretch_row&#8221; css=&#8221;.vc_custom_1606322715071{background-color: #f4c838 !important;}&#8221;][vc_column][vc_custom_heading text=&#8221;Progetto pilota per conservazione ambiente, biodiversit\u00e0 ed acqua&#8221; font_container=&#8221;tag:h1|text_align:center|color:%23286617&#8243; google_fonts=&#8221;font_family:Alegreya%3Aregular%2Citalic%2C700%2C700italic%2C900%2C900italic|font_style:700%20bold%20regular%3A700%3Anormal&#8221;][\/vc_column][\/vc_row][vc_row][vc_column][vc_empty_space height=&#8221;20&#8243;][\/vc_column][\/vc_row][vc_row][vc_column width=&#8221;1\/2&#8243;][vc_column_text]Premessa: per la &hellip; Continua a leggere","og_url":"https:\/\/irprout.it\/?page_id=4439","og_site_name":"Istituto di Ricerca Prout","article_modified_time":"2020-12-03T18:07:58+00:00","og_image":[{"width":381,"height":275,"url":"https:\/\/irprout.it\/wp-content\/uploads\/2020\/02\/Scuola_progetto.jpg","type":"image\/jpeg"}],"twitter_misc":{"Tempo di lettura stimato":"7 minuti"},"schema":{"@context":"https:\/\/schema.org","@graph":[{"@type":"WebPage","@id":"https:\/\/irprout.it\/?page_id=4439","url":"https:\/\/irprout.it\/?page_id=4439","name":"Adattiamoci non Adagiamoci - Istituto di Ricerca Prout","isPartOf":{"@id":"https:\/\/irprout.it\/#website"},"primaryImageOfPage":{"@id":"https:\/\/irprout.it\/?page_id=4439#primaryimage"},"image":{"@id":"https:\/\/irprout.it\/?page_id=4439#primaryimage"},"thumbnailUrl":"https:\/\/irprout.it\/wp-content\/uploads\/2020\/02\/Scuola_progetto.jpg","datePublished":"2020-01-03T19:57:16+00:00","dateModified":"2020-12-03T18:07:58+00:00","breadcrumb":{"@id":"https:\/\/irprout.it\/?page_id=4439#breadcrumb"},"inLanguage":"it-IT","potentialAction":[{"@type":"ReadAction","target":["https:\/\/irprout.it\/?page_id=4439"]}]},{"@type":"ImageObject","inLanguage":"it-IT","@id":"https:\/\/irprout.it\/?page_id=4439#primaryimage","url":"https:\/\/irprout.it\/wp-content\/uploads\/2020\/02\/Scuola_progetto.jpg","contentUrl":"https:\/\/irprout.it\/wp-content\/uploads\/2020\/02\/Scuola_progetto.jpg","width":381,"height":275},{"@type":"BreadcrumbList","@id":"https:\/\/irprout.it\/?page_id=4439#breadcrumb","itemListElement":[{"@type":"ListItem","position":1,"name":"Home","item":"https:\/\/irprout.it\/"},{"@type":"ListItem","position":2,"name":"Adattiamoci non Adagiamoci"}]},{"@type":"WebSite","@id":"https:\/\/irprout.it\/#website","url":"https:\/\/irprout.it\/","name":"Istituto di Ricerca Prout","description":"Istituto di Ricerca Prout","publisher":{"@id":"https:\/\/irprout.it\/#organization"},"potentialAction":[{"@type":"SearchAction","target":{"@type":"EntryPoint","urlTemplate":"https:\/\/irprout.it\/?s={search_term_string}"},"query-input":{"@type":"PropertyValueSpecification","valueRequired":true,"valueName":"search_term_string"}}],"inLanguage":"it-IT"},{"@type":"Organization","@id":"https:\/\/irprout.it\/#organization","name":"Istituto di Ricerca Prout","url":"https:\/\/irprout.it\/","logo":{"@type":"ImageObject","inLanguage":"it-IT","@id":"https:\/\/irprout.it\/#\/schema\/logo\/image\/","url":"http:\/\/irprout.it\/wp-content\/uploads\/2014\/10\/logo_IRP_albero300Cor.jpg","contentUrl":"http:\/\/irprout.it\/wp-content\/uploads\/2014\/10\/logo_IRP_albero300Cor.jpg","width":303,"height":304,"caption":"Istituto di Ricerca Prout"},"image":{"@id":"https:\/\/irprout.it\/#\/schema\/logo\/image\/"}}]}},"_links":{"self":[{"href":"https:\/\/irprout.it\/index.php?rest_route=\/wp\/v2\/pages\/4439","targetHints":{"allow":["GET"]}}],"collection":[{"href":"https:\/\/irprout.it\/index.php?rest_route=\/wp\/v2\/pages"}],"about":[{"href":"https:\/\/irprout.it\/index.php?rest_route=\/wp\/v2\/types\/page"}],"author":[{"embeddable":true,"href":"https:\/\/irprout.it\/index.php?rest_route=\/wp\/v2\/users\/5"}],"replies":[{"embeddable":true,"href":"https:\/\/irprout.it\/index.php?rest_route=%2Fwp%2Fv2%2Fcomments&post=4439"}],"version-history":[{"count":19,"href":"https:\/\/irprout.it\/index.php?rest_route=\/wp\/v2\/pages\/4439\/revisions"}],"predecessor-version":[{"id":5907,"href":"https:\/\/irprout.it\/index.php?rest_route=\/wp\/v2\/pages\/4439\/revisions\/5907"}],"wp:featuredmedia":[{"embeddable":true,"href":"https:\/\/irprout.it\/index.php?rest_route=\/wp\/v2\/media\/5027"}],"wp:attachment":[{"href":"https:\/\/irprout.it\/index.php?rest_route=%2Fwp%2Fv2%2Fmedia&parent=4439"}],"curies":[{"name":"wp","href":"https:\/\/api.w.org\/{rel}","templated":true}]}}