{"id":5799,"date":"2020-09-22T11:33:06","date_gmt":"2020-09-22T10:33:06","guid":{"rendered":"http:\/\/irprout.it\/?page_id=5799"},"modified":"2020-09-22T11:33:06","modified_gmt":"2020-09-22T10:33:06","slug":"trattamento-dati-personali","status":"publish","type":"page","link":"https:\/\/irprout.it\/?page_id=5799","title":{"rendered":"Trattamento Dati Personali"},"content":{"rendered":"<div class=\"wpb-content-wrapper\"><p>[vc_row][vc_column][vc_empty_space][\/vc_column][\/vc_row][vc_row][vc_column][vc_custom_heading text=&#8221;TRATTAMENTO DATI PERSONALI&#8221; font_container=&#8221;tag:h1|text_align:left|color:%23686868&#8243; google_fonts=&#8221;font_family:Alegreya%3Aregular%2Citalic%2C700%2C700italic%2C900%2C900italic|font_style:400%20regular%3A400%3Anormal&#8221;][\/vc_column][\/vc_row][vc_row][vc_column][vc_separator color=&#8221;blue&#8221; border_width=&#8221;3&#8243;][\/vc_column][\/vc_row][vc_row][vc_column][vc_column_text]<strong>DI SEGUITO INFORMATIVA SULLA PRIVACY<\/strong><\/p>\n<p><strong>(da restituire debitamente compilata e firmata insieme a modulo di iscrizione)<\/strong><\/p>\n<p>La presente per informarLa che i suoi dati saranno trattati nel pieno rispetto della normativa sulla privacy (Regolamento UE 2016\/679 del Parlamento Europeo e del Consiglio del 27 aprile 2016) relativamente alla protezione delle persone fisiche con riguardo al trattamento dei dati personali.<\/p>\n<p>L&#8217;<strong>Istituto di Ricerca PROUT-APS<\/strong> nella persona del Presidente e del Segretario Tesoriere, \u00e8 il titolare del trattamento dei suoi dati personali.<\/p>\n<p>&nbsp;<\/p>\n<p><strong>1) FINALIT\u00c0 DI TRATTAMENTO<\/strong><\/p>\n<p>I suoi dati saranno raccolti e trattati per le seguenti finalit\u00e0:<\/p>\n<ol>\n<li>adempimento degli obblighi fiscali o contabili;<\/li>\n<li>gestione dell\u2019iscrizione annuale alla ASSOCIAZIONE, partecipazione al Congresso e alle attivit\u00e0 previste;<\/li>\n<li>conservazione dati all\u2019interno del database della societ\u00e0;<\/li>\n<li>per attivit\u00e0 di comunicazione promozione istituzionale dell&#8217;ISTITUTO DI RICERCA PROUT<\/li>\n<li>per comunicazione dei suoi dati a terzi (associazioni scientifiche nostre affiliate e di prodotti \/ servizi di aziende del settore nostri sponsor) per attivit\u00e0 istituzionali.<\/li>\n<\/ol>\n<p><strong>&nbsp;<\/strong><\/p>\n<p><strong>2) CONFERIMENTO DI DATI<\/strong><\/p>\n<p>Per adempiere ad obblighi previsti da leggi, regolamenti e dalla normativa comunitaria, ovvero da disposizioni impartite da Autorit\u00e0 legittimate dalla legge e da organi di vigilanza e controllo, nonch\u00e9 per l\u2019espletamento degli obblighi contabili-fiscali e organizzativi delle iniziate promosse dalla societ\u00e0 non \u00e8 necessario l\u2019acquisizione del consenso; il mancato conferimento dei dati da parte Vostra comporter\u00e0 l\u2019impossibilit\u00e0 di instaurare o proseguire il rapporto, nei limiti in cui tali dati sono necessari all\u2019esecuzione dello stesso.<\/p>\n<p>Il conferimento dell\u2019indirizzo mail per l\u2019iscrizione al servizio di newsletter \u00e8 invece facoltativo ed in caso di diniego non ci saranno conseguenze di alcun tipo; in assenza di tali specifici consensi non sar\u00e0 possibile ricevere le nostre comunicazioni inviate tramite il servizio di newsletter per le finalit\u00e0 esplicitate ai punti 1-e) e 1-f).<\/p>\n<p><strong>&nbsp;<\/strong><\/p>\n<p><strong>3) MODALIT\u00c0 DI TRATTAMENTO E COMUNICAZIONE DEI DATI<\/strong><\/p>\n<p>I dati conferiti saranno trattati dai responsabili e incaricati del trattamento, debitamente nominati, per il corretto adempimento delle finalit\u00e0 sopraindicate mediante strumenti elettronici e archivi cartacei, nonch\u00e9 con l\u2019impiego di misure di sicurezza atte a garantirne la riservatezza e ad evitare indebiti accessi a soggetti non autorizzati.<\/p>\n<p>Il trattamento dei suoi dati sar\u00e0 improntato ai principi di liceit\u00e0, correttezza e trasparenza e potr\u00e0 essere effettuato anche attraverso modalit\u00e0 automatizzate atte a memorizzarli, gestirli e trasmetterli in modo esatto ed avverr\u00e0 mediante misure tecniche e organizzative adeguate a garantirne la sicurezza e la protezione da trattamenti non autorizzati o illeciti, dalla perdita, dalla distruzione o dal danno accidentale. I dati personali acquisiti saranno utilizzati dai responsabili nominati e dalle persone fisiche autorizzate e adeguatamente formate.<\/p>\n<p>Comunicheremo i suoi dati solo ai soggetti dei quali ci avvaliamo per lo svolgimento di attivit\u00e0 necessarie per il raggiungimento delle finalit\u00e0 indicate e descritte nel precedente punto 1, tra cui ad esempio:<\/p>\n<p>\u2013 societ\u00e0 esterne che offrono servizi inerenti alla verifica della compliance normativa (es. antiriciclaggio);<\/p>\n<p>\u2013 societ\u00e0 terze che prestano i servizi di logistica;<\/p>\n<p>\u2013 societ\u00e0 che svolgono in nostro favore le attivit\u00e0 di coordinamento tecnico, assistenza e manutenzione dei sistemi informatici;<\/p>\n<p>\u2013 in generale, societ\u00e0 terze che prestano assistenza in merito a questioni relative all\u2019associazione.<\/p>\n<p>I soggetti sopra menzionati possono essere da noi appositamente nominati responsabili del trattamento, l\u2019elenco degli stessi pu\u00f2 essere richiesto al Titolare tramite mail o posta ordinaria.<\/p>\n<p>Potremo altres\u00ec comunicare i suoi dati ai soggetti cui la comunicazione sia dovuta in forza di obblighi di legge e agli istituti di credito con cui operiamo ai fini dell\u2019associazione. Tali soggetti svolgono le rispettive attivit\u00e0 di trattamento in qualit\u00e0 di autonomi titolari.<\/p>\n<p><strong>&nbsp;<\/strong><\/p>\n<p><strong>4) ESERCIZIO DEI DIRITTI E TITOLARE DEL TRATTAMENTO DATI<\/strong><\/p>\n<p>In adempimento alla normativa vigente, in qualunque momento potete richiedere:<\/p>\n<ul>\n<li>La conferma dell\u2019esistenza o meno dei vostri dati personali;<\/li>\n<li>Conoscere il contenuto e l\u2019origine, le finalit\u00e0 e le modalit\u00e0 di trattamento;<\/li>\n<li>La logica applicata in caso di trattamento effettuato con l\u2019ausilio di strumenti elettronici;<\/li>\n<li>Gli estremi identificativi del titolare, dei responsabili e dei soggetti o delle categorie di soggetti ai quali i vostri dati personali possono essere comunicati.<\/li>\n<\/ul>\n<p>Inoltre, \u00e8 vostro diritto ottenere:<\/p>\n<ul>\n<li>L\u2019accesso, la copia, la rettificazione, l\u2019integrazione, la portabilit\u00e0 dei dati;<\/li>\n<li>La cancellazione (diritto all\u2019oblio), la trasformazione in forma anonima o il blocco dei vostri dati trattati in violazione di legge;<\/li>\n<li>L\u2019opposizione in ogni caso, per motivi legittimi, al trattamento dei dati pertinente allo scopo della raccolta.<\/li>\n<\/ul>\n<p>&nbsp;<\/p>\n<p><strong>5) PERIODO CONSERVAZIONE DATI<\/strong><\/p>\n<p>I suoi dati personali verranno conservati per il lasso di tempo strettamente necessario al perseguimento delle specifiche finalit\u00e0 del trattamento per le quali lei ha manifestato il suo consenso (nello specifico per le finalit\u00e0 indicate al Punto 1), per il tempo necessario all\u2019adempimento delle obbligazioni contrattuali e, in ogni modo, non oltre 10 anni dal momento della raccolta per adempimenti di obblighi normativi.<\/p>\n<p>Comunque, non oltre i termini fissati dalla legge per la prescrizione dei diritti.[\/vc_column_text][\/vc_column][\/vc_row]<\/p>\n<\/div>","protected":false},"excerpt":{"rendered":"<p>[vc_row][vc_column][vc_empty_space][\/vc_column][\/vc_row][vc_row][vc_column][vc_custom_heading text=&#8221;TRATTAMENTO DATI PERSONALI&#8221; font_container=&#8221;tag:h1|text_align:left|color:%23686868&#8243; google_fonts=&#8221;font_family:Alegreya%3Aregular%2Citalic%2C700%2C700italic%2C900%2C900italic|font_style:400%20regular%3A400%3Anormal&#8221;][\/vc_column][\/vc_row][vc_row][vc_column][vc_separator color=&#8221;blue&#8221; border_width=&#8221;3&#8243;][\/vc_column][\/vc_row][vc_row][vc_column][vc_column_text]DI SEGUITO INFORMATIVA SULLA PRIVACY (da restituire debitamente compilata e firmata insieme a modulo di iscrizione) La presente per informarLa che i suoi dati saranno trattati nel pieno rispetto della normativa sulla privacy (Regolamento UE 2016\/679 del Parlamento Europeo e del Consiglio del <span class=\"excerpt-dots\">&hellip;<\/span> <a class=\"more-link\" href=\"https:\/\/irprout.it\/?page_id=5799\"><span class=\"more-msg\">Continua a leggere<\/span><\/a><\/p>\n","protected":false},"author":3,"featured_media":0,"parent":0,"menu_order":0,"comment_status":"closed","ping_status":"closed","template":"","meta":{"ngg_post_thumbnail":0,"footnotes":""},"class_list":["post-5799","page","type-page","status-publish","hentry"],"yoast_head":"<!-- This site is optimized with the Yoast SEO plugin v26.6 - https:\/\/yoast.com\/wordpress\/plugins\/seo\/ -->\n<title>Trattamento Dati Personali - Istituto di Ricerca Prout<\/title>\n<meta name=\"robots\" content=\"index, follow, max-snippet:-1, max-image-preview:large, max-video-preview:-1\" \/>\n<link rel=\"canonical\" href=\"https:\/\/irprout.it\/?page_id=5799\" \/>\n<meta property=\"og:locale\" content=\"it_IT\" \/>\n<meta property=\"og:type\" content=\"article\" \/>\n<meta property=\"og:title\" content=\"Trattamento Dati Personali - Istituto di Ricerca Prout\" \/>\n<meta property=\"og:description\" content=\"[vc_row][vc_column][vc_empty_space][\/vc_column][\/vc_row][vc_row][vc_column][vc_custom_heading text=&#8221;TRATTAMENTO DATI PERSONALI&#8221; font_container=&#8221;tag:h1|text_align:left|color:%23686868&#8243; google_fonts=&#8221;font_family:Alegreya%3Aregular%2Citalic%2C700%2C700italic%2C900%2C900italic|font_style:400%20regular%3A400%3Anormal&#8221;][\/vc_column][\/vc_row][vc_row][vc_column][vc_separator color=&#8221;blue&#8221; border_width=&#8221;3&#8243;][\/vc_column][\/vc_row][vc_row][vc_column][vc_column_text]DI SEGUITO INFORMATIVA SULLA PRIVACY (da restituire debitamente compilata e firmata insieme a modulo di iscrizione) La presente per informarLa che i suoi dati saranno trattati nel pieno rispetto della normativa sulla privacy (Regolamento UE 2016\/679 del Parlamento Europeo e del Consiglio del &hellip; Continua a leggere\" \/>\n<meta property=\"og:url\" content=\"https:\/\/irprout.it\/?page_id=5799\" \/>\n<meta property=\"og:site_name\" content=\"Istituto di Ricerca Prout\" \/>\n<meta name=\"twitter:label1\" content=\"Tempo di lettura stimato\" \/>\n\t<meta name=\"twitter:data1\" content=\"4 minuti\" \/>\n<script type=\"application\/ld+json\" class=\"yoast-schema-graph\">{\"@context\":\"https:\/\/schema.org\",\"@graph\":[{\"@type\":\"WebPage\",\"@id\":\"https:\/\/irprout.it\/?page_id=5799\",\"url\":\"https:\/\/irprout.it\/?page_id=5799\",\"name\":\"Trattamento Dati Personali - Istituto di Ricerca Prout\",\"isPartOf\":{\"@id\":\"https:\/\/irprout.it\/#website\"},\"datePublished\":\"2020-09-22T10:33:06+00:00\",\"breadcrumb\":{\"@id\":\"https:\/\/irprout.it\/?page_id=5799#breadcrumb\"},\"inLanguage\":\"it-IT\",\"potentialAction\":[{\"@type\":\"ReadAction\",\"target\":[\"https:\/\/irprout.it\/?page_id=5799\"]}]},{\"@type\":\"BreadcrumbList\",\"@id\":\"https:\/\/irprout.it\/?page_id=5799#breadcrumb\",\"itemListElement\":[{\"@type\":\"ListItem\",\"position\":1,\"name\":\"Home\",\"item\":\"https:\/\/irprout.it\/\"},{\"@type\":\"ListItem\",\"position\":2,\"name\":\"Trattamento Dati Personali\"}]},{\"@type\":\"WebSite\",\"@id\":\"https:\/\/irprout.it\/#website\",\"url\":\"https:\/\/irprout.it\/\",\"name\":\"Istituto di Ricerca Prout\",\"description\":\"Istituto di Ricerca Prout\",\"publisher\":{\"@id\":\"https:\/\/irprout.it\/#organization\"},\"potentialAction\":[{\"@type\":\"SearchAction\",\"target\":{\"@type\":\"EntryPoint\",\"urlTemplate\":\"https:\/\/irprout.it\/?s={search_term_string}\"},\"query-input\":{\"@type\":\"PropertyValueSpecification\",\"valueRequired\":true,\"valueName\":\"search_term_string\"}}],\"inLanguage\":\"it-IT\"},{\"@type\":\"Organization\",\"@id\":\"https:\/\/irprout.it\/#organization\",\"name\":\"Istituto di Ricerca Prout\",\"url\":\"https:\/\/irprout.it\/\",\"logo\":{\"@type\":\"ImageObject\",\"inLanguage\":\"it-IT\",\"@id\":\"https:\/\/irprout.it\/#\/schema\/logo\/image\/\",\"url\":\"http:\/\/irprout.it\/wp-content\/uploads\/2014\/10\/logo_IRP_albero300Cor.jpg\",\"contentUrl\":\"http:\/\/irprout.it\/wp-content\/uploads\/2014\/10\/logo_IRP_albero300Cor.jpg\",\"width\":303,\"height\":304,\"caption\":\"Istituto di Ricerca Prout\"},\"image\":{\"@id\":\"https:\/\/irprout.it\/#\/schema\/logo\/image\/\"}}]}<\/script>\n<!-- \/ Yoast SEO plugin. -->","yoast_head_json":{"title":"Trattamento Dati Personali - Istituto di Ricerca Prout","robots":{"index":"index","follow":"follow","max-snippet":"max-snippet:-1","max-image-preview":"max-image-preview:large","max-video-preview":"max-video-preview:-1"},"canonical":"https:\/\/irprout.it\/?page_id=5799","og_locale":"it_IT","og_type":"article","og_title":"Trattamento Dati Personali - Istituto di Ricerca Prout","og_description":"[vc_row][vc_column][vc_empty_space][\/vc_column][\/vc_row][vc_row][vc_column][vc_custom_heading text=&#8221;TRATTAMENTO DATI PERSONALI&#8221; font_container=&#8221;tag:h1|text_align:left|color:%23686868&#8243; google_fonts=&#8221;font_family:Alegreya%3Aregular%2Citalic%2C700%2C700italic%2C900%2C900italic|font_style:400%20regular%3A400%3Anormal&#8221;][\/vc_column][\/vc_row][vc_row][vc_column][vc_separator color=&#8221;blue&#8221; border_width=&#8221;3&#8243;][\/vc_column][\/vc_row][vc_row][vc_column][vc_column_text]DI SEGUITO INFORMATIVA SULLA PRIVACY (da restituire debitamente compilata e firmata insieme a modulo di iscrizione) La presente per informarLa che i suoi dati saranno trattati nel pieno rispetto della normativa sulla privacy (Regolamento UE 2016\/679 del Parlamento Europeo e del Consiglio del &hellip; Continua a leggere","og_url":"https:\/\/irprout.it\/?page_id=5799","og_site_name":"Istituto di Ricerca Prout","twitter_misc":{"Tempo di lettura stimato":"4 minuti"},"schema":{"@context":"https:\/\/schema.org","@graph":[{"@type":"WebPage","@id":"https:\/\/irprout.it\/?page_id=5799","url":"https:\/\/irprout.it\/?page_id=5799","name":"Trattamento Dati Personali - Istituto di Ricerca Prout","isPartOf":{"@id":"https:\/\/irprout.it\/#website"},"datePublished":"2020-09-22T10:33:06+00:00","breadcrumb":{"@id":"https:\/\/irprout.it\/?page_id=5799#breadcrumb"},"inLanguage":"it-IT","potentialAction":[{"@type":"ReadAction","target":["https:\/\/irprout.it\/?page_id=5799"]}]},{"@type":"BreadcrumbList","@id":"https:\/\/irprout.it\/?page_id=5799#breadcrumb","itemListElement":[{"@type":"ListItem","position":1,"name":"Home","item":"https:\/\/irprout.it\/"},{"@type":"ListItem","position":2,"name":"Trattamento Dati Personali"}]},{"@type":"WebSite","@id":"https:\/\/irprout.it\/#website","url":"https:\/\/irprout.it\/","name":"Istituto di Ricerca Prout","description":"Istituto di Ricerca Prout","publisher":{"@id":"https:\/\/irprout.it\/#organization"},"potentialAction":[{"@type":"SearchAction","target":{"@type":"EntryPoint","urlTemplate":"https:\/\/irprout.it\/?s={search_term_string}"},"query-input":{"@type":"PropertyValueSpecification","valueRequired":true,"valueName":"search_term_string"}}],"inLanguage":"it-IT"},{"@type":"Organization","@id":"https:\/\/irprout.it\/#organization","name":"Istituto di Ricerca Prout","url":"https:\/\/irprout.it\/","logo":{"@type":"ImageObject","inLanguage":"it-IT","@id":"https:\/\/irprout.it\/#\/schema\/logo\/image\/","url":"http:\/\/irprout.it\/wp-content\/uploads\/2014\/10\/logo_IRP_albero300Cor.jpg","contentUrl":"http:\/\/irprout.it\/wp-content\/uploads\/2014\/10\/logo_IRP_albero300Cor.jpg","width":303,"height":304,"caption":"Istituto di Ricerca Prout"},"image":{"@id":"https:\/\/irprout.it\/#\/schema\/logo\/image\/"}}]}},"_links":{"self":[{"href":"https:\/\/irprout.it\/index.php?rest_route=\/wp\/v2\/pages\/5799","targetHints":{"allow":["GET"]}}],"collection":[{"href":"https:\/\/irprout.it\/index.php?rest_route=\/wp\/v2\/pages"}],"about":[{"href":"https:\/\/irprout.it\/index.php?rest_route=\/wp\/v2\/types\/page"}],"author":[{"embeddable":true,"href":"https:\/\/irprout.it\/index.php?rest_route=\/wp\/v2\/users\/3"}],"replies":[{"embeddable":true,"href":"https:\/\/irprout.it\/index.php?rest_route=%2Fwp%2Fv2%2Fcomments&post=5799"}],"version-history":[{"count":1,"href":"https:\/\/irprout.it\/index.php?rest_route=\/wp\/v2\/pages\/5799\/revisions"}],"predecessor-version":[{"id":5800,"href":"https:\/\/irprout.it\/index.php?rest_route=\/wp\/v2\/pages\/5799\/revisions\/5800"}],"wp:attachment":[{"href":"https:\/\/irprout.it\/index.php?rest_route=%2Fwp%2Fv2%2Fmedia&parent=5799"}],"curies":[{"name":"wp","href":"https:\/\/api.w.org\/{rel}","templated":true}]}}