{"id":593,"date":"2014-10-18T17:20:15","date_gmt":"2014-10-18T17:20:15","guid":{"rendered":"http:\/\/irprout.it\/?page_id=593"},"modified":"2015-03-07T19:26:11","modified_gmt":"2015-03-07T18:26:11","slug":"zone-socio-economiche-autosufficienti","status":"publish","type":"page","link":"https:\/\/irprout.it\/?page_id=593","title":{"rendered":"ZONE SOCIO-ECONOMICHE AUTOSUFFICIENTI"},"content":{"rendered":"<p><span style=\"color: #333333; font-size: 16pt; background-color: #99cc00;\"><span style=\"font-family: tahoma, arial, helvetica, sans-serif;\">Il mancato sviluppo di ogni singola area del nostro paese e di ogni altro territorio globale, ha indotto P.R. Sarkar a istituire le <strong>ZONE SOCIO-ECONOMICHE AUTOSUFFICIENTI<\/strong>, divisioni socio-territoriali, non generate su basi politiche, amministrative, ma su caratteristiche\u00a0socio-economiche.<\/span><\/span><\/p>\n<p><span style=\"font-size: 12pt; background-color: #dbdbdb;\"><strong> Una critica recente in merito al conflitto tra Sunniti, Shiiti, Curdi in Iraq,<\/strong> ha\u00a0messo in evidenza che la tracciatura dei confini territoriali, fatta con il righello, dividendo popolazioni con profondi legami sociali-culturali, etnici e sentimentali o sulla base di interessi politici, non ha fatto giustizia alle medesime popolazioni e non ha portato allo sviluppo economico necessario per il dovuto sostentamento delle stesse.<\/span><\/p>\n<p><span style=\"font-size: 12pt; background-color: #dbdbdb;\"><strong>Come risultato abbiamo avuto l&#8217;acuirsi di conflitti sociali, etnici, religiosi.<\/strong><\/span><\/p>\n<p><span style=\"font-size: 12pt; background-color: #dbdbdb;\">Ci si chiede:<span style=\"color: #000000; background-color: #99cc00;\">\u00a0<strong>qual&#8217;\u00e8 perci\u00f2 il criterio di suddivisione territoriale o sociale delle popolazioni locali<\/strong>,<\/span> per favorire lo sviluppo?. Le attuali divisioni nazionali rispondono alle necessit\u00e0 di sviluppo socio-economico delle popolazioni o devono essere riviste? Sarkar \u00e8 di questa idea.<\/span><\/p>\n<p><span style=\"font-size: 12pt; background-color: #dbdbdb;\"><strong>Anche in Italia abbiamo un potenziale conflitto tra popolazioni di origine diversa in Tirolo, tra la popolazione di origine germanica e italiana<\/strong>, tenute insieme da diversi fattori tra i quali l&#8217;indipendenza amministrativa e sovvenzioni economiche. Tali problematiche sussistono tra la popolazione isolana siciliana e gli italiani continentali, tra i sardi isolani e gli italiani continentali.<\/span><\/p>\n<p><span style=\"font-size: 12pt; background-color: #dbdbdb;\">La convivenza tra i popoli \u00e8 segno\u00a0di profonda\u00a0saggezza umana, ma in casi particolari possono\u00a0esplodere profondi motivi di rivalit\u00e0.<\/span><\/p>\n<p><span style=\"font-size: 12pt; background-color: #dbdbdb;\"><strong>La Jugoslavia si \u00e8 disintegrata nelle popolazioni e territori che la componevano<\/strong>, Slovenia, Croazia, Bosnia &amp; Erzegovina, Serbia, Macedonia e Montenegro, che il Generale Josip Broz Tito\u00a0dall&#8217;alto della sua autorit\u00e0, aveva mantenute unite. Il sentimento popolare \u00e8 molto forte.<\/span><\/p>\n<hr \/>\n<p><span style=\"color: #3366ff;\"><strong><a href=\"https:\/\/irprout.it\/wp-content\/uploads\/2014\/09\/sarkar2.png\"><img decoding=\"async\" class=\"alignleft  wp-image-555 lazyload\" data-src=\"https:\/\/irprout.it\/wp-content\/uploads\/2014\/09\/sarkar2.png\" alt=\"sarkar2\" width=\"121\" height=\"146\" src=\"data:image\/svg+xml;base64,PHN2ZyB3aWR0aD0iMSIgaGVpZ2h0PSIxIiB4bWxucz0iaHR0cDovL3d3dy53My5vcmcvMjAwMC9zdmciPjwvc3ZnPg==\" style=\"--smush-placeholder-width: 121px; --smush-placeholder-aspect-ratio: 121\/146;\" \/><\/a><span style=\"color: #ffffff; font-size: 28pt; font-family: arial, helvetica, sans-serif; background-color: #ff6600;\">zone socio-economiche o Unit\u00e0 autosufficienti in tutto il mondo<\/span><\/strong><\/span><\/p>\n<p>P.R. Sarkar ha elaborato una strategia innovativa ed efficace, <strong>non una divisione politica, ma socio-economica, che potrebbe ovviare alla eccessiva frammentazione degli stati a causa di visioni indipendentiste<\/strong>. Scrive P.R. Sarkar:<\/p>\n<p>&#8220;<strong>Secondo il PROUT dovrebbero essere istituite zone socio-economiche o\u00a0unit\u00e0 autosufficient<\/strong>i in tutto il mondo. Queste unit\u00e0 devono essere create\u00a0sulla base dei seguenti fattori:<\/p>\n<ul>\n<li><span style=\"color: #000000; font-size: 14pt; background-color: #99cc00;\">medesimi\u00a0problemi economici,<\/span><\/li>\n<li><span style=\"color: #000000; font-size: 14pt; background-color: #99cc00;\">potenzialit\u00e0 economiche uniformi,<\/span><\/li>\n<li><span style=\"color: #000000; font-size: 14pt; background-color: #99cc00;\">somiglianza etnica,<\/span><\/li>\n<li><span style=\"color: #000000; font-size: 14pt; background-color: #99cc00;\">medesima eredit\u00e0\u00a0culturale e sentimentale,<\/span><\/li>\n<li><span style=\"color: #000000; font-size: 14pt; background-color: #99cc00;\">caratteristiche geografiche simili.<\/span><\/li>\n<\/ul>\n<p>Sulla base di questi fattori, <strong>tutta l&#8217;India e il mondo intero possono essere riorganizzati in unit\u00e0 socio-economiche<\/strong> &#8230;&#8230;. &#8221;\u00a0<em>Giugno del 1979, Kolkata, (Pianificazione socio-economica, PROUT in a Nut Shell, parte-15)<\/em><\/p>\n<hr \/>\n<div id=\"attachment_1232\" style=\"width: 310px\" class=\"wp-caption alignleft\"><a href=\"https:\/\/irprout.it\/wp-content\/uploads\/2014\/10\/USE-india.gif\"><img decoding=\"async\" aria-describedby=\"caption-attachment-1232\" class=\"size-medium wp-image-1232 lazyload\" data-src=\"https:\/\/irprout.it\/wp-content\/uploads\/2014\/10\/USE-india-300x224.gif\" alt=\"Esempio di Aree Socio-Economiche Autosufficienti in India\" width=\"300\" height=\"224\" data-srcset=\"https:\/\/irprout.it\/wp-content\/uploads\/2014\/10\/USE-india-300x224.gif 300w, https:\/\/irprout.it\/wp-content\/uploads\/2014\/10\/USE-india-401x300.gif 401w\" data-sizes=\"(max-width: 300px) 100vw, 300px\" src=\"data:image\/svg+xml;base64,PHN2ZyB3aWR0aD0iMSIgaGVpZ2h0PSIxIiB4bWxucz0iaHR0cDovL3d3dy53My5vcmcvMjAwMC9zdmciPjwvc3ZnPg==\" style=\"--smush-placeholder-width: 300px; --smush-placeholder-aspect-ratio: 300\/224;\" \/><\/a><p id=\"caption-attachment-1232\" class=\"wp-caption-text\">Esempio di Aree Socio-Economiche Autosufficienti in India<\/p><\/div>\n<p><span style=\"color: #000000; font-size: 14pt; font-family: arial, helvetica, sans-serif; background-color: #99cc00;\">&#8220;<strong>Il sistema PROUT di grouppificazione socio-economica \u00e8 un approccio globale ai problemi socio-economici che incombono sulla societ\u00e0.<\/strong><\/span> Se le persone adottano un approccio di questo tipo, la societ\u00e0 si muover\u00e0 lungo la via del progresso con aumentata velocit\u00e0, superando tutte le difficolt\u00e0\u00a0e gli ostacoli. La societ\u00e0 umana potr\u00e0 godere di un futuro luminoso e glorioso &#8230; &#8220;.\u00a0<em>Ottobre 1979, Calcutta (capitolo- Gruppificazione socio-economica, PNS, Part- 13)<\/em><\/p>\n<hr \/>\n<p><span style=\"color: #000000; font-size: 14pt; font-family: arial, helvetica, sans-serif; background-color: #99cc00;\">&#8220;<strong>Le Unit\u00e0 socio-economicche daranno espressione ai sentimenti popolari<\/strong> <\/span>e lotteranno contro ogni forma di sfruttamento per soddisfare le esigenze e le aspirazioni delle popolazioni locali. Dovranno essere lanciati in tutto il mondo questi movimenti, per realizzare\u00a0unit\u00e0 socio-economiche autosufficienti basate sulla massima, &#8220;Conosci l&#8217;area, prepara il piano e servi la popolazione&#8221;. Per popolazione locale si intende: tutti coloro\u00a0che hanno unito i propri\u00a0singoli interessi socio-economici con gli interessi socio-economici del gruppo socio-economico in cui vivono &#8230;. &#8220;.\u00a0<em>Ottobre 1979, Calcutta (capitolo &#8211; Gruppificazione socio-economica, PNS, Part- 13)\u00a0<\/em><\/p>\n<hr \/>\n<p><span style=\"color: #000000; font-size: 14pt; font-family: arial, helvetica, sans-serif; background-color: #99cc00;\">&#8220;<strong>Per superare questa tirannia e sfruttamento, i movimenti dovranno essere lanciati per tutte le persone soppresse in modo tale che possano andare\u00a0avanti con coraggio, lottare contro ogni forma di sfruttamento e raggiungere l&#8217;indipendenza economica.<\/strong><\/span> Nessuno pu\u00f2 negare la necessit\u00e0 di un tale approccio, di tali movimenti, in quanto esso\u00a0\u00e8 veramente umanistico. Se un tale approccio non fosse adottato, si tratterebbe di qualcosa di innaturale e anti-umano. Infatti, opporsi a tali movimenti equivarrebbe\u00a0a lavorare come agenti che tutelano gli interessi delle forze di sfruttamento e reazionarie &#8230;. &#8220;. <em>31 dic 1984 (capitolo &#8211; Sviluppo socio-economico, PNS parte 13)<\/em><\/p>\n<hr \/>\n<p>&#8220;PROUT sostiene la formazione di unit\u00e0 socio-economiche autosufficienti in tutto il mondo. <strong>Esse lavoreranno per migliorare il benessere a 360 gradi della popolazione nei rispettivi settori e unire l&#8217;umanit\u00e0 su una base ideologica comune.<\/strong> Gli interessi di tutta la popolazione locale saranno garantiti ed essa otterr\u00e0 il giusto riconoscimento &#8230;. &#8220;. <em>Ottobre 1979 Calcutta (capitolo &#8211; Gruppificazione socio-economica, PNS, Part- 13)<\/em><\/p>\n<hr \/>\n<p>&#8220;<strong>Le Unit\u00e0 socio-economiche sono destinate a guadagnare grande popolarit\u00e0 in tutto il mondo entro un breve periodo di tempo<\/strong> &#8230;.&#8221;.<em> Ottobre 1979 Calcutta (capitolo &#8211; Gruppificazione socio-economica, PNS, Part- 13)<\/em><\/p>\n<hr \/>\n<p><span style=\"color: #ffffff; font-size: 16pt; font-family: arial, helvetica, sans-serif; background-color: #ff6600;\"><strong>\u00a0Queste unit\u00e0 socio-economiche (o samaj) possiedono le seguenti caratteristiche:\u00a0<\/strong><\/span><\/p>\n<ol>\n<li><span style=\"color: #000000; font-size: 12pt; background-color: #99cc00;\"><strong>Ogni samaj \u00e8 libera di formulare la propria pianificazione<\/strong><\/span> mirante allo sviluppo dell\u2019economia popolare, di seguito dell\u2019economia commerciale e infine della psico-economia (vedi Economia Quadrodimensionale).<\/li>\n<li><span style=\"color: #000000; font-size: 12pt; background-color: #99cc00;\"><strong>Ogni samaj deve puntare all\u2019autosufficienza<\/strong><\/span>, per lo meno per ci\u00f2 che riguarda le minime necessit\u00e0 dell\u2019esistenza. Il commercio dovrebbe essere l\u2019ultima spiaggia. Autosufficienza significa che ogni Samaj dovr\u00e0 sviluppare il proprio sistema di irrigazione, centrali elettriche, macchinari industriali, agricoltura ecc. Gran parte di questi progetti saranno su piccola scala e richiederanno minori capitali e bassi investimenti, dei progetti faraonici intentati dalle agenzie internazionali e da molti governi locali. Anche se il commercio sar\u00e0 l\u2019ultima risorsa, certamente sar\u00e0 presente, non pu\u00f2 essere eliminato d\u2019un tratto nemmeno ad inizio pianificazione. Fino a quando \u00e8 possibile le materie prime non dovrebbero essere esportate, ma utilizzate in aziende locali per produrre lavoro e prodotti finiti da esportare.<\/li>\n<li><span style=\"color: #000000; font-size: 12pt; background-color: #99cc00;\"><strong>In ogni samaj l\u2019occupazione della popolazione locale dovrebbe avere la priorit\u00e0 sulla popolazione lavoratrice non-locale.<\/strong><\/span> Il principio dell\u2019autosufficienza gi\u00e0 citato, \u00e8 molto importante per giungere alla piena occupazione. E\u2019 vero, con l\u2019autosufficienza i consumatori non avranno a disposizione i beni ai prezzi pi\u00f9 bassi e nemmeno la migliore qualit\u00e0, ma una cosa \u00e8 certa, avranno occupazione, produrranno e consumeranno localmente. Nel Terzo Mondo, dove la disoccupazione tocca picchi altissimi, la priorit\u00e0 \u00e8 l\u2019occupazione locale e dei salari in grado di provvedere alle necessit\u00e0 basilari.<\/li>\n<li><span style=\"font-size: 12pt; background-color: #99cc00;\"><span style=\"color: #000000;\"><strong>Per giungere alla massima occupazione, si dovrebbero creare agro- e agrico-industrie<\/strong>[1]<\/span> <strong>ad alta intensit\u00e0 di manodopera, che utilizzano le risorse locali<\/strong>.<\/span> Si pu\u00f2 ottenere la moderna tecnologia da altri paesi, ma non le materie prime. Per quanto possibile le materie prime dovrebbero essere prodotte localmente e, al seguito, le relative industrie utilizzatrici. Le industrie saranno cooperative o private. Le agrico-industrie sono quelle che producono macchinari ed altro, per l\u2019agricoltura, necessari per il periodo pre-raccolto, mentre le agro-industrie producono macchinari e servizi per la fase post-raccolto. L\u2019industria dei fertilizzanti \u00e8 una agrico-industria, mentre l\u2019industria dei filati \u00e8 una agro-industria.<\/li>\n<li><span style=\"color: #000000; font-size: 12pt; background-color: #99cc00;\"><strong>In ogni samaj la pianificazione<\/strong>, che mira alla autosufficienza e alla massima occupazione dei lavoratori locali, <strong>deve comunque prendere in considerazione cinque fattori essenziali<\/strong>: la produttivit\u00e0, costi di produzione, potere di acquisto, bisogni collettivi e sviluppo bilanciato.<\/span><\/li>\n<\/ol>\n<p><em>[1] Agrico-industria: industria che produce macchinari per le lavorazioni agricole pre-raccolto. Agro-industria: industria che produce macchinari per le lavorazioni agricole post-raccolto o trasforma i prodotti agricoli.<\/em><\/p>\n<p>Da: &#8220;<em>PROUT, una soluzione alla povert\u00e0 e alle disuguaglianze<\/em>&#8221; Ravi Batra, Ed. IRP 2014<\/p>\n<p><span style=\"font-size: 12pt; color: #000000; background-color: #dbdbdb;\"><strong>\u00a0Ulteriori approfondimenti\u00a0<\/strong><\/span><\/p>\n<ul>\n<li><span style=\"color: #000000; font-size: 12pt; background-color: #99cc00;\"><a style=\"color: #000000; background-color: #99cc00;\" href=\"http:\/\/www.prout.it\/rubrica\/rubr0018.htm\">Zone Socio-Economiche<\/a>\u00a0&#8211; sito prout.it<\/span><\/li>\n<li><span style=\"color: #000000; font-size: 12pt; background-color: #99cc00;\">Elenco delle suddivisioni socio-economiche\u00a0globali<\/span><\/li>\n<li><span style=\"color: #000000; font-size: 12pt; background-color: #99cc00;\">Mappa delle Unit\u00e0 Autosufficienti\u00a0dell&#8217;India<\/span><\/li>\n<\/ul>\n","protected":false},"excerpt":{"rendered":"<p>Il mancato sviluppo di ogni singola area del nostro paese e di ogni altro territorio globale, ha indotto P.R. Sarkar a istituire le ZONE SOCIO-ECONOMICHE AUTOSUFFICIENTI, divisioni socio-territoriali, non generate su basi politiche, amministrative, ma su caratteristiche\u00a0socio-economiche. Una critica recente in merito al conflitto tra Sunniti, Shiiti, Curdi in Iraq, <span class=\"excerpt-dots\">&hellip;<\/span> <a class=\"more-link\" href=\"https:\/\/irprout.it\/?page_id=593\"><span class=\"more-msg\">Continua a leggere<\/span><\/a><\/p>\n","protected":false},"author":3,"featured_media":0,"parent":41,"menu_order":0,"comment_status":"closed","ping_status":"closed","template":"","meta":{"ngg_post_thumbnail":0,"footnotes":""},"class_list":["post-593","page","type-page","status-publish","hentry"],"yoast_head":"<!-- This site is optimized with the Yoast SEO plugin v26.6 - https:\/\/yoast.com\/wordpress\/plugins\/seo\/ -->\n<title>ZONE SOCIO-ECONOMICHE AUTOSUFFICIENTI - Istituto di Ricerca Prout<\/title>\n<meta name=\"robots\" content=\"index, follow, max-snippet:-1, max-image-preview:large, max-video-preview:-1\" \/>\n<link rel=\"canonical\" href=\"https:\/\/irprout.it\/?page_id=593\" \/>\n<meta property=\"og:locale\" content=\"it_IT\" \/>\n<meta property=\"og:type\" content=\"article\" \/>\n<meta property=\"og:title\" content=\"ZONE SOCIO-ECONOMICHE AUTOSUFFICIENTI - Istituto di Ricerca Prout\" \/>\n<meta property=\"og:description\" content=\"Il mancato sviluppo di ogni singola area del nostro paese e di ogni altro territorio globale, ha indotto P.R. Sarkar a istituire le ZONE SOCIO-ECONOMICHE AUTOSUFFICIENTI, divisioni socio-territoriali, non generate su basi politiche, amministrative, ma su caratteristiche\u00a0socio-economiche. Una critica recente in merito al conflitto tra Sunniti, Shiiti, Curdi in Iraq, &hellip; Continua a leggere\" \/>\n<meta property=\"og:url\" content=\"https:\/\/irprout.it\/?page_id=593\" \/>\n<meta property=\"og:site_name\" content=\"Istituto di Ricerca Prout\" \/>\n<meta property=\"article:modified_time\" content=\"2015-03-07T18:26:11+00:00\" \/>\n<meta property=\"og:image\" content=\"http:\/\/irprout.it\/wp-content\/uploads\/2014\/09\/sarkar2.png\" \/>\n<meta name=\"twitter:label1\" content=\"Tempo di lettura stimato\" \/>\n\t<meta name=\"twitter:data1\" content=\"6 minuti\" \/>\n<script type=\"application\/ld+json\" class=\"yoast-schema-graph\">{\"@context\":\"https:\/\/schema.org\",\"@graph\":[{\"@type\":\"WebPage\",\"@id\":\"https:\/\/irprout.it\/?page_id=593\",\"url\":\"https:\/\/irprout.it\/?page_id=593\",\"name\":\"ZONE SOCIO-ECONOMICHE AUTOSUFFICIENTI - Istituto di Ricerca Prout\",\"isPartOf\":{\"@id\":\"https:\/\/irprout.it\/#website\"},\"primaryImageOfPage\":{\"@id\":\"https:\/\/irprout.it\/?page_id=593#primaryimage\"},\"image\":{\"@id\":\"https:\/\/irprout.it\/?page_id=593#primaryimage\"},\"thumbnailUrl\":\"http:\/\/irprout.it\/wp-content\/uploads\/2014\/09\/sarkar2.png\",\"datePublished\":\"2014-10-18T17:20:15+00:00\",\"dateModified\":\"2015-03-07T18:26:11+00:00\",\"breadcrumb\":{\"@id\":\"https:\/\/irprout.it\/?page_id=593#breadcrumb\"},\"inLanguage\":\"it-IT\",\"potentialAction\":[{\"@type\":\"ReadAction\",\"target\":[\"https:\/\/irprout.it\/?page_id=593\"]}]},{\"@type\":\"ImageObject\",\"inLanguage\":\"it-IT\",\"@id\":\"https:\/\/irprout.it\/?page_id=593#primaryimage\",\"url\":\"https:\/\/irprout.it\/wp-content\/uploads\/2014\/09\/sarkar2.png\",\"contentUrl\":\"https:\/\/irprout.it\/wp-content\/uploads\/2014\/09\/sarkar2.png\",\"width\":150,\"height\":183},{\"@type\":\"BreadcrumbList\",\"@id\":\"https:\/\/irprout.it\/?page_id=593#breadcrumb\",\"itemListElement\":[{\"@type\":\"ListItem\",\"position\":1,\"name\":\"Home\",\"item\":\"https:\/\/irprout.it\/\"},{\"@type\":\"ListItem\",\"position\":2,\"name\":\"TEMI\",\"item\":\"https:\/\/irprout.it\/?page_id=119\"},{\"@type\":\"ListItem\",\"position\":3,\"name\":\"PROUT: SISTEMA ECONOMICO INTEGRATO\",\"item\":\"https:\/\/irprout.it\/?page_id=41\"},{\"@type\":\"ListItem\",\"position\":4,\"name\":\"ZONE SOCIO-ECONOMICHE AUTOSUFFICIENTI\"}]},{\"@type\":\"WebSite\",\"@id\":\"https:\/\/irprout.it\/#website\",\"url\":\"https:\/\/irprout.it\/\",\"name\":\"Istituto di Ricerca Prout\",\"description\":\"Istituto di Ricerca Prout\",\"publisher\":{\"@id\":\"https:\/\/irprout.it\/#organization\"},\"potentialAction\":[{\"@type\":\"SearchAction\",\"target\":{\"@type\":\"EntryPoint\",\"urlTemplate\":\"https:\/\/irprout.it\/?s={search_term_string}\"},\"query-input\":{\"@type\":\"PropertyValueSpecification\",\"valueRequired\":true,\"valueName\":\"search_term_string\"}}],\"inLanguage\":\"it-IT\"},{\"@type\":\"Organization\",\"@id\":\"https:\/\/irprout.it\/#organization\",\"name\":\"Istituto di Ricerca Prout\",\"url\":\"https:\/\/irprout.it\/\",\"logo\":{\"@type\":\"ImageObject\",\"inLanguage\":\"it-IT\",\"@id\":\"https:\/\/irprout.it\/#\/schema\/logo\/image\/\",\"url\":\"http:\/\/irprout.it\/wp-content\/uploads\/2014\/10\/logo_IRP_albero300Cor.jpg\",\"contentUrl\":\"http:\/\/irprout.it\/wp-content\/uploads\/2014\/10\/logo_IRP_albero300Cor.jpg\",\"width\":303,\"height\":304,\"caption\":\"Istituto di Ricerca Prout\"},\"image\":{\"@id\":\"https:\/\/irprout.it\/#\/schema\/logo\/image\/\"}}]}<\/script>\n<!-- \/ Yoast SEO plugin. -->","yoast_head_json":{"title":"ZONE SOCIO-ECONOMICHE AUTOSUFFICIENTI - Istituto di Ricerca Prout","robots":{"index":"index","follow":"follow","max-snippet":"max-snippet:-1","max-image-preview":"max-image-preview:large","max-video-preview":"max-video-preview:-1"},"canonical":"https:\/\/irprout.it\/?page_id=593","og_locale":"it_IT","og_type":"article","og_title":"ZONE SOCIO-ECONOMICHE AUTOSUFFICIENTI - Istituto di Ricerca Prout","og_description":"Il mancato sviluppo di ogni singola area del nostro paese e di ogni altro territorio globale, ha indotto P.R. Sarkar a istituire le ZONE SOCIO-ECONOMICHE AUTOSUFFICIENTI, divisioni socio-territoriali, non generate su basi politiche, amministrative, ma su caratteristiche\u00a0socio-economiche. Una critica recente in merito al conflitto tra Sunniti, Shiiti, Curdi in Iraq, &hellip; Continua a leggere","og_url":"https:\/\/irprout.it\/?page_id=593","og_site_name":"Istituto di Ricerca Prout","article_modified_time":"2015-03-07T18:26:11+00:00","og_image":[{"url":"http:\/\/irprout.it\/wp-content\/uploads\/2014\/09\/sarkar2.png","type":"","width":"","height":""}],"twitter_misc":{"Tempo di lettura stimato":"6 minuti"},"schema":{"@context":"https:\/\/schema.org","@graph":[{"@type":"WebPage","@id":"https:\/\/irprout.it\/?page_id=593","url":"https:\/\/irprout.it\/?page_id=593","name":"ZONE SOCIO-ECONOMICHE AUTOSUFFICIENTI - Istituto di Ricerca Prout","isPartOf":{"@id":"https:\/\/irprout.it\/#website"},"primaryImageOfPage":{"@id":"https:\/\/irprout.it\/?page_id=593#primaryimage"},"image":{"@id":"https:\/\/irprout.it\/?page_id=593#primaryimage"},"thumbnailUrl":"http:\/\/irprout.it\/wp-content\/uploads\/2014\/09\/sarkar2.png","datePublished":"2014-10-18T17:20:15+00:00","dateModified":"2015-03-07T18:26:11+00:00","breadcrumb":{"@id":"https:\/\/irprout.it\/?page_id=593#breadcrumb"},"inLanguage":"it-IT","potentialAction":[{"@type":"ReadAction","target":["https:\/\/irprout.it\/?page_id=593"]}]},{"@type":"ImageObject","inLanguage":"it-IT","@id":"https:\/\/irprout.it\/?page_id=593#primaryimage","url":"https:\/\/irprout.it\/wp-content\/uploads\/2014\/09\/sarkar2.png","contentUrl":"https:\/\/irprout.it\/wp-content\/uploads\/2014\/09\/sarkar2.png","width":150,"height":183},{"@type":"BreadcrumbList","@id":"https:\/\/irprout.it\/?page_id=593#breadcrumb","itemListElement":[{"@type":"ListItem","position":1,"name":"Home","item":"https:\/\/irprout.it\/"},{"@type":"ListItem","position":2,"name":"TEMI","item":"https:\/\/irprout.it\/?page_id=119"},{"@type":"ListItem","position":3,"name":"PROUT: SISTEMA ECONOMICO INTEGRATO","item":"https:\/\/irprout.it\/?page_id=41"},{"@type":"ListItem","position":4,"name":"ZONE SOCIO-ECONOMICHE AUTOSUFFICIENTI"}]},{"@type":"WebSite","@id":"https:\/\/irprout.it\/#website","url":"https:\/\/irprout.it\/","name":"Istituto di Ricerca Prout","description":"Istituto di Ricerca Prout","publisher":{"@id":"https:\/\/irprout.it\/#organization"},"potentialAction":[{"@type":"SearchAction","target":{"@type":"EntryPoint","urlTemplate":"https:\/\/irprout.it\/?s={search_term_string}"},"query-input":{"@type":"PropertyValueSpecification","valueRequired":true,"valueName":"search_term_string"}}],"inLanguage":"it-IT"},{"@type":"Organization","@id":"https:\/\/irprout.it\/#organization","name":"Istituto di Ricerca Prout","url":"https:\/\/irprout.it\/","logo":{"@type":"ImageObject","inLanguage":"it-IT","@id":"https:\/\/irprout.it\/#\/schema\/logo\/image\/","url":"http:\/\/irprout.it\/wp-content\/uploads\/2014\/10\/logo_IRP_albero300Cor.jpg","contentUrl":"http:\/\/irprout.it\/wp-content\/uploads\/2014\/10\/logo_IRP_albero300Cor.jpg","width":303,"height":304,"caption":"Istituto di Ricerca Prout"},"image":{"@id":"https:\/\/irprout.it\/#\/schema\/logo\/image\/"}}]}},"_links":{"self":[{"href":"https:\/\/irprout.it\/index.php?rest_route=\/wp\/v2\/pages\/593","targetHints":{"allow":["GET"]}}],"collection":[{"href":"https:\/\/irprout.it\/index.php?rest_route=\/wp\/v2\/pages"}],"about":[{"href":"https:\/\/irprout.it\/index.php?rest_route=\/wp\/v2\/types\/page"}],"author":[{"embeddable":true,"href":"https:\/\/irprout.it\/index.php?rest_route=\/wp\/v2\/users\/3"}],"replies":[{"embeddable":true,"href":"https:\/\/irprout.it\/index.php?rest_route=%2Fwp%2Fv2%2Fcomments&post=593"}],"version-history":[{"count":39,"href":"https:\/\/irprout.it\/index.php?rest_route=\/wp\/v2\/pages\/593\/revisions"}],"predecessor-version":[{"id":748,"href":"https:\/\/irprout.it\/index.php?rest_route=\/wp\/v2\/pages\/593\/revisions\/748"}],"up":[{"embeddable":true,"href":"https:\/\/irprout.it\/index.php?rest_route=\/wp\/v2\/pages\/41"}],"wp:attachment":[{"href":"https:\/\/irprout.it\/index.php?rest_route=%2Fwp%2Fv2%2Fmedia&parent=593"}],"curies":[{"name":"wp","href":"https:\/\/api.w.org\/{rel}","templated":true}]}}