{"id":621,"date":"2014-10-18T17:39:42","date_gmt":"2014-10-18T17:39:42","guid":{"rendered":"http:\/\/irprout.it\/?page_id=621"},"modified":"2015-03-07T19:56:50","modified_gmt":"2015-03-07T18:56:50","slug":"economia-quadrodimensionale","status":"publish","type":"page","link":"https:\/\/irprout.it\/?page_id=621","title":{"rendered":"ECONOMIA QUADRODIMENSIONALE"},"content":{"rendered":"<p style=\"text-align: left;\"><strong><span style=\"color: #ffffff; font-size: 28pt; font-family: arial, helvetica, sans-serif; background-color: #ff6600;\">\u00a0le quattro branche<br \/>\ndi un&#8217;economia avanzata\u00a0<\/span><\/strong><\/p>\n<p style=\"text-align: left;\"><span style=\"font-size: 16pt; font-family: tahoma, arial, helvetica, sans-serif; color: #000000; background-color: #99cc00;\"><strong>P.R. Sarkar<\/strong> ridefinisce l&#8217;ambito della scienza economica rinominando la Macro-economia in <strong>Economia Generale<\/strong> e la Micro-economia in <strong>Economia Commerciale<\/strong>.\u00a0Aggiunge due nuovi ambiti di indagine economica: l&#8217;<strong>Economia Popolare<\/strong>, direttamente responsabile della Garanzia delle necessit\u00e0 Basilari alla popolazione e la <strong>Psico-Economica<\/strong> per prevenire lo sfruttamento dei lavoratori\/trici nell&#8217;ambito delle attivit\u00e0 lavorative e sviluppare appieno le potenzialit\u00e0 psichiche per lo sviluppo economico.<\/span><\/p>\n<p><strong>Un&#8217;economia sviluppata dovrebbe consistere di quattro settori: economia popolare, psico-economia, economia commerciale ed economia generale. Questa quadri-dimensione dell&#8217;economia \u00e8 una vasta espansione delle concezioni delle attivit\u00e0 economiche contemporanee ed ultra-contemporanee.<\/strong><\/p>\n<p>&nbsp;<\/p>\n<p><img decoding=\"async\" class=\"aligncenter size-full wp-image-1399 lazyload\" data-src=\"https:\/\/irprout.it\/wp-content\/uploads\/2014\/10\/Quadro_dim.jpg\" alt=\"Quadro_dim\" width=\"546\" height=\"348\" data-srcset=\"https:\/\/irprout.it\/wp-content\/uploads\/2014\/10\/Quadro_dim.jpg 546w, https:\/\/irprout.it\/wp-content\/uploads\/2014\/10\/Quadro_dim-300x191.jpg 300w, https:\/\/irprout.it\/wp-content\/uploads\/2014\/10\/Quadro_dim-470x300.jpg 470w\" data-sizes=\"(max-width: 546px) 100vw, 546px\" src=\"data:image\/svg+xml;base64,PHN2ZyB3aWR0aD0iMSIgaGVpZ2h0PSIxIiB4bWxucz0iaHR0cDovL3d3dy53My5vcmcvMjAwMC9zdmciPjwvc3ZnPg==\" style=\"--smush-placeholder-width: 546px; --smush-placeholder-aspect-ratio: 546\/348;\" \/><\/p>\n<p>Gran parte degli economisti di oggi comprende solo una minima parte dei principi dell&#8217;economia generale e qualcosa dell&#8217;economia commerciale, ma entrambe queste parti sono ancora in uno stadio non sviluppato. L&#8217;economia popolare e la psico-economia sono totalmente trascurate, dai moderni esperti di economia, da non aver trovato ancora posto nell&#8217;attuale modo di pensare in campo economico.<\/p>\n<p><span style=\"color: #ffffff; font-size: 16pt; font-family: arial, helvetica, sans-serif; background-color: #ff6600;\"><strong>\u00a0Economia popolare<\/strong>\u00a0<\/span><\/p>\n<p><a href=\"https:\/\/irprout.it\/wp-content\/uploads\/2014\/10\/popolazione1.jpg\"><img decoding=\"async\" class=\"wp-image-1357 alignleft lazyload\" data-src=\"https:\/\/irprout.it\/wp-content\/uploads\/2014\/10\/popolazione1.jpg\" alt=\"popolazione1\" width=\"204\" height=\"186\" src=\"data:image\/svg+xml;base64,PHN2ZyB3aWR0aD0iMSIgaGVpZ2h0PSIxIiB4bWxucz0iaHR0cDovL3d3dy53My5vcmcvMjAwMC9zdmciPjwvc3ZnPg==\" style=\"--smush-placeholder-width: 204px; --smush-placeholder-aspect-ratio: 204\/186;\" \/><\/a><span style=\"color: #000000; font-size: 14pt; font-family: arial, helvetica, sans-serif; background-color: #99cc00;\">L&#8217;economia popolare si occupa dei bisogni essenziali della popolazione in generale &#8211; <em>produzione, distribuzione, commercializzazione, spedizione, immagazzinaggio, determinazione dei prezzi, vendita, spese di trasporto, valutazione simulata dei costi di produzione e tutte le attivit\u00e0 correlate a questi bisogni essenziali<\/em>.<br \/>\n<\/span>Ancora pi\u00f9 importante, si occupa di garantire la reperibilit\u00e0 dei fabbisogni essenziali come alimentazione, vestiario, abitazione, cure mediche, istruzione, trasporto, energia e acqua per l&#8217;irrigazione.<strong> Il continuo miglioramento e la pronta disponibilit\u00e0 di queste necessit\u00e0 \u00e8 il fattore chiave dell&#8217;economia popolare.<\/strong><\/p>\n<p><strong>\u00a0 Il fabbisogno minimo pu\u00f2 essere assicurato attraverso un potere d&#8217;acquisto garantito, che dovrebbe essere inserito nella costituzione come diritto umano fondamentale o cardinale.<\/strong> Questo dar\u00e0 ai cittadini di ogni paese una forza legale, nel caso in cui le loro esigenze minime non siano soddisfatte; per questo la necessit\u00e0 di un adeguato potere d&#8217;acquisto sar\u00e0 garantita dalla legge costituzionale. Dato che l&#8217;economia popolare si occupa delle necessit\u00e0 primarie e dei problemi di sussistenza della gente stessa, deve avere la precedenza sulle altre parti dell&#8217;economia.<\/p>\n<p><strong>\u00a0 L&#8217;economia popolare dovrebbe occuparsi anche dello sviluppo delle industrie sia a livello privato che cooperativo.<\/strong> Le industrie private andrebbero limitate in dimensione e sfera d&#8217;azione per prevenire la produzione monopolistica, lo sfruttamento e dovranno funzionare come cooperative una volta che si siano sviluppate troppo. Le industrie cooperative sono il mezzo migliore per l\u2019organizzazione indipendente delle persone in modo che prendano collettivamente la responsabilit\u00e0 del proprio sostentamento.<\/p>\n<p><strong> L&#8217;economia popolare include anche l\u2019occupazione per tutti,<\/strong> l&#8217;estirpazione della povert\u00e0 di massa, lo sviluppo dell&#8217;economia rurale, la socializzazione per fasi della terra nelle mani di coloro che lavorano fisicamente od intellettualmente per un&#8217;adeguata produzione, programmi di formazione pratica per apprendere abilit\u00e0 che permettano di trovare impiego nella localit\u00e0 rurale o urbana pi\u00f9 vicina. Ed ancora (l\u2019economia popolare include): collocamento nel lavoro e trasporto, trasbordo, carico e scarico di qualsiasi materiale anche se non economicamente effettuabile in breve tempo. Si interessa anche della produzione di energia a basso costo e dell&#8217;approvvigionamento d&#8217;acqua, essenziali se la popolazione deve controllare la propria economia locale. Infine, include il decentramento economico, la forza trainante cooperativa e la pianificazione a livello di blocco.<\/p>\n<p>Sarkar prende ad esempio il Bengala e propone un programma, basato<a href=\"https:\/\/irprout.it\/wp-content\/uploads\/2014\/10\/popolazione1.jpg\"><br \/>\n<\/a> sulla fornitura delle necessit\u00e0 basilari, per migliorare lo standard economico di questo paese. (Vedi libro &#8216;Economia Proutista&#8217;)<\/p>\n<p>&nbsp;<\/p>\n<p><span style=\"color: #ffffff; font-size: 16pt; font-family: arial, helvetica, sans-serif; background-color: #ff6600;\"><strong>\u00a0Psico-economia\u00a0<\/strong><\/span><\/p>\n<p><a href=\"https:\/\/irprout.it\/wp-content\/uploads\/2014\/10\/psiche.jpg\"><img decoding=\"async\" class=\"alignleft  wp-image-1358 lazyload\" data-src=\"https:\/\/irprout.it\/wp-content\/uploads\/2014\/10\/psiche.jpg\" alt=\"psiche\" width=\"176\" height=\"181\" data-srcset=\"https:\/\/irprout.it\/wp-content\/uploads\/2014\/10\/psiche.jpg 300w, https:\/\/irprout.it\/wp-content\/uploads\/2014\/10\/psiche-290x300.jpg 290w\" data-sizes=\"(max-width: 176px) 100vw, 176px\" src=\"data:image\/svg+xml;base64,PHN2ZyB3aWR0aD0iMSIgaGVpZ2h0PSIxIiB4bWxucz0iaHR0cDovL3d3dy53My5vcmcvMjAwMC9zdmciPjwvc3ZnPg==\" style=\"--smush-placeholder-width: 176px; --smush-placeholder-aspect-ratio: 176\/181;\" \/><\/a><\/p>\n<p><span style=\"color: #000000; font-size: 14pt; font-family: arial, helvetica, sans-serif; background-color: #99cc00;\">Mentre l&#8217;economia popolare si occupa soprattutto di garantire i fabbisogni minimi della vita,<strong> la psico-economia si preoccupa di incrementare il nutrimento psichico della mente individuale e collettiva attraverso un&#8217;appropriata attivit\u00e0 economica<\/strong>.<\/span><br \/>\nL&#8217;economia popolare sar\u00e0 la preoccupazione principale dei paesi sottosviluppati od in via di sviluppo, ma la psico-economia acquister\u00e0 importanza crescente nel futuro, una volta che i problemi di sussistenza saranno gradualmente risolti. La psico-economia sar\u00e0 di maggiore importanza in un&#8217;economia altamente sviluppata e meccanizzata, dove la gente potr\u00e0 lavorare solo poche ore alla settimana ed avere molto tempo libero.<\/p>\n<p><span style=\"color: #ffffff; font-size: 14pt; background-color: #ff6600;\"><strong>\u00a0La psico-economia ha due rami\u00a0<\/strong><\/span><\/p>\n<p style=\"padding-left: 30px;\">\n<span style=\"color: #000000; font-size: 12pt; font-family: arial, helvetica, sans-serif; background-color: #99cc00;\"><strong>Il primo cerca di debellare le pratiche, i comportamenti e le strutture economiche ingiuste e di sfruttamento<\/strong>. <\/span>Si contrapporr\u00e0 ad ogni forma di sfruttamento economico e psico-economico e far\u00e0 s\u00ec che la gente si renda consapevole di come i capitalisti, nei loro ruoli singoli o collettivi, sfruttano la societ\u00e0 e creano esigenze insane ed artificiali, che non soltanto avvelenano la mente, ma incoraggiano pericolose abitudini dannose alla purezza e allo sviluppo psichici. Il primo e preminente dovere dell&#8217;economia psichica \u00e8 quello di intraprendere un&#8217;instancabile lotta contro tutte le tendenze economiche degeneranti e disumanizzanti nella societ\u00e0.<\/p>\n<p style=\"padding-left: 30px;\"><span style=\"color: #000000; font-size: 12pt; font-family: arial, helvetica, sans-serif; background-color: #99cc00;\"><strong>Il secondo ramo della psico-economia sviluppa e migliora il nutrimento psichico delle menti individuali e collettive<\/strong>.<\/span> Questo ramo \u00e8 di fatto sconosciuto oggi, ma diventer\u00e0 un ramo dell&#8217;economia estremamente importante nel futuro. <strong>Assicurer\u00e0 equilibrio e bilanciamento a tutti i livelli dell&#8217;economia. Trover\u00e0 soluzioni nuove e creative ai problemi economici per avere la massima utilizzazione delle potenzialit\u00e0 psichiche e spirituali.<\/strong> La psico-economia dar\u00e0 splendore al fascino luminoso della scienza economica.<\/p>\n<p>&nbsp;<\/p>\n<p><span style=\"color: #ffffff; font-size: 16pt; font-family: arial, helvetica, sans-serif; background-color: #ff6600;\"><strong>\u00a0Economia commerciale\u00a0<\/strong><\/span><\/p>\n<p><span style=\"color: #000000; font-size: 12pt; font-family: arial, helvetica, sans-serif; background-color: #99cc00;\"><strong>Questa parte dell&#8217;economia si occupa dello sviluppo di mezzi di produzione e distribuzione scientifici ed efficienti che non incorreranno in perdite e dove l&#8217;output superi l&#8217;input.<\/strong><\/span><span style=\"font-size: 12pt; font-family: arial, helvetica, sans-serif;\"><br \/>\nL<\/span>o scopo dell&#8217;economia commerciale \u00e8 quello di assicurare la massima utilizzazione e la distribuzione razionale delle risorse\u00a0a beneficio comune.<\/p>\n<p>&nbsp;<\/p>\n<p><span style=\"color: #ffffff; font-size: 16pt; font-family: arial, helvetica, sans-serif; background-color: #ff6600;\"><strong>Economia Generale<\/strong><\/span><\/p>\n<p>O <strong>Macroeconomia.<\/strong> Sebbene si sia verificato un certo sviluppo nell&#8217;economia commerciale e in quella generale vi \u00e8 la possibilit\u00e0 di uno sviluppo ancora maggiore.<\/p>\n<p><strong>PROUT \u00e8 a favore di una struttura industriale a tre poli, che includa le industrie chiave gestite dall\u2019amministrazione locale, le cooperative e le imprese di propriet\u00e0 privata<\/strong>. Le industrie chiave funzioneranno col principio di &#8220;n\u00e9 profitto, n\u00e9 perdita&#8221;. L&#8217;economia generale include l&#8217;organizzazione della struttura industriale ed il coordinamento della programmazione economica a tutti i livelli, per assicurare il benessere collettivo.<\/p>\n<p><span style=\"color: #000000; font-size: 14pt; background-color: #99cc00;\"> Queste quattro parti dell&#8217;economia dovrebbero essere integrate e adattate in base ai principi Neoumanistici, per assicurare la massima utilizzazione, la distribuzione razionale di tutte le risorse e per armonizzare il progresso umano con tutta la creazione.<\/span><\/p>\n<p>P.R. Sarkar<br \/>\nCalcutta, 5 giugno 1986.<\/p>\n","protected":false},"excerpt":{"rendered":"<p>\u00a0le quattro branche di un&#8217;economia avanzata\u00a0 P.R. Sarkar ridefinisce l&#8217;ambito della scienza economica rinominando la Macro-economia in Economia Generale e la Micro-economia in Economia Commerciale.\u00a0Aggiunge due nuovi ambiti di indagine economica: l&#8217;Economia Popolare, direttamente responsabile della Garanzia delle necessit\u00e0 Basilari alla popolazione e la Psico-Economica per prevenire lo sfruttamento dei <span class=\"excerpt-dots\">&hellip;<\/span> <a class=\"more-link\" href=\"https:\/\/irprout.it\/?page_id=621\"><span class=\"more-msg\">Continua a leggere<\/span><\/a><\/p>\n","protected":false},"author":3,"featured_media":0,"parent":41,"menu_order":0,"comment_status":"closed","ping_status":"closed","template":"","meta":{"ngg_post_thumbnail":0,"footnotes":""},"class_list":["post-621","page","type-page","status-publish","hentry"],"yoast_head":"<!-- This site is optimized with the Yoast SEO plugin v26.6 - https:\/\/yoast.com\/wordpress\/plugins\/seo\/ -->\n<title>ECONOMIA QUADRODIMENSIONALE - Istituto di Ricerca Prout<\/title>\n<meta name=\"robots\" content=\"index, follow, max-snippet:-1, max-image-preview:large, max-video-preview:-1\" \/>\n<link rel=\"canonical\" href=\"https:\/\/irprout.it\/?page_id=621\" \/>\n<meta property=\"og:locale\" content=\"it_IT\" \/>\n<meta property=\"og:type\" content=\"article\" \/>\n<meta property=\"og:title\" content=\"ECONOMIA QUADRODIMENSIONALE - Istituto di Ricerca Prout\" \/>\n<meta property=\"og:description\" content=\"\u00a0le quattro branche di un&#8217;economia avanzata\u00a0 P.R. Sarkar ridefinisce l&#8217;ambito della scienza economica rinominando la Macro-economia in Economia Generale e la Micro-economia in Economia Commerciale.\u00a0Aggiunge due nuovi ambiti di indagine economica: l&#8217;Economia Popolare, direttamente responsabile della Garanzia delle necessit\u00e0 Basilari alla popolazione e la Psico-Economica per prevenire lo sfruttamento dei &hellip; Continua a leggere\" \/>\n<meta property=\"og:url\" content=\"https:\/\/irprout.it\/?page_id=621\" \/>\n<meta property=\"og:site_name\" content=\"Istituto di Ricerca Prout\" \/>\n<meta property=\"article:modified_time\" content=\"2015-03-07T18:56:50+00:00\" \/>\n<meta property=\"og:image\" content=\"http:\/\/irprout.it\/wp-content\/uploads\/2014\/10\/Quadro_dim.jpg\" \/>\n<meta name=\"twitter:label1\" content=\"Tempo di lettura stimato\" \/>\n\t<meta name=\"twitter:data1\" content=\"5 minuti\" \/>\n<script type=\"application\/ld+json\" class=\"yoast-schema-graph\">{\"@context\":\"https:\/\/schema.org\",\"@graph\":[{\"@type\":\"WebPage\",\"@id\":\"https:\/\/irprout.it\/?page_id=621\",\"url\":\"https:\/\/irprout.it\/?page_id=621\",\"name\":\"ECONOMIA QUADRODIMENSIONALE - Istituto di Ricerca Prout\",\"isPartOf\":{\"@id\":\"https:\/\/irprout.it\/#website\"},\"primaryImageOfPage\":{\"@id\":\"https:\/\/irprout.it\/?page_id=621#primaryimage\"},\"image\":{\"@id\":\"https:\/\/irprout.it\/?page_id=621#primaryimage\"},\"thumbnailUrl\":\"http:\/\/irprout.it\/wp-content\/uploads\/2014\/10\/Quadro_dim.jpg\",\"datePublished\":\"2014-10-18T17:39:42+00:00\",\"dateModified\":\"2015-03-07T18:56:50+00:00\",\"breadcrumb\":{\"@id\":\"https:\/\/irprout.it\/?page_id=621#breadcrumb\"},\"inLanguage\":\"it-IT\",\"potentialAction\":[{\"@type\":\"ReadAction\",\"target\":[\"https:\/\/irprout.it\/?page_id=621\"]}]},{\"@type\":\"ImageObject\",\"inLanguage\":\"it-IT\",\"@id\":\"https:\/\/irprout.it\/?page_id=621#primaryimage\",\"url\":\"https:\/\/irprout.it\/wp-content\/uploads\/2014\/10\/Quadro_dim.jpg\",\"contentUrl\":\"https:\/\/irprout.it\/wp-content\/uploads\/2014\/10\/Quadro_dim.jpg\",\"width\":546,\"height\":348},{\"@type\":\"BreadcrumbList\",\"@id\":\"https:\/\/irprout.it\/?page_id=621#breadcrumb\",\"itemListElement\":[{\"@type\":\"ListItem\",\"position\":1,\"name\":\"Home\",\"item\":\"https:\/\/irprout.it\/\"},{\"@type\":\"ListItem\",\"position\":2,\"name\":\"TEMI\",\"item\":\"https:\/\/irprout.it\/?page_id=119\"},{\"@type\":\"ListItem\",\"position\":3,\"name\":\"PROUT: SISTEMA ECONOMICO INTEGRATO\",\"item\":\"https:\/\/irprout.it\/?page_id=41\"},{\"@type\":\"ListItem\",\"position\":4,\"name\":\"ECONOMIA QUADRODIMENSIONALE\"}]},{\"@type\":\"WebSite\",\"@id\":\"https:\/\/irprout.it\/#website\",\"url\":\"https:\/\/irprout.it\/\",\"name\":\"Istituto di Ricerca Prout\",\"description\":\"Istituto di Ricerca Prout\",\"publisher\":{\"@id\":\"https:\/\/irprout.it\/#organization\"},\"potentialAction\":[{\"@type\":\"SearchAction\",\"target\":{\"@type\":\"EntryPoint\",\"urlTemplate\":\"https:\/\/irprout.it\/?s={search_term_string}\"},\"query-input\":{\"@type\":\"PropertyValueSpecification\",\"valueRequired\":true,\"valueName\":\"search_term_string\"}}],\"inLanguage\":\"it-IT\"},{\"@type\":\"Organization\",\"@id\":\"https:\/\/irprout.it\/#organization\",\"name\":\"Istituto di Ricerca Prout\",\"url\":\"https:\/\/irprout.it\/\",\"logo\":{\"@type\":\"ImageObject\",\"inLanguage\":\"it-IT\",\"@id\":\"https:\/\/irprout.it\/#\/schema\/logo\/image\/\",\"url\":\"http:\/\/irprout.it\/wp-content\/uploads\/2014\/10\/logo_IRP_albero300Cor.jpg\",\"contentUrl\":\"http:\/\/irprout.it\/wp-content\/uploads\/2014\/10\/logo_IRP_albero300Cor.jpg\",\"width\":303,\"height\":304,\"caption\":\"Istituto di Ricerca Prout\"},\"image\":{\"@id\":\"https:\/\/irprout.it\/#\/schema\/logo\/image\/\"}}]}<\/script>\n<!-- \/ Yoast SEO plugin. -->","yoast_head_json":{"title":"ECONOMIA QUADRODIMENSIONALE - Istituto di Ricerca Prout","robots":{"index":"index","follow":"follow","max-snippet":"max-snippet:-1","max-image-preview":"max-image-preview:large","max-video-preview":"max-video-preview:-1"},"canonical":"https:\/\/irprout.it\/?page_id=621","og_locale":"it_IT","og_type":"article","og_title":"ECONOMIA QUADRODIMENSIONALE - Istituto di Ricerca Prout","og_description":"\u00a0le quattro branche di un&#8217;economia avanzata\u00a0 P.R. Sarkar ridefinisce l&#8217;ambito della scienza economica rinominando la Macro-economia in Economia Generale e la Micro-economia in Economia Commerciale.\u00a0Aggiunge due nuovi ambiti di indagine economica: l&#8217;Economia Popolare, direttamente responsabile della Garanzia delle necessit\u00e0 Basilari alla popolazione e la Psico-Economica per prevenire lo sfruttamento dei &hellip; Continua a leggere","og_url":"https:\/\/irprout.it\/?page_id=621","og_site_name":"Istituto di Ricerca Prout","article_modified_time":"2015-03-07T18:56:50+00:00","og_image":[{"url":"http:\/\/irprout.it\/wp-content\/uploads\/2014\/10\/Quadro_dim.jpg","type":"","width":"","height":""}],"twitter_misc":{"Tempo di lettura stimato":"5 minuti"},"schema":{"@context":"https:\/\/schema.org","@graph":[{"@type":"WebPage","@id":"https:\/\/irprout.it\/?page_id=621","url":"https:\/\/irprout.it\/?page_id=621","name":"ECONOMIA QUADRODIMENSIONALE - Istituto di Ricerca Prout","isPartOf":{"@id":"https:\/\/irprout.it\/#website"},"primaryImageOfPage":{"@id":"https:\/\/irprout.it\/?page_id=621#primaryimage"},"image":{"@id":"https:\/\/irprout.it\/?page_id=621#primaryimage"},"thumbnailUrl":"http:\/\/irprout.it\/wp-content\/uploads\/2014\/10\/Quadro_dim.jpg","datePublished":"2014-10-18T17:39:42+00:00","dateModified":"2015-03-07T18:56:50+00:00","breadcrumb":{"@id":"https:\/\/irprout.it\/?page_id=621#breadcrumb"},"inLanguage":"it-IT","potentialAction":[{"@type":"ReadAction","target":["https:\/\/irprout.it\/?page_id=621"]}]},{"@type":"ImageObject","inLanguage":"it-IT","@id":"https:\/\/irprout.it\/?page_id=621#primaryimage","url":"https:\/\/irprout.it\/wp-content\/uploads\/2014\/10\/Quadro_dim.jpg","contentUrl":"https:\/\/irprout.it\/wp-content\/uploads\/2014\/10\/Quadro_dim.jpg","width":546,"height":348},{"@type":"BreadcrumbList","@id":"https:\/\/irprout.it\/?page_id=621#breadcrumb","itemListElement":[{"@type":"ListItem","position":1,"name":"Home","item":"https:\/\/irprout.it\/"},{"@type":"ListItem","position":2,"name":"TEMI","item":"https:\/\/irprout.it\/?page_id=119"},{"@type":"ListItem","position":3,"name":"PROUT: SISTEMA ECONOMICO INTEGRATO","item":"https:\/\/irprout.it\/?page_id=41"},{"@type":"ListItem","position":4,"name":"ECONOMIA QUADRODIMENSIONALE"}]},{"@type":"WebSite","@id":"https:\/\/irprout.it\/#website","url":"https:\/\/irprout.it\/","name":"Istituto di Ricerca Prout","description":"Istituto di Ricerca Prout","publisher":{"@id":"https:\/\/irprout.it\/#organization"},"potentialAction":[{"@type":"SearchAction","target":{"@type":"EntryPoint","urlTemplate":"https:\/\/irprout.it\/?s={search_term_string}"},"query-input":{"@type":"PropertyValueSpecification","valueRequired":true,"valueName":"search_term_string"}}],"inLanguage":"it-IT"},{"@type":"Organization","@id":"https:\/\/irprout.it\/#organization","name":"Istituto di Ricerca Prout","url":"https:\/\/irprout.it\/","logo":{"@type":"ImageObject","inLanguage":"it-IT","@id":"https:\/\/irprout.it\/#\/schema\/logo\/image\/","url":"http:\/\/irprout.it\/wp-content\/uploads\/2014\/10\/logo_IRP_albero300Cor.jpg","contentUrl":"http:\/\/irprout.it\/wp-content\/uploads\/2014\/10\/logo_IRP_albero300Cor.jpg","width":303,"height":304,"caption":"Istituto di Ricerca Prout"},"image":{"@id":"https:\/\/irprout.it\/#\/schema\/logo\/image\/"}}]}},"_links":{"self":[{"href":"https:\/\/irprout.it\/index.php?rest_route=\/wp\/v2\/pages\/621","targetHints":{"allow":["GET"]}}],"collection":[{"href":"https:\/\/irprout.it\/index.php?rest_route=\/wp\/v2\/pages"}],"about":[{"href":"https:\/\/irprout.it\/index.php?rest_route=\/wp\/v2\/types\/page"}],"author":[{"embeddable":true,"href":"https:\/\/irprout.it\/index.php?rest_route=\/wp\/v2\/users\/3"}],"replies":[{"embeddable":true,"href":"https:\/\/irprout.it\/index.php?rest_route=%2Fwp%2Fv2%2Fcomments&post=621"}],"version-history":[{"count":20,"href":"https:\/\/irprout.it\/index.php?rest_route=\/wp\/v2\/pages\/621\/revisions"}],"predecessor-version":[{"id":2902,"href":"https:\/\/irprout.it\/index.php?rest_route=\/wp\/v2\/pages\/621\/revisions\/2902"}],"up":[{"embeddable":true,"href":"https:\/\/irprout.it\/index.php?rest_route=\/wp\/v2\/pages\/41"}],"wp:attachment":[{"href":"https:\/\/irprout.it\/index.php?rest_route=%2Fwp%2Fv2%2Fmedia&parent=621"}],"curies":[{"name":"wp","href":"https:\/\/api.w.org\/{rel}","templated":true}]}}