{"id":623,"date":"2014-10-18T17:40:09","date_gmt":"2014-10-18T17:40:09","guid":{"rendered":"http:\/\/irprout.it\/?page_id=623"},"modified":"2020-04-21T08:59:06","modified_gmt":"2020-04-21T07:59:06","slug":"autosuffcenza-economica","status":"publish","type":"page","link":"https:\/\/irprout.it\/?page_id=623","title":{"rendered":"AUTOSUFFICIENZA ECONOMICA &#8211; MASSIMA OCCUPAZIONE"},"content":{"rendered":"<p><span style=\"color: #ffffff;\"><strong><span style=\"background-color: #ff6600; font-size: 28pt;\">&nbsp;autosufficienza<br \/>\neconomica<br \/>\n<\/span><\/strong><\/span><\/p>\n<p><span style=\"font-family: arial,helvetica,sans-serif; font-size: 14pt; background-color: #99cc00;\"><span style=\"color: #333333;\">Per la <strong>massima occupazione<\/strong>, prevista dal PROUT, \u00e8 necessaria l&#8217;<strong>Autosufficienza Economica<\/strong> dell&#8217;area&nbsp;socio-economica in questione. Non ci sono alternative. La massima occupazione \u00e8 necessaria per garantire a tutti le necessit\u00e0 basilari per vivere. La Globalizzazione Economica espressa nell&#8217;istituzione internazionale del WTO, (coadiuvato da FMI e BM), sin dal suo avvio,&nbsp;ha peggiorato le condizioni socio-economiche di quasi tutti i paesi del mondo, ad eccezione di pochi in via di sviluppo.<\/span><\/span><\/p>\n<p>&nbsp;<\/p>\n<p>L&#8217;<strong>Autosufficienza Economica<\/strong> a detta di alcuni economisti \u00e8 un&#8217;utopia, ma dall&#8217;altro canto \u00e8 vero <img decoding=\"async\" class=\"alignleft wp-image-2120 lazyload\" data-src=\"https:\/\/irprout.it\/wp-content\/uploads\/2014\/10\/autarchia.jpg\" alt=\"autarchia\" width=\"193\" height=\"277\" src=\"data:image\/svg+xml;base64,PHN2ZyB3aWR0aD0iMSIgaGVpZ2h0PSIxIiB4bWxucz0iaHR0cDovL3d3dy53My5vcmcvMjAwMC9zdmciPjwvc3ZnPg==\" style=\"--smush-placeholder-width: 193px; --smush-placeholder-aspect-ratio: 193\/277;\">anche non \u00e8 mai stata provata prima. L&#8217;Autosufficienza del PROUT \u00e8 diversa dall&#8217;<strong>Autarchia<\/strong>, cio\u00e8 &#8220;<a title=\"Autosufficienza\" href=\"http:\/\/it.wikipedia.org\/wiki\/Autosufficienza\">autosufficienza<\/a> giuridica, o di <a title=\"Autogoverno\" href=\"http:\/\/it.wikipedia.org\/wiki\/Autogoverno\">autogoverno<\/a>, e autosufficienza <a title=\"Economia\" href=\"http:\/\/it.wikipedia.org\/wiki\/Economia\">economica<\/a>, chiamata anche &#8220;economia chiusa&#8221;, in cui non sono presenti relazioni <a title=\"Commercio\" href=\"http:\/\/it.wikipedia.org\/wiki\/Commercio\">commerciali<\/a> con l&#8217;estero e l&#8217;<a class=\"mw-redirect\" title=\"Sistema economico\" href=\"http:\/\/it.wikipedia.org\/wiki\/Sistema_economico\">ecosistema economico<\/a> nazionale non \u00e8 influenzato dalle tendenze internazionali<sup id=\"cite_ref-1\" class=\"reference\"><a href=\"http:\/\/it.wikipedia.org\/wiki\/Autarchia#cite_note-1\">[1]<\/a>&#8220;.<\/sup><\/p>\n<p>L&#8217;<strong>Autosufficienza Economica<\/strong>&nbsp;di un paese prevede la massima autosufficienza nella produzione delle Necessit\u00e0 Basilari, mentre per ci\u00f2 che riguarda i beni strumentali, che non si \u00e8 in grado di produrre localmente, possono essere importati.<\/p>\n<p><strong>E&#8217; prevista anche l&#8217;esportazione di prodotti finiti<\/strong> e servizi ma si cerca di evitare l&#8217;importazione di beni che possono essere prodotti localmente e l&#8217;esportazione delle materie prime, che devono essere lavorate in loco per produrre reddito.<\/p>\n<p>Nel PROUT la Zone Socio-Economica <strong>Autosufficiente <span style=\"color: #3366ff;\">non \u00e8 chiusa<\/span><\/strong><span style=\"color: #3366ff;\"><span style=\"color: #000000;\">,<\/span><\/span>&nbsp;se non solo temporaneamente. Quando due o pi\u00f9 Zone Socio-Economiche hanno raggiunto il medesimo livello di sviluppo e similitudini economiche, possono unirsi a formare una ZSE autosufficiente pi\u00f9 ampia. Un giorno, afferma Sarkar, l&#8217;Intero pianeta costituir\u00e0 un&#8217;unica Zona Socio-Economica&#8230;<\/p>\n<ol class=\"references\">\n<li id=\"cite_note-1\"><a href=\"http:\/\/it.wikipedia.org\/wiki\/Autarchia#cite_ref-1\"><b>^<\/b><\/a> <span class=\"reference-text\"><a title=\"Johann Gottlieb Fichte\" href=\"http:\/\/it.wikipedia.org\/wiki\/Johann_Gottlieb_Fichte\">Johann Gottlieb Fichte<\/a>, <i>Lo Stato commerciale chiuso<\/i>, Editori Bocca, Milano, 1909. (Wikipedia)<\/span><\/li>\n<\/ol>\n<p>&nbsp;<\/p>\n<hr>\n<h2><span style=\"background-color: #ff6600; color: #ffffff;\">&nbsp;Critica alla Globalizzazione Economica<br \/>\n<\/span><\/h2>\n<p>Il concetto di Autosufficienza Economica cozza contro i dettami della <strong>Globalizzazione Economica <\/strong>sviluppata in 3 trattati fondamentali dell&#8217;Organizzazione Mondiale del Commercio<strong> (WTO):<\/strong><\/p>\n<ul>\n<li><strong>GATTS<\/strong> &#8211; Accordo Generale Sulle Tariffe e i Servizi<\/li>\n<li><strong>TRIM<\/strong> &#8211; Trattato sulle Misure per gli Investimenti<\/li>\n<li><strong>TRIPS<\/strong> &#8211; Trattato sui Diritti di Propriet\u00e0 Intellettuale (Brevetti)<\/li>\n<\/ul>\n<p><a href=\"https:\/\/irprout.it\/wp-content\/uploads\/2014\/12\/WTO-Globalizzazione-Economica.pdf\" target=\"_blank\" rel=\"noopener noreferrer\"><img decoding=\"async\" class=\"alignleft size-full wp-image-423 lazyload\" data-src=\"https:\/\/irprout.it\/wp-content\/uploads\/2014\/09\/book-MEP.jpg\" alt=\"book-MEP\" width=\"126\" height=\"170\" src=\"data:image\/svg+xml;base64,PHN2ZyB3aWR0aD0iMSIgaGVpZ2h0PSIxIiB4bWxucz0iaHR0cDovL3d3dy53My5vcmcvMjAwMC9zdmciPjwvc3ZnPg==\" style=\"--smush-placeholder-width: 126px; --smush-placeholder-aspect-ratio: 126\/170;\"><\/a>che aprono le frontiere alla libera circolazione delle merci, eliminano qualsiasi regolamentazione del mercato, senza tenere in considerazione i differenti livelli di sviluppo e di retribuzione presenti nei diversi paesi. Ci\u00f2 ha portato allo smembramento del tessuto produttivo in molti di essi, disoccupazione, delocalizzazione etc.<\/p>\n<p>Per un&#8217;esauriente approfondimento sulle criticit\u00e0 della Globalizzazione Economica, dare un&#8217;occhiata all&#8217;estratto del libro:&nbsp;<a href=\"https:\/\/irprout.it\/wp-content\/uploads\/2014\/12\/WTO-Globalizzazione-Economica.pdf\" target=\"_blank\" rel=\"noopener noreferrer\"><strong>Manuale di Economia Proutista,<\/strong><\/a> di<strong>&nbsp;<\/strong>Ac. Krtashivananda Avt. <em>(Click sul libro per scaricare il pdf)<\/em><\/p>\n<p>&nbsp;<\/p>\n<hr>\n<p><strong><span style=\"background-color: #ff6600; color: #ffffff; font-size: 16pt; font-family: arial,helvetica,sans-serif;\">&nbsp;Critica alla&nbsp;Politica del Fondo Monetario Internazionale<br \/>\n<\/span><\/strong><\/p>\n<p><strong>Il FMI, il WTO e la Banca Mondiale lavorano in tandem.<\/strong> Per ottenere fondi dalla BM, \u00e8 necessario osservare le 160 regole imposte dal WTO, alcune delle delineate&nbsp;sulle diapositive qui sotto, e per aderire al WTO \u00e8 necessario passare dal FMI.<\/p>\n<p>In queste due diapositive vogliamo mostrare le conseguenze sociali e i costi politici delle politiche del FMI, lasciando ad una discussione pi\u00f9 ampia agli&nbsp;opuscoli specialistici. (Click sulle immagini per ingrandire).<\/p>\n<p><a href=\"https:\/\/irprout.it\/wp-content\/uploads\/2014\/10\/SAP1.gif\"><img decoding=\"async\" class=\"alignleft wp-image-2128 lazyload\" data-src=\"https:\/\/irprout.it\/wp-content\/uploads\/2014\/10\/SAP1-300x225.gif\" alt=\"SAP1\" width=\"310\" height=\"232\" data-srcset=\"https:\/\/irprout.it\/wp-content\/uploads\/2014\/10\/SAP1-300x225.gif 300w, https:\/\/irprout.it\/wp-content\/uploads\/2014\/10\/SAP1-401x300.gif 401w\" data-sizes=\"(max-width: 310px) 100vw, 310px\" src=\"data:image\/svg+xml;base64,PHN2ZyB3aWR0aD0iMSIgaGVpZ2h0PSIxIiB4bWxucz0iaHR0cDovL3d3dy53My5vcmcvMjAwMC9zdmciPjwvc3ZnPg==\" style=\"--smush-placeholder-width: 310px; --smush-placeholder-aspect-ratio: 310\/232;\" \/><\/a><\/p>\n<p><a href=\"https:\/\/irprout.it\/wp-content\/uploads\/2014\/10\/SAP2.gif\"><img decoding=\"async\" class=\"alignleft wp-image-2127 lazyload\" data-src=\"https:\/\/irprout.it\/wp-content\/uploads\/2014\/10\/SAP2-300x222.gif\" alt=\"SAP2\" width=\"310\" height=\"229\" data-srcset=\"https:\/\/irprout.it\/wp-content\/uploads\/2014\/10\/SAP2-300x222.gif 300w, https:\/\/irprout.it\/wp-content\/uploads\/2014\/10\/SAP2-406x300.gif 406w\" data-sizes=\"(max-width: 310px) 100vw, 310px\" src=\"data:image\/svg+xml;base64,PHN2ZyB3aWR0aD0iMSIgaGVpZ2h0PSIxIiB4bWxucz0iaHR0cDovL3d3dy53My5vcmcvMjAwMC9zdmciPjwvc3ZnPg==\" style=\"--smush-placeholder-width: 310px; --smush-placeholder-aspect-ratio: 310\/229;\" \/><\/a><\/p>\n<p>&nbsp;<\/p>\n<p>&nbsp;<\/p>\n<p>&nbsp;<\/p>\n<p>&nbsp;<\/p>\n<p>&nbsp;<\/p>\n<p>&nbsp;<\/p>\n<p>&nbsp;<\/p>\n<p>&nbsp;<\/p>\n<hr>\n<p><span style=\"color: #ffffff; font-size: 16pt; font-family: arial,helvetica,sans-serif;\"><strong><span style=\"background-color: #ff6600;\">&nbsp;I trattati internazionali prossimi venturi&nbsp;<\/span> <\/strong><\/span><\/p>\n<p style=\"text-align: left;\"><span style=\"color: #000000; font-family: helvetica; font-size: 12pt;\">Ovvero l\u2019apoteosi dell\u2019imperialismo economico.<\/span><\/p>\n<p style=\"text-align: left;\"><span style=\"background-color: #99cc00; color: #000000;\"><span style=\"font-family: tahoma,arial,helvetica,sans-serif; font-size: 12pt;\"><span style=\"color: #ffffff;\"><strong>&nbsp;1<\/strong><\/span> \u2013&nbsp;<strong>TTIP<\/strong>: in <a style=\"color: #000000; background-color: #99cc00;\" href=\"http:\/\/it.wikipedia.org\/wiki\/Lingua_inglese\">inglese<\/a>&nbsp;<em>&#8220;Transatlantic Trade and Investment Partnership&#8221;<\/em> (Partenariato transatlantico per il commercio e gli investimenti) \u00e8 un <a style=\"color: #000000; background-color: #99cc00;\" href=\"http:\/\/it.wikipedia.org\/wiki\/Accordo_commerciale\">accordo commerciale<\/a> di <a style=\"color: #000000; background-color: #99cc00;\" href=\"http:\/\/it.wikipedia.org\/wiki\/Libero_scambio\">libero scambio<\/a>, in corso di negoziato tra l&#8217;<a style=\"color: #000000; background-color: #99cc00;\" href=\"http:\/\/it.wikipedia.org\/wiki\/Unione_europea\">Unione europea<\/a> e gli <a style=\"color: #000000; background-color: #99cc00;\" href=\"http:\/\/it.wikipedia.org\/wiki\/Stati_Uniti_d%27America\">Stati Uniti d&#8217;America<\/a> dal luglio <a style=\"color: #000000; background-color: #99cc00;\" href=\"http:\/\/it.wikipedia.org\/wiki\/2013\">2013<\/a>.<\/span><\/span><\/p>\n<p><span style=\"color: #000000; font-family: helvetica; font-size: 12pt;\"><a href=\"https:\/\/irprout.it\/wp-content\/uploads\/2014\/10\/cavallo-di-troyaTTIP.jpg\"><img decoding=\"async\" class=\"alignleft size-full wp-image-2138 lazyload\" data-src=\"https:\/\/irprout.it\/wp-content\/uploads\/2014\/10\/cavallo-di-troyaTTIP.jpg\" alt=\"cavallo di troyaTTIP\" width=\"253\" height=\"270\" src=\"data:image\/svg+xml;base64,PHN2ZyB3aWR0aD0iMSIgaGVpZ2h0PSIxIiB4bWxucz0iaHR0cDovL3d3dy53My5vcmcvMjAwMC9zdmciPjwvc3ZnPg==\" style=\"--smush-placeholder-width: 253px; --smush-placeholder-aspect-ratio: 253\/270;\"><\/a><\/span>Se ne parla poco, quasi nulla, anzi, si cerca di nasconderli pi\u00f9 che si pu\u00f2 e finch\u00e9 si pu\u00f2: <strong>sono i trattati internazionali in discussione al momento, di cui non si conoscono nemmeno i testi.<\/strong><\/p>\n<p>L\u2019obiettivo \u00e8 di integrare i due mercati, riducendo i <a style=\"color: #000000;\" href=\"http:\/\/it.wikipedia.org\/wiki\/Dazio_doganale\">dazi doganali<\/a> e rimuovendo, in una vasta gamma di settori, le <a style=\"color: #000000;\" href=\"http:\/\/it.wikipedia.org\/w\/index.php?title=Barriere_non_tariffarie&amp;action=edit&amp;redlink=1\">barriere non tariffarie<\/a>, ossia le differenze in <strong>regolamenti tecnici, norme e procedure di <a style=\"color: #000000;\" href=\"http:\/\/it.wikipedia.org\/wiki\/Omologazione\">omologazione<\/a>, <a style=\"color: #000000;\" href=\"http:\/\/it.wikipedia.org\/wiki\/Norma_%28tecnologia%29\">standard<\/a> applicati ai prodotti, regole sanitarie e <a style=\"color: #000000;\" href=\"http:\/\/it.wikipedia.org\/wiki\/Prodotto_fitosanitario\">fitosanitarie<\/a><\/strong><sup><a style=\"color: #000000;\" href=\"http:\/\/it.wikipedia.org\/wiki\/Trattato_transatlantico_sul_commercio_e_gli_investimenti#cite_note-1\"><strong>[<\/strong>1]<\/a><\/sup>. Ci\u00f2 renderebbe possibile la libera circolazione delle merci, migliorerebbe le condizioni per il flusso degli investimenti e l&#8217;accesso ai rispetti mercati dei servizi e degli <a style=\"color: #000000;\" href=\"http:\/\/it.wikipedia.org\/wiki\/Appalti_pubblici\">appalti<\/a> pubblici.<\/p>\n<p><span style=\"color: #000000; font-family: helvetica; font-size: 10pt;\">Se il progetto avr\u00e0 successo, sar\u00e0 la pi\u00f9 grande <a style=\"color: #000000;\" href=\"http:\/\/it.wikipedia.org\/wiki\/Area_di_libero_scambio\">area di libero scambio<\/a> esistente, poich\u00e9 UE e USA rappresentano circa la met\u00e0 del <a style=\"color: #000000;\" href=\"http:\/\/it.wikipedia.org\/wiki\/Economia_mondiale\">PIL mondiale<\/a> e un terzo del <a style=\"color: #000000;\" href=\"http:\/\/it.wikipedia.org\/wiki\/Commercio\">commercio<\/a> mondiale<sup><a style=\"color: #000000;\" href=\"http:\/\/it.wikipedia.org\/wiki\/Trattato_transatlantico_sul_commercio_e_gli_investimenti#cite_note-2\">[2]<\/a><\/sup>.<\/span><\/p>\n<p><span style=\"color: #000000; font-family: helvetica; font-size: 10pt;\">Di questo trattato, anche se non se ne conoscono i dettagli, <strong>si predicono gli effetti negativi soprattutto sui consumatori:<\/strong> implica l\u2019adeguamento verso il basso della regolamentazione della qualit\u00e0 delle merci, l\u2019impossibilita\u2019 di pubblicizzare la particolare buona qualit\u00e0 o provenienza dei prodotti, <strong>pena l\u2019essere citati in giudizio dalle multinazionali per concorrenza sleale di fronte ad un tribunale privato composto da tre giudici privati scelti dalle stesse aziende produttrici.<\/strong> <span style=\"color: #ff0000;\">Sparirebbe secondo alcuni il made in Italy, le indicazioni geografiche tipiche<\/span> (si avrebbe ad esempio il parmigiano prodotto in California senza possibilit\u00e0 di distinguerlo da quello prodotto nel Parmigiano e nel Reggiano), l\u2019ingresso di OGM, il divieto di riprodurre e propagare piante non certificate, ecc..<\/span><\/p>\n<p><span style=\"color: #000000; font-family: helvetica; font-size: 10pt;\"><strong>Fortunatamente molte organizzazioni stanno scendendo in piazza, non solo in Italia, contro questo ennesimo attacco ai prodotti locali ed alla sicurezza alimentare:<\/strong> basti pensare che <strong>in Europa vige il principio di precauzione:<\/strong> se non c\u2019 e\u2019 la sicurezza dell\u2019innocuit\u00e0 di un prodotto questo non pu\u00f2 essere commercializzato. <strong>Negli USA vale il principio opposto<\/strong>: dopo test sommari il prodotto viene commercializzato e solo in seguito a provati casi di tossicit\u00e0 o altri effetti dannosi pu\u00f2 essere ritirato.<\/span><\/p>\n<p style=\"text-align: left;\"><span style=\"color: #000000; font-family: tahoma, arial, helvetica, sans-serif; font-size: 12pt; background-color: #99cc00;\">2&nbsp;&#8211; <strong>TISA<\/strong>, il trattato segreto: in inglese Trade in Services Agreement (Accordo di Scambio sui Servizi). Di questo se ne e\u2019 saputa l\u2019esistenza e il contenuto grazie a Julien Assange.<\/span><\/p>\n<p>Gli interessi in gioco sono enormi:<strong> il settore servizi \u00e8 il pi\u00f9 grande per posti di lavoro nel mondo e produce il 70 per cento del PIL globale<\/strong>. Solo negli Stati Uniti rappresenta il 75 per cento dell&#8217;economia e genera l&#8217;80 per cento dei posti di lavoro del settore privato. L&#8217;ultimo trattato analogo \u00e8 stato il Gats del 1995.<\/p>\n<p><span style=\"color: #000000; font-family: helvetica; font-size: 10pt;\"><strong>Con queste cifre \u00e8 chiara l\u2019appetibilit\u00e0, per le multinazionali, e l\u2019interesse nel portarlo a compimento.<\/strong> L\u2019Italia \u00e8 inclusa nelle trattative, segrete pure queste, con alcune particolarit\u00e0: secondo le istruzioni della prima pagina del trattato, esso, oltre che essere segreto e custodito in luogo sicuro, potr\u00e0 essere desecretato solo \u00abdopo cinque anni dall&#8217;entrata in vigore del Tisa e, se non entrer\u00e0 in vigore, cinque anni dopo la chiusura delle trattative\u00bb.<\/span><\/p>\n<p><span style=\"color: #ffffff;\"><strong><span style=\"font-family: helvetica; font-size: 16pt; background-color: #ff6600;\">&nbsp;Le conseguenze per l\u2019economia locale<br \/>\n<\/span><\/strong><\/span><\/p>\n<p><span style=\"color: #000000; font-family: helvetica; font-size: 10pt;\"><strong>La segretezza imposta sui contenuti di questi trattati fa sorgere sospetti sugli effetti dirompenti&nbsp; che queste norme avrebbero sulle economie locali improntate alla qualita\u2019 di merci e servizi.<\/strong> Il velo di omerta\u2019 che circonda i lavori mette poi in luce la paura di proteste e opposizioni da parte delle cittadinanze dei paesi coivolti. In definitiva essi sono l\u2019esatto opposto di quanto Prout propone con l\u2019economia locale, la pianificazione del territorio e l\u2019autosufficenza economica.<\/span><\/p>\n<p><span style=\"color: #000000; font-family: helvetica; font-size: 10pt;\"><strong>Quali potrebbero essere gli effetti di questi trattati sull\u2019economia e sulla qualita\u2019 di prodotti e servizi?<\/strong> Innanzitutto la mentalit\u00e0 del capitalismo attuale, diretta a massimizzare gli utili e minimizzare i costi, inclusi gli investimenti, possibilmente facendo utili a costo zero, porter\u00e0 ad uno scadere della qualit\u00e0 di prodotti e servizi. <strong>Da notare che tra i servizi coperti da questi trattati ci sono pure scuole, ospedali, trasporti, strade, acquedotti, fognature, gestione rifiuti,<\/strong> ecc. Se questi servizi scadono in qualita\u2019, il welfare, tradizionalmente fiore all\u2019occhiello dell\u2019Europa e dell\u2019Italia in particolare, subir\u00e0 un adeguamento verso il basso e al &#8216;dominio del privato&#8217;, che ci porter\u00e0 al livello degli USA, dove tutto e\u2019 privato e tutto si paga: universit\u00e0, ospedali, perfino le prigioni.<\/span><\/p>\n<p><span style=\"color: #000000; font-family: helvetica; font-size: 10pt;\"><strong><img decoding=\"async\" class=\"alignleft wp-image-2142 lazyload\" data-src=\"https:\/\/irprout.it\/wp-content\/uploads\/2014\/10\/PieroVacca.jpg\" alt=\"PieroVacca\" width=\"130\" height=\"183\" src=\"data:image\/svg+xml;base64,PHN2ZyB3aWR0aD0iMSIgaGVpZ2h0PSIxIiB4bWxucz0iaHR0cDovL3d3dy53My5vcmcvMjAwMC9zdmciPjwvc3ZnPg==\" style=\"--smush-placeholder-width: 130px; --smush-placeholder-aspect-ratio: 130\/183;\">E, mentre nel sistema USA esistono meccanismi, come assicurazioni, che permettono l\u2019accesso al welfare, all\u2019impiego, alla sicurezza sociale, in Europa tutto questo non esiste, dato che lo stato&nbsp; si occupa di garantire i servizi essenziali a tutti attraverso il sistema fiscale.<\/strong> Ci troveremo quindi impreparati a questo nuovo sistema, con conseguenze disastrose per tutti. Ci potemmo trovare in una delle situazioni descritte da <strong>Piero Vacca<\/strong> nel suo <em>\u201c<a href=\"http:\/\/www.printandread.com\/download\/medioevofree.pdf\" target=\"_blank\" rel=\"noopener noreferrer\">Il medioevo prossimo venturo<\/a>\u201d<\/em>, scritto nel 1970, ove si parla della crisi dei grandi sistemi tecnologici, dovuta alle loro complicazioni e dimensioni. Applicando la tesi di Vacca all\u2019economia attuale, e tenendo conto anche della degenerazione della psicologia capitalista, potremmo prevedere un disastro di dimensioni globali che potrebbe farci retrocedere tecnologicamente, socialmente e moralmente a livelli pre-Seconda&nbsp; Guerra Mondiale. Anche non prevedendo catastrofi globali, certamente lo shock sara\u2019 molto doloroso.<\/span><\/p>\n<p><strong><span style=\"color: #000000; font-family: helvetica; font-size: 10pt;\">Il rimedio potr\u00e0 essere proprio la salvaguardia dell\u2019economia locale e l\u2019implementazione dell\u2019Autosufficienza Economica, almeno per provvedere alle minime necessit\u00e0 per tutti.<\/span><\/strong><\/p>\n<p>&nbsp;<\/p>\n<hr>\n<p><strong><span style=\"font-size: 16pt; font-family: arial,helvetica,sans-serif; background-color: #ff6600; color: #ffffff;\">&nbsp;Necessit\u00e0 dell&#8217;Autosufficienza Economica<br \/>\n<\/span><\/strong><\/p>\n<p><strong>I trattati di Globalizzazione Economica WTO, sono scritti in 27.000 pagine,<\/strong> e sono stati firmati da tutti i paesi europei, rappresentati dalla UE al WTO. <strong>Per l&#8217;Italia ha firmato l&#8217;On. Piero Fassino<\/strong> al quale \u00e8 stato chiesto, perch\u00e9 abbia firmato un trattato cos\u00ec importante senza comprenderne le conseguenze: &#8220;E&#8217; stato un atto dovuto!&#8221; ha affermato Piero Fassino.<\/p>\n<p><strong>Durante la sua presidenza come Commissario europeo, Romano Prodi<\/strong> ha dovuto fare i conti con una multa da 350 milioni di dollari per non aver voluto importare a livello europeo, la carne di manzo americana allevata con gli ormoni della crescita dannosa, secondo diagnosi anche italiane, per&nbsp;la salute. Il comitato di direzione della FAO ha sostenuto che quella carne non faceva male e allora il tribunale del WTO, ha inflitto la sanzione.<\/p>\n<p><strong>Quando un&#8217;esperto del WTO ha suggerito Romano Prodi che era possibile non pagare la multa secondo un certo &#8216;comma&#8217;<\/strong> del trattato, i giornalisti hanno chiesto a Prodi il perch\u00e9 non si sia potuto evitare la sanzione se tale comma lo permetteva. L&#8217;On. Romano Prodi ha risposto: &#8220;Non possiamo mica leggere tutte le 27.000 pagine di trattati!&#8221;. Questi gli &#8216;aneddoti&#8217;, descritti in alcune interviste, che circondano la nostra adesione incondizionata a tali trattati.<\/p>\n<p><img decoding=\"async\" class=\"alignleft size-full wp-image-2134 lazyload\" data-src=\"https:\/\/irprout.it\/wp-content\/uploads\/2014\/10\/quote-latte1.gif\" alt=\"quote-latte1\" width=\"300\" height=\"204\" src=\"data:image\/svg+xml;base64,PHN2ZyB3aWR0aD0iMSIgaGVpZ2h0PSIxIiB4bWxucz0iaHR0cDovL3d3dy53My5vcmcvMjAwMC9zdmciPjwvc3ZnPg==\" style=\"--smush-placeholder-width: 300px; --smush-placeholder-aspect-ratio: 300\/204;\">Cos\u00ec \u00e8 stato per le <strong>Quote Latte,<\/strong>&nbsp;quando l&#8217;ex Ministro <strong>Pandolfi<\/strong> ha accertato che mancava alla nostra produzione di latte circa il 40% del fabbisogno, senza sapere che eravamo quasi autosufficienti nella medesima produzione. In effetti siamo stati l&#8217;unico paese in europa a dichiarare che non eravamo autosufficienti nella produzione di latte, per questo l&#8217;europa ci ha appioppato le quote latte.<strong> Il 40% del latte che veniva normalmente veniva gettato nei fiumi o nei campi.&nbsp;<\/strong><\/p>\n<p><strong>A causa delle QUOTE LATTE, hanno chiuso circa 270.000 aziende produttrici,<\/strong>&nbsp;sono state uccise 1.500.000 di mucche in Italia, e siamo tutt&#8217;ora dipendenti da Germania e Francia per il latte. Se per caso ci fosse una pestilenza nel settore bovino o se Germania e Francia non ci fornissero&nbsp;pi\u00f9 il latte per motivi politici, ci vorrebbero 3 anni per allevare mucche da latte. E nel frattempo che cosa facciamo?<\/p>\n<p><strong>Importiamo frutta e verdura dalla Cina<\/strong> e da alcuni paesi del Mediterraneo ma, gli addetti ai lavori e i produttori italiani, si lamentano perch\u00e9 per queste importazioni spesso non sono richiesti gli stessi controlli e le dovute certificazioni per la salute dei consumatori, come avviene per le produzioni italiane. Inoltre tolgono lavoro ai produttori locali. E poi ci si lamenta della disoccupazione.<\/p>\n<p><strong>Per non parlare del consumo di carburanti e produzione di CO2.<\/strong><br \/>\n(http:\/\/www.dissapore.com\/grande-notizia\/cibi-che-inquinano-di-piu\/)<\/p>\n<p>In tempi di crisi economica, in particolare nei periodi di depressione economica, P.R. Sarkar afferma che i paesi che i paesi che dipendono dalle forniture estere e non sono autosufficienti, soffriranno di pi\u00f9.<\/p>\n<p><span style=\"background-color: #99cc00;\"><strong>L&#8217;AUTOSUFFICIENZA \u00e8 una garanzia di stabilit\u00e0 economica e sopravvivenza della popolazione.<\/strong><\/span><\/p>\n<p>In questo modo sar\u00e0 la societ\u00e0 a beneficiarne, non le multinazionali. Ma meglio noi che loro.<\/p>\n","protected":false},"excerpt":{"rendered":"<p>&nbsp;autosufficienza economica Per la massima occupazione, prevista dal PROUT, \u00e8 necessaria l&#8217;Autosufficienza Economica dell&#8217;area&nbsp;socio-economica in questione. Non ci sono alternative. La massima occupazione \u00e8 necessaria per garantire a tutti le necessit\u00e0 basilari per vivere. La Globalizzazione Economica espressa nell&#8217;istituzione internazionale del WTO, (coadiuvato da FMI e BM), sin dal suo <span class=\"excerpt-dots\">&hellip;<\/span> <a class=\"more-link\" href=\"https:\/\/irprout.it\/?page_id=623\"><span class=\"more-msg\">Continua a leggere<\/span><\/a><\/p>\n","protected":false},"author":3,"featured_media":2120,"parent":0,"menu_order":0,"comment_status":"closed","ping_status":"closed","template":"","meta":{"ngg_post_thumbnail":0,"footnotes":""},"class_list":["post-623","page","type-page","status-publish","has-post-thumbnail","hentry"],"yoast_head":"<!-- This site is optimized with the Yoast SEO plugin v26.6 - https:\/\/yoast.com\/wordpress\/plugins\/seo\/ -->\n<title>AUTOSUFFICIENZA ECONOMICA - MASSIMA OCCUPAZIONE - Istituto di Ricerca Prout<\/title>\n<meta name=\"robots\" content=\"index, follow, max-snippet:-1, max-image-preview:large, max-video-preview:-1\" \/>\n<link rel=\"canonical\" href=\"https:\/\/irprout.it\/?page_id=623\" \/>\n<meta property=\"og:locale\" content=\"it_IT\" \/>\n<meta property=\"og:type\" content=\"article\" \/>\n<meta property=\"og:title\" content=\"AUTOSUFFICIENZA ECONOMICA - MASSIMA OCCUPAZIONE - Istituto di Ricerca Prout\" \/>\n<meta property=\"og:description\" content=\"&nbsp;autosufficienza economica Per la massima occupazione, prevista dal PROUT, \u00e8 necessaria l&#8217;Autosufficienza Economica dell&#8217;area&nbsp;socio-economica in questione. Non ci sono alternative. La massima occupazione \u00e8 necessaria per garantire a tutti le necessit\u00e0 basilari per vivere. La Globalizzazione Economica espressa nell&#8217;istituzione internazionale del WTO, (coadiuvato da FMI e BM), sin dal suo &hellip; Continua a leggere\" \/>\n<meta property=\"og:url\" content=\"https:\/\/irprout.it\/?page_id=623\" \/>\n<meta property=\"og:site_name\" content=\"Istituto di Ricerca Prout\" \/>\n<meta property=\"article:modified_time\" content=\"2020-04-21T07:59:06+00:00\" \/>\n<meta property=\"og:image\" content=\"https:\/\/irprout.it\/wp-content\/uploads\/2014\/10\/autarchia.jpg\" \/>\n\t<meta property=\"og:image:width\" content=\"200\" \/>\n\t<meta property=\"og:image:height\" content=\"289\" \/>\n\t<meta property=\"og:image:type\" content=\"image\/jpeg\" \/>\n<meta name=\"twitter:label1\" content=\"Tempo di lettura stimato\" \/>\n\t<meta name=\"twitter:data1\" content=\"9 minuti\" \/>\n<script type=\"application\/ld+json\" class=\"yoast-schema-graph\">{\"@context\":\"https:\/\/schema.org\",\"@graph\":[{\"@type\":\"WebPage\",\"@id\":\"https:\/\/irprout.it\/?page_id=623\",\"url\":\"https:\/\/irprout.it\/?page_id=623\",\"name\":\"AUTOSUFFICIENZA ECONOMICA - MASSIMA OCCUPAZIONE - Istituto di Ricerca Prout\",\"isPartOf\":{\"@id\":\"https:\/\/irprout.it\/#website\"},\"primaryImageOfPage\":{\"@id\":\"https:\/\/irprout.it\/?page_id=623#primaryimage\"},\"image\":{\"@id\":\"https:\/\/irprout.it\/?page_id=623#primaryimage\"},\"thumbnailUrl\":\"https:\/\/irprout.it\/wp-content\/uploads\/2014\/10\/autarchia.jpg\",\"datePublished\":\"2014-10-18T17:40:09+00:00\",\"dateModified\":\"2020-04-21T07:59:06+00:00\",\"breadcrumb\":{\"@id\":\"https:\/\/irprout.it\/?page_id=623#breadcrumb\"},\"inLanguage\":\"it-IT\",\"potentialAction\":[{\"@type\":\"ReadAction\",\"target\":[\"https:\/\/irprout.it\/?page_id=623\"]}]},{\"@type\":\"ImageObject\",\"inLanguage\":\"it-IT\",\"@id\":\"https:\/\/irprout.it\/?page_id=623#primaryimage\",\"url\":\"https:\/\/irprout.it\/wp-content\/uploads\/2014\/10\/autarchia.jpg\",\"contentUrl\":\"https:\/\/irprout.it\/wp-content\/uploads\/2014\/10\/autarchia.jpg\",\"width\":200,\"height\":289},{\"@type\":\"BreadcrumbList\",\"@id\":\"https:\/\/irprout.it\/?page_id=623#breadcrumb\",\"itemListElement\":[{\"@type\":\"ListItem\",\"position\":1,\"name\":\"Home\",\"item\":\"https:\/\/irprout.it\/\"},{\"@type\":\"ListItem\",\"position\":2,\"name\":\"AUTOSUFFICIENZA ECONOMICA &#8211; MASSIMA OCCUPAZIONE\"}]},{\"@type\":\"WebSite\",\"@id\":\"https:\/\/irprout.it\/#website\",\"url\":\"https:\/\/irprout.it\/\",\"name\":\"Istituto di Ricerca Prout\",\"description\":\"Istituto di Ricerca Prout\",\"publisher\":{\"@id\":\"https:\/\/irprout.it\/#organization\"},\"potentialAction\":[{\"@type\":\"SearchAction\",\"target\":{\"@type\":\"EntryPoint\",\"urlTemplate\":\"https:\/\/irprout.it\/?s={search_term_string}\"},\"query-input\":{\"@type\":\"PropertyValueSpecification\",\"valueRequired\":true,\"valueName\":\"search_term_string\"}}],\"inLanguage\":\"it-IT\"},{\"@type\":\"Organization\",\"@id\":\"https:\/\/irprout.it\/#organization\",\"name\":\"Istituto di Ricerca Prout\",\"url\":\"https:\/\/irprout.it\/\",\"logo\":{\"@type\":\"ImageObject\",\"inLanguage\":\"it-IT\",\"@id\":\"https:\/\/irprout.it\/#\/schema\/logo\/image\/\",\"url\":\"http:\/\/irprout.it\/wp-content\/uploads\/2014\/10\/logo_IRP_albero300Cor.jpg\",\"contentUrl\":\"http:\/\/irprout.it\/wp-content\/uploads\/2014\/10\/logo_IRP_albero300Cor.jpg\",\"width\":303,\"height\":304,\"caption\":\"Istituto di Ricerca Prout\"},\"image\":{\"@id\":\"https:\/\/irprout.it\/#\/schema\/logo\/image\/\"}}]}<\/script>\n<!-- \/ Yoast SEO plugin. -->","yoast_head_json":{"title":"AUTOSUFFICIENZA ECONOMICA - MASSIMA OCCUPAZIONE - Istituto di Ricerca Prout","robots":{"index":"index","follow":"follow","max-snippet":"max-snippet:-1","max-image-preview":"max-image-preview:large","max-video-preview":"max-video-preview:-1"},"canonical":"https:\/\/irprout.it\/?page_id=623","og_locale":"it_IT","og_type":"article","og_title":"AUTOSUFFICIENZA ECONOMICA - MASSIMA OCCUPAZIONE - Istituto di Ricerca Prout","og_description":"&nbsp;autosufficienza economica Per la massima occupazione, prevista dal PROUT, \u00e8 necessaria l&#8217;Autosufficienza Economica dell&#8217;area&nbsp;socio-economica in questione. Non ci sono alternative. La massima occupazione \u00e8 necessaria per garantire a tutti le necessit\u00e0 basilari per vivere. La Globalizzazione Economica espressa nell&#8217;istituzione internazionale del WTO, (coadiuvato da FMI e BM), sin dal suo &hellip; Continua a leggere","og_url":"https:\/\/irprout.it\/?page_id=623","og_site_name":"Istituto di Ricerca Prout","article_modified_time":"2020-04-21T07:59:06+00:00","og_image":[{"width":200,"height":289,"url":"https:\/\/irprout.it\/wp-content\/uploads\/2014\/10\/autarchia.jpg","type":"image\/jpeg"}],"twitter_misc":{"Tempo di lettura stimato":"9 minuti"},"schema":{"@context":"https:\/\/schema.org","@graph":[{"@type":"WebPage","@id":"https:\/\/irprout.it\/?page_id=623","url":"https:\/\/irprout.it\/?page_id=623","name":"AUTOSUFFICIENZA ECONOMICA - MASSIMA OCCUPAZIONE - Istituto di Ricerca Prout","isPartOf":{"@id":"https:\/\/irprout.it\/#website"},"primaryImageOfPage":{"@id":"https:\/\/irprout.it\/?page_id=623#primaryimage"},"image":{"@id":"https:\/\/irprout.it\/?page_id=623#primaryimage"},"thumbnailUrl":"https:\/\/irprout.it\/wp-content\/uploads\/2014\/10\/autarchia.jpg","datePublished":"2014-10-18T17:40:09+00:00","dateModified":"2020-04-21T07:59:06+00:00","breadcrumb":{"@id":"https:\/\/irprout.it\/?page_id=623#breadcrumb"},"inLanguage":"it-IT","potentialAction":[{"@type":"ReadAction","target":["https:\/\/irprout.it\/?page_id=623"]}]},{"@type":"ImageObject","inLanguage":"it-IT","@id":"https:\/\/irprout.it\/?page_id=623#primaryimage","url":"https:\/\/irprout.it\/wp-content\/uploads\/2014\/10\/autarchia.jpg","contentUrl":"https:\/\/irprout.it\/wp-content\/uploads\/2014\/10\/autarchia.jpg","width":200,"height":289},{"@type":"BreadcrumbList","@id":"https:\/\/irprout.it\/?page_id=623#breadcrumb","itemListElement":[{"@type":"ListItem","position":1,"name":"Home","item":"https:\/\/irprout.it\/"},{"@type":"ListItem","position":2,"name":"AUTOSUFFICIENZA ECONOMICA &#8211; MASSIMA OCCUPAZIONE"}]},{"@type":"WebSite","@id":"https:\/\/irprout.it\/#website","url":"https:\/\/irprout.it\/","name":"Istituto di Ricerca Prout","description":"Istituto di Ricerca Prout","publisher":{"@id":"https:\/\/irprout.it\/#organization"},"potentialAction":[{"@type":"SearchAction","target":{"@type":"EntryPoint","urlTemplate":"https:\/\/irprout.it\/?s={search_term_string}"},"query-input":{"@type":"PropertyValueSpecification","valueRequired":true,"valueName":"search_term_string"}}],"inLanguage":"it-IT"},{"@type":"Organization","@id":"https:\/\/irprout.it\/#organization","name":"Istituto di Ricerca Prout","url":"https:\/\/irprout.it\/","logo":{"@type":"ImageObject","inLanguage":"it-IT","@id":"https:\/\/irprout.it\/#\/schema\/logo\/image\/","url":"http:\/\/irprout.it\/wp-content\/uploads\/2014\/10\/logo_IRP_albero300Cor.jpg","contentUrl":"http:\/\/irprout.it\/wp-content\/uploads\/2014\/10\/logo_IRP_albero300Cor.jpg","width":303,"height":304,"caption":"Istituto di Ricerca Prout"},"image":{"@id":"https:\/\/irprout.it\/#\/schema\/logo\/image\/"}}]}},"_links":{"self":[{"href":"https:\/\/irprout.it\/index.php?rest_route=\/wp\/v2\/pages\/623","targetHints":{"allow":["GET"]}}],"collection":[{"href":"https:\/\/irprout.it\/index.php?rest_route=\/wp\/v2\/pages"}],"about":[{"href":"https:\/\/irprout.it\/index.php?rest_route=\/wp\/v2\/types\/page"}],"author":[{"embeddable":true,"href":"https:\/\/irprout.it\/index.php?rest_route=\/wp\/v2\/users\/3"}],"replies":[{"embeddable":true,"href":"https:\/\/irprout.it\/index.php?rest_route=%2Fwp%2Fv2%2Fcomments&post=623"}],"version-history":[{"count":43,"href":"https:\/\/irprout.it\/index.php?rest_route=\/wp\/v2\/pages\/623\/revisions"}],"predecessor-version":[{"id":5599,"href":"https:\/\/irprout.it\/index.php?rest_route=\/wp\/v2\/pages\/623\/revisions\/5599"}],"wp:featuredmedia":[{"embeddable":true,"href":"https:\/\/irprout.it\/index.php?rest_route=\/wp\/v2\/media\/2120"}],"wp:attachment":[{"href":"https:\/\/irprout.it\/index.php?rest_route=%2Fwp%2Fv2%2Fmedia&parent=623"}],"curies":[{"name":"wp","href":"https:\/\/api.w.org\/{rel}","templated":true}]}}