{"id":6815,"date":"2024-07-09T12:42:21","date_gmt":"2024-07-09T11:42:21","guid":{"rendered":"https:\/\/irprout.it\/?page_id=6815"},"modified":"2026-01-06T13:11:06","modified_gmt":"2026-01-06T12:11:06","slug":"6815-2","status":"publish","type":"page","link":"https:\/\/irprout.it\/?page_id=6815","title":{"rendered":"Ricerca, Formazione, Attivit\u00e0 sul territorio, nel Settore Primario"},"content":{"rendered":"<div class=\"wpb-content-wrapper\"><p>[vc_row][vc_column][vc_separator color=&#8221;green&#8221; style=&#8221;shadow&#8221; border_width=&#8221;2&#8243; css=&#8221;&#8221;][\/vc_column][\/vc_row][vc_row][vc_column][vc_custom_heading text=&#8221;Ricerca, Formazione, Attivit\u00e0 sul territorio, nel Settore Primario&#8221; font_container=&#8221;tag:h1|text_align:left|color:%23257221&#8243; google_fonts=&#8221;font_family:Anton%3Aregular|font_style:400%20regular%3A400%3Anormal&#8221; css=&#8221;&#8221;][\/vc_column][\/vc_row][vc_row][vc_column][vc_custom_heading text=&#8221;Cooperazione con ass.ni di Agricoltori, Allevatori, Pescatori e Istituzioni&#8221; font_container=&#8221;tag:h2|text_align:left|color:%23257221&#8243; google_fonts=&#8221;font_family:Alegreya%20Sans%3A100%2C100italic%2C300%2C300italic%2Cregular%2Citalic%2C500%2C500italic%2C700%2C700italic%2C800%2C800italic%2C900%2C900italic|font_style:400%20regular%3A400%3Anormal&#8221; css=&#8221;&#8221;][\/vc_column][\/vc_row][vc_row][vc_column][vc_separator color=&#8221;green&#8221; style=&#8221;shadow&#8221; border_width=&#8221;2&#8243; css=&#8221;&#8221;][\/vc_column][\/vc_row][vc_row][vc_column width=&#8221;1\/4&#8243;][vc_single_image image=&#8221;7459&#8243; img_size=&#8221;full&#8221; style=&#8221;vc_box_border&#8221; border_color=&#8221;green&#8221; onclick=&#8221;custom_link&#8221; css=&#8221;.vc_custom_1767701455714{margin-top: 10px !important;}&#8221; link=&#8221;https:\/\/irprout.it\/?page_id=7449&#8243;][\/vc_column][vc_column width=&#8221;3\/4&#8243; css=&#8221;.vc_custom_1722787991726{margin-top: 1px !important;margin-right: 1px !important;margin-bottom: 1px !important;margin-left: 1px !important;}&#8221;][vc_column_text css=&#8221;&#8221;]<\/p>\n<div class=\"vc_row wpb_row vc_row-fluid\">\n<div class=\"wpb_column vc_column_container vc_col-sm-12\">\n<div class=\"vc_column-inner\">\n<div class=\"wpb_wrapper\">\n<p><a href=\"https:\/\/irprout.it\/?page_id=7449\"><span style=\"font-size: 18pt; font-family: 'Barlow Condensed';\"><strong>SOVRANIT\u00c0 ALIMENTARE E AUTOSUFFICIENZA ECONOMICA<\/strong><\/span><\/a><\/p>\n<p><span style=\"font-family: 'Roboto Condensed', sans-serif; font-size: 14pt;\">Abbiamo il <strong>Ministero dell\u2019Agricoltura, della Sovranit\u00e0 Alimentare e delle Foreste<\/strong>. Mentre \u00e8 chiaro il significato di Agricoltura e Foreste i termini di Sovranit\u00e0 Alimentare devono essere spiegati.<\/span><br \/>\n<strong><span style=\"color: #993300;\">La SOVRANIT\u00c0 ALIMENTARE \u00e8 il&nbsp;diritto dei popoli di definire le proprie politiche agricole e alimentari, scegliendo come produrre, distribuire e consumare il cibo, mettendo al centro bisogni umani e sostenibilit\u00e0 ambientale, anzich\u00e9 gli interessi di mercato e delle grandi imprese.&nbsp;<\/span><\/strong><br \/>\nQuindi \u00e8 un diritto, ma si sa ogni diritto abbisogna di strutture e politiche economiche che lo rendano applicabile.<br \/>\nCon l&#8217;obiettivo della massima Autosufficienza Economica per ogni paese possiamo costruire una societ\u00e0 pi\u00f9 stabile e meno soggetta al potere delle multinazionali.<\/p>\n<\/div>\n<\/div>\n<\/div>\n<\/div>\n<p>[\/vc_column_text][\/vc_column][\/vc_row][vc_row css=&#8221;.vc_custom_1763132526019{background-color: #D5F4C7 !important;}&#8221;][vc_column width=&#8221;1\/4&#8243;][vc_single_image image=&#8221;7441&#8243; img_size=&#8221;full&#8221; style=&#8221;vc_box_border&#8221; border_color=&#8221;green&#8221; onclick=&#8221;custom_link&#8221; css=&#8221;.vc_custom_1763133137229{margin-top: 10px !important;}&#8221; link=&#8221;https:\/\/irprout.it\/?p=7359&#8243;][\/vc_column][vc_column width=&#8221;3\/4&#8243; css=&#8221;.vc_custom_1722787991726{margin-top: 1px !important;margin-right: 1px !important;margin-bottom: 1px !important;margin-left: 1px !important;}&#8221;][vc_column_text css=&#8221;&#8221;]<\/p>\n<div class=\"vc_row wpb_row vc_row-fluid\">\n<div class=\"wpb_column vc_column_container vc_col-sm-12\">\n<div class=\"vc_column-inner\">\n<div class=\"wpb_wrapper\">\n<p><a href=\"https:\/\/irprout.it\/?p=7376\"><span style=\"font-size: 18pt;\"><span style=\"font-family: 'Barlow Condensed';\"><strong>LA GUERRA GLOBALE DELL\u2019AGRICOLTURA<\/strong><\/span><\/span><\/a><br \/>\n<span style=\"font-size: 14pt; font-family: 'Roboto Condensed', sans-serif;\"><em>Le piccole aziende, si dice, un tempo la spina dorsale dell\u2019economica agricola, sono costrette a chiudere. In effetti oggi serve una struttura pi\u00f9 aggregata per affrontare le sfide del secolo.<\/em><\/span><\/p>\n<p>I cambiamenti in atto in questo momento storico coinvolgono tutte le attivit\u00e0 umane e l\u2019intero pianeta. In effetti toccano l\u2019economia, la societ\u00e0, l\u2019agricoltura, l\u2019industria, la geologia, il clima, l\u2019equilibrio ecologico. P.R. Sarkar Ha inaugurato un nuovo pensiero socio-economico e delle soluzioni alle problematiche emerse.<\/p>\n<p>I problemi dell\u2019agricoltura possono essere risolti solamente dagli agricoltori\/allevatori\/pescatori. Ma per la soluzione profonda dei problemi dell\u2019agricoltura deve essere sostituito il sistema economico. Il capitalismo non \u00e8 in grado di risolvere il problema della povert\u00e0 nel mondo. Anzi \u00e8 aumentata la concentrazione di ricchezza in mano a poche persone ed \u00e8 aumentato il numero di poveri e diseredati.<\/p>\n<\/div>\n<\/div>\n<\/div>\n<\/div>\n<p>[\/vc_column_text][\/vc_column][\/vc_row][vc_row css=&#8221;.vc_custom_1737210002874{background-color: #FEF0CC !important;}&#8221;][vc_column width=&#8221;1\/4&#8243;][vc_single_image image=&#8221;7373&#8243; img_size=&#8221;full&#8221; style=&#8221;vc_box_border&#8221; border_color=&#8221;juicy_pink&#8221; onclick=&#8221;custom_link&#8221; css=&#8221;&#8221; link=&#8221;https:\/\/irprout.it\/?p=7359&#8243;][\/vc_column][vc_column width=&#8221;3\/4&#8243; css=&#8221;.vc_custom_1722787991726{margin-top: 1px !important;margin-right: 1px !important;margin-bottom: 1px !important;margin-left: 1px !important;}&#8221;][vc_column_text css=&#8221;&#8221;]<\/p>\n<div class=\"vc_row wpb_row vc_row-fluid\">\n<div class=\"wpb_column vc_column_container vc_col-sm-12\">\n<div class=\"vc_column-inner\">\n<div class=\"wpb_wrapper\">\n<p><a href=\"https:\/\/irprout.it\/?p=7359\"><span style=\"font-size: 18pt;\"><span style=\"font-family: 'Barlow Condensed';\"><strong>IL PREZZO DEI PRODOTTI AGRICOLI LI DECIDE IL PRODUTTORE<\/strong><\/span><\/span><\/a><br \/>\n<span style=\"font-family: 'Roboto Condensed', sans-serif; font-size: 14pt;\"><em>Legge EGALIM francese. Una buona idea per l&#8217;agricoltura italiana.<\/em><\/span><\/p>\n<p>Il Ministro dell&#8217;Agricoltura e dell&#8217;Alimentazione ha presentato un disegno di legge per l&#8217;equilibrio delle relazioni commerciali nel settore agricolo e alimentare e per un&#8217;alimentazione sana e sostenibile. <strong>Questo testo \u00e8 tratto dagli stati generali dell&#8217;alimentazione<\/strong>, svoltisi dal 20 luglio al 21 dicembre 2017. Hanno costituito un momento senza precedenti di riflessione condivisa e di <span style=\"color: #ff0000;\"><strong>costruzione collettiva di soluzioni concrete in materia agricola<\/strong><\/span> e alimentare. La tabella di marcia annunciata nella giornata di chiusura delinea la politica alimentare del Governo, strutturata attorno a tre assi strategici: &#8211;<\/p>\n<ul>\n<li><strong>garantire la sovranit\u00e0 alimentare della Francia; <\/strong><\/li>\n<li><strong>promuovere scelte alimentari sane e rispettose dell\u2019ambiente; <\/strong><\/li>\n<li><strong>ridurre le disuguaglianze nell\u2019accesso al cibo di qualit\u00e0 e sostenibile. <\/strong><\/li>\n<\/ul>\n<\/div>\n<\/div>\n<\/div>\n<\/div>\n<p>[\/vc_column_text][\/vc_column][\/vc_row][vc_row css=&#8221;.vc_custom_1722787941346{background-color: #dee8da !important;}&#8221;][vc_column width=&#8221;1\/4&#8243;][vc_single_image image=&#8221;7321&#8243; img_size=&#8221;full&#8221; style=&#8221;vc_box_border&#8221; border_color=&#8221;green&#8221; onclick=&#8221;custom_link&#8221; css=&#8221;&#8221; link=&#8221;https:\/\/irprout.it\/?p=7304&#8243;][\/vc_column][vc_column width=&#8221;3\/4&#8243; css=&#8221;.vc_custom_1722787991726{margin-top: 1px !important;margin-right: 1px !important;margin-bottom: 1px !important;margin-left: 1px !important;}&#8221;][vc_column_text css=&#8221;&#8221;]<\/p>\n<div class=\"vc_row wpb_row vc_row-fluid\">\n<div class=\"wpb_column vc_column_container vc_col-sm-12\">\n<div class=\"vc_column-inner\">\n<div class=\"wpb_wrapper\">\n<p><a href=\"https:\/\/irprout.it\/?p=7304\"><span style=\"font-size: 18pt;\"><span style=\"font-family: 'Barlow Condensed';\"><strong>Green Deal europeo: i conti non tornano<\/strong><\/span><\/span><\/a><br \/>\n<span style=\"font-size: 10pt;\"><em>25\/12\/2024 \u2013 Franco Bressanin<\/em><\/span>&#8230; Possiamo allora porci alcune domande:<\/p>\n<ul>\n<li><b><i>Siamo sicuri che le misure da adottare saranno sufficienti ed adeguate?<\/i><\/b><\/li>\n<li><b><i>Quanto ci costerebbe?<\/i><\/b><\/li>\n<li><b><i>Ne vale la pena?<\/i><\/b><\/li>\n<\/ul>\n<p>Per rispondere abbiamo fatto alcuni \u201cconti della serva\u201d sui dati che siamo riusciti a scovare:<br \/>\n<span style=\"color: #ff0000;\">Secondo l\u2019IPCC (<i>Intergovernmental Panel on Climate Change = <\/i><b>Gruppo intergovernativo sul cambiamento climatico) <\/b>l\u2019Europa contribuisce tra il <b>6% ed il 7% alle emissioni globali. <\/b><\/span><br \/>\nDi questo il <b>23% \u00e8 dovuto ai trasporti <\/b>(tutti).<\/p>\n<p>Allora il <b>23% del 7% (caso peggiore) \u00e8 l\u20191,38% delle emissioni globali.<\/b><\/p>\n<p>Se poi consideriamo che il contributo di autovetture e furgoni nel trasporto totale costituisce circa il 70% di tutte le emissioni per trasporti, il 70% dell\u20191,38 \u00e8 circa lo 0,97 %. In sintesi, se attueremo le politiche della UE sulle emissioni, <b>alla fine avremo diminuito dello 0,97% le emissioni mondiali, &#8230;<\/b><\/p>\n<\/div>\n<\/div>\n<\/div>\n<\/div>\n<p>[\/vc_column_text][\/vc_column][\/vc_row][vc_row css=&#8221;.vc_custom_1735204705463{background-color: #FEF6BB !important;}&#8221;][vc_column width=&#8221;1\/4&#8243;][vc_single_image image=&#8221;7049&#8243; img_size=&#8221;full&#8221; style=&#8221;vc_box_border&#8221; border_color=&#8221;sandy_brown&#8221; onclick=&#8221;custom_link&#8221; css=&#8221;&#8221; link=&#8221;https:\/\/irprout.it\/?p=7061&#8243;][\/vc_column][vc_column width=&#8221;3\/4&#8243; css=&#8221;.vc_custom_1722787991726{margin-top: 1px !important;margin-right: 1px !important;margin-bottom: 1px !important;margin-left: 1px !important;}&#8221;][vc_column_text css=&#8221;&#8221;]<\/p>\n<div class=\"vc_row wpb_row vc_row-fluid\">\n<div class=\"wpb_column vc_column_container vc_col-sm-12\">\n<div class=\"vc_column-inner\">\n<div class=\"wpb_wrapper\">\n<p><span style=\"font-size: 18pt;\"><a href=\"https:\/\/irprout.it\/?p=7061\"><span style=\"font-family: 'Barlow Condensed';\"><strong>Allevamenti intensivi: Critica dell\u2019ambientalismo puro<\/strong><\/span><\/a><\/span><br \/>\n<span style=\"font-size: 10pt;\"><em>11\/08\/2024 \u2013 Tarcisio Bonotto, IRP Staff<\/em><\/span><\/p>\n<p><em>Questa analisi si rif\u00e0 alla <strong>\u201cproposta di legge sugli allevamenti intensivi<\/strong>\u201d promossa da diversi\/e deputati\/e, che prevede la riduzione degli animali allevati, la conseguente riduzione dell\u2019inquinamento e dei benefici per la salute. Se alcune analisi e diversi obiettivi risultano condivisibili, vi sono delle imprecisioni e degli errori, ma ci\u00f2 che \u00e8 pi\u00f9 grave \u00e8 il metodo di applicazione delle soluzioni che, nei termini previsti e nel contesto agricolo e socio-economico italiano, rischia di causare una catastrofe. Vediamone i contorni e le possibili alternative.<\/em><\/p>\n<\/div>\n<\/div>\n<\/div>\n<\/div>\n<p>[\/vc_column_text][\/vc_column][\/vc_row][vc_row css=&#8221;.vc_custom_1723718637836{background-color: #f4f4f4 !important;}&#8221;][vc_column width=&#8221;1\/4&#8243;][vc_single_image image=&#8221;6973&#8243; img_size=&#8221;full&#8221; style=&#8221;vc_box_border&#8221; border_color=&#8221;chino&#8221; onclick=&#8221;custom_link&#8221; css=&#8221;&#8221; link=&#8221;https:\/\/irprout.it\/?p=6931&#8243;][\/vc_column][vc_column width=&#8221;3\/4&#8243; css=&#8221;.vc_custom_1722787991726{margin-top: 1px !important;margin-right: 1px !important;margin-bottom: 1px !important;margin-left: 1px !important;}&#8221;][vc_column_text css=&#8221;&#8221;]<\/p>\n<div class=\"vc_row wpb_row vc_row-fluid\">\n<div class=\"wpb_column vc_column_container vc_col-sm-12\">\n<div class=\"vc_column-inner\">\n<div class=\"wpb_wrapper\">\n<p><span style=\"font-family: 'Barlow Condensed';\"><a href=\"https:\/\/irprout.it\/?p=6984\"><span style=\"color: #333333; font-size: 24px;\"><strong>LATTE: Esempio di calcolo del Costo di Produzione e Prezzo Sostenibile<\/strong><\/span><\/a><\/span><br \/>\n<span style=\"font-size: 10pt;\"><em>Tarcisio Bonotto &#8211; IRP 04\/08\/2024<\/em><\/span><\/p>\n<p>In un articolo precedente (<a href=\"https:\/\/irprout.it\/?p=6931\"><strong>ISMEA: costi di produzione bassi per legge<\/strong><\/a>) si \u00e8 evidenziato che nel computo del prezzo finale di <strong>1 litro di latte<\/strong> non sono calcolati tutti i costi aziendali, e abbiamo trovato anche un articolo di legge (<a href=\"https:\/\/irprout.it\/wp-content\/uploads\/2024\/08\/Allegato-7-19A0233400700010110001.pdf\"><strong>Allegato 7 \u2013 Metodologia per la determinazione del reddito rilevante ai fini dello strumento di stabilizzazione del reddito (IST)<\/strong><\/a>, in cui si attesta che alcuni costi aziendali non debbano essere conteggiati! In un sistema industriale non c&#8217;\u00e8 costo che non venga considerato nel calcolo del prezzo del prodotto.&nbsp;<strong><em>Quindi costi di produzione bassi per legge.<\/em><\/strong><\/p>\n<\/div>\n<\/div>\n<\/div>\n<\/div>\n<p>[\/vc_column_text][\/vc_column][\/vc_row][vc_row css=&#8221;.vc_custom_1722266909032{background-color: #f9f4d4 !important;}&#8221;][vc_column width=&#8221;1\/4&#8243;][vc_single_image image=&#8221;6883&#8243; img_size=&#8221;full&#8221; style=&#8221;vc_box_border&#8221; border_color=&#8221;sky&#8221; onclick=&#8221;custom_link&#8221; css=&#8221;&#8221; link=&#8221;https:\/\/irprout.it\/?p=6865&#8243;][\/vc_column][vc_column width=&#8221;3\/4&#8243;][vc_column_text css=&#8221;&#8221;]<a href=\"https:\/\/irprout.it\/?p=6865\"><span style=\"font-family: 'Barlow Condensed'; font-size: 24px;\"><strong>Nuova definizione di &#8220;Prezzo Sostenibile&#8221;<\/strong><\/span><\/a><br \/>\n<span style=\"font-size: 10pt;\"><em>24\/07\/2024&nbsp; IRP Staff<\/em><\/span><\/p>\n<p>Attualmente gli agricoltori si lamentano che i prezzi dei loro prodotti pagati al campo, sono sotto il costo di produzione o con un margine di guadagno insostenibile per una attivit\u00e0 imprenditoriale.<br \/>\n<strong>Per prezzo sostenibile intendiamo il prezzo di vendita composto da <\/strong><\/p>\n<ol>\n<li><span style=\"color: #ff0000;\"><strong>costo di produzione, <\/strong>definito da bilancio aziendale<strong> + <\/strong><\/span><\/li>\n<li><span style=\"color: #ff0000;\"><strong>utile razionale, <\/strong>che per la teoria PROUT si attesta<strong> al 15% minimo.<\/strong><\/span><\/li>\n<\/ol>\n<p><strong><span style=\"color: #333399;\">Anche l\u2019Agricoltura, nella gestione, deve avere lo stesso status dell\u2019Industria<\/span>.<\/strong>[\/vc_column_text][\/vc_column][\/vc_row][vc_row css=&#8221;.vc_custom_1725291173703{background-color: #e3efda !important;}&#8221;][vc_column width=&#8221;1\/4&#8243;][vc_single_image image=&#8221;6917&#8243; img_size=&#8221;full&#8221; style=&#8221;vc_box_border&#8221; border_color=&#8221;orange&#8221; onclick=&#8221;img_link_large&#8221; css=&#8221;&#8221;][\/vc_column][vc_column width=&#8221;3\/4&#8243;][vc_column_text css=&#8221;&#8221;]<span style=\"font-family: 'Barlow Condensed'; font-size: 24px;\"><strong><a href=\"https:\/\/irprout.it\/?p=6830\">IRP e AI al Ministero dell&#8217;Agricoltura<\/a>&nbsp;<\/strong><\/span><br \/>\n<span style=\"font-size: 10pt;\"><em>6 Giugno 2024 &#8211; Roma<\/em><\/span><\/p>\n<p>Temi dell&#8217;incontro relazione del Sottosegretario sugli sviluppi del Decreto Legge Agricoltura, e nostre proposte su alcuni punti cruciali sottolineati dalle recenti proteste degli agricoltori in Italia, e per lo sviluppo dell&#8217;Agricoltura.<\/p>\n<ul>\n<li><span style=\"color: #000080;\">I costi di produzione rilevati e i prezzi fissati da ISEMA, troppo bassi per i prodotti agricoli<\/span><\/li>\n<li><span style=\"color: #000080;\">Conseguente Moratoria sull&#8217;indebitamento delle aziende<\/span><\/li>\n<li><span style=\"color: #000080;\">Metodologie per la conservazione dell&#8217;acqua piovana e di superficie per l&#8217;irrigazione<\/span><\/li>\n<li><span style=\"color: #000080;\">L&#8217;emendamento &#8220;Granaio Italia&#8221;, depennato dal DL Agricoltura<\/span><\/li>\n<li><span style=\"color: #000080;\">L&#8217;annosa questione delle Quote Latte: possiamo provare che l&#8217;Italia non ha mai superato la Quota fissata.<\/span><\/li>\n<\/ul>\n<p>[\/vc_column_text][vc_column_text css=&#8221;&#8221;]<span style=\"color: #000000;\"><strong>Download<\/strong><\/span> &#8211; <a href=\"https:\/\/irprout.it\/wp-content\/uploads\/2024\/07\/COSTI-DI-PRODUZIONE-GESTIONE-ACQUA-IN-AGRICOLTURA-IRP-R.pdf\">COSTI-DI-PRODUZIONE-GESTIONE-ACQUA-IN-AGRICOLTURA-IRP<\/a><br \/>\nQuesto documento \u00e8 stato protocollato al <em>Ministero dell<\/em>&#8216;<em>agricoltura<\/em>,&nbsp;<em>della sovranit\u00e0 alimentare e delle foreste<\/em> (MASAF).[\/vc_column_text][\/vc_column][\/vc_row][vc_row css=&#8221;.vc_custom_1722266909032{background-color: #f9f4d4 !important;}&#8221;][vc_column width=&#8221;1\/4&#8243;][vc_single_image image=&#8221;7091&#8243; img_size=&#8221;full&#8221; style=&#8221;vc_box_border&#8221; border_color=&#8221;green&#8221; css=&#8221;&#8221;][\/vc_column][vc_column width=&#8221;3\/4&#8243;][vc_column_text css=&#8221;&#8221;]<span style=\"font-family: 'Barlow Condensed'; font-size: 24px; color: #003300;\"><strong>Indagine socio-economica, &#8220;al di sopra di ogni sospetto&#8221;<\/strong><\/span><br \/>\n<span style=\"font-size: 10pt;\"><em>Marzo 2024 &#8211; Tarcisio Bonotto<\/em><\/span><\/p>\n<p><strong>Un&#8217;area ben definita, per vicinanza, attivit\u00e0 agricola florida, specialit\u00e0 della mela, mi \u00e8 sempre rimasta in mente: Zevio e la Bassa veronese.<\/strong> Ho voluto indagare sulle condizioni degli agricoltori e degli allevatori, attraverso un questionario di indagine.<br \/>\nCome Istituto di Ricerca socio-economico-ambientale, <strong>ho visitato 20 aziende nel primo round<\/strong>, 6 di allevamento di mucche da latte delle dimensioni pi\u00f9 varie da 80 a 350 vacche da latte, e agricole dai 60 ettari ai 580 ettari le seconde.<br \/>\n<strong>La sorpresa grande \u00e8 stata nel trovare giovani imprenditori da contare sulle dita di una mano<\/strong>. La risposta alla domanda di come mai i giovani praticamente non ci sono in agricoltura, \u00e8 stata: &#8220;\u00e8 colpa del reddito incerto, preferiamo rivolgerci all&#8217;industria&#8221;. Mi sono chiesto &#8220;<strong>e se anche l&#8217;agricoltura diventasse un&#8217;industria?<\/strong>&#8221; &#8230;[\/vc_column_text][\/vc_column][\/vc_row][vc_row css=&#8221;.vc_custom_1722615331688{background-color: #d4edc4 !important;}&#8221;][vc_column width=&#8221;1\/4&#8243;][vc_single_image image=&#8221;6923&#8243; img_size=&#8221;full&#8221; onclick=&#8221;custom_link&#8221; css=&#8221;&#8221;][\/vc_column][vc_column width=&#8221;3\/4&#8243;][vc_column_text css=&#8221;&#8221;]<span style=\"font-family: 'Barlow Condensed'; font-size: 18px;\">Pubblicato il libro sulla condizione agricola, allevamento, quote latte.<\/span><br \/>\n<span style=\"font-size: 18pt;\"><strong><span style=\"font-family: 'Barlow Condensed';\">La storia siamo noi<\/span><\/strong><\/span><br \/>\n<em>A cura di Franco de Guidi, Maria Meneghini, Prof. Ezio Galbero, Tarcisio Bonotto<\/em>&nbsp;<\/p>\n<p>Nel 1952 non c\u2019erano scarpe neanche per andare in chiesa. Avevamo gli zoccoli con le brocche, dei chiodi piantati sulla suola per non consumarla. Il tabarro (il mantello) non c\u2019era per tutti, ce lo prestavamo a turno. Le biciclette? Solo qualcuno viaggiava in bici e molti paesani non sapevano usarla.<br \/>\n<strong><span style=\"color: #000080;\">Dedichiamo questo libro a tutti quelli che hanno lavorato instancabilmente dall\u2019alba al tramonto su queste terre e rimanevano svegli anche tutta la notte quando era necessario controllare l\u2019acqua di irrigazione e i parti del bestiame.<\/span><\/strong>[\/vc_column_text][\/vc_column][\/vc_row]<\/p>\n<\/div>","protected":false},"excerpt":{"rendered":"<p>[vc_row][vc_column][vc_separator color=&#8221;green&#8221; style=&#8221;shadow&#8221; border_width=&#8221;2&#8243; css=&#8221;&#8221;][\/vc_column][\/vc_row][vc_row][vc_column][vc_custom_heading text=&#8221;Ricerca, Formazione, Attivit\u00e0 sul territorio, nel Settore Primario&#8221; font_container=&#8221;tag:h1|text_align:left|color:%23257221&#8243; google_fonts=&#8221;font_family:Anton%3Aregular|font_style:400%20regular%3A400%3Anormal&#8221; css=&#8221;&#8221;][\/vc_column][\/vc_row][vc_row][vc_column][vc_custom_heading text=&#8221;Cooperazione con ass.ni di Agricoltori, Allevatori, Pescatori e Istituzioni&#8221; font_container=&#8221;tag:h2|text_align:left|color:%23257221&#8243; google_fonts=&#8221;font_family:Alegreya%20Sans%3A100%2C100italic%2C300%2C300italic%2Cregular%2Citalic%2C500%2C500italic%2C700%2C700italic%2C800%2C800italic%2C900%2C900italic|font_style:400%20regular%3A400%3Anormal&#8221; css=&#8221;&#8221;][\/vc_column][\/vc_row][vc_row][vc_column][vc_separator color=&#8221;green&#8221; style=&#8221;shadow&#8221; border_width=&#8221;2&#8243; css=&#8221;&#8221;][\/vc_column][\/vc_row][vc_row][vc_column width=&#8221;1\/4&#8243;][vc_single_image image=&#8221;7459&#8243; img_size=&#8221;full&#8221; style=&#8221;vc_box_border&#8221; border_color=&#8221;green&#8221; onclick=&#8221;custom_link&#8221; css=&#8221;.vc_custom_1767701455714{margin-top: 10px !important;}&#8221; link=&#8221;https:\/\/irprout.it\/?page_id=7449&#8243;][\/vc_column][vc_column width=&#8221;3\/4&#8243; css=&#8221;.vc_custom_1722787991726{margin-top: 1px !important;margin-right: 1px !important;margin-bottom: 1px !important;margin-left: <span class=\"excerpt-dots\">&hellip;<\/span> <a class=\"more-link\" href=\"https:\/\/irprout.it\/?page_id=6815\"><span class=\"more-msg\">Continua a leggere<\/span><\/a><\/p>\n","protected":false},"author":3,"featured_media":7381,"parent":0,"menu_order":0,"comment_status":"closed","ping_status":"closed","template":"","meta":{"ngg_post_thumbnail":0,"footnotes":""},"class_list":["post-6815","page","type-page","status-publish","has-post-thumbnail","hentry"],"yoast_head":"<!-- This site is optimized with the Yoast SEO plugin v26.6 - https:\/\/yoast.com\/wordpress\/plugins\/seo\/ -->\n<title>Ricerca, Formazione, Attivit\u00e0 sul territorio, nel Settore Primario - Istituto di Ricerca Prout<\/title>\n<meta name=\"robots\" content=\"index, follow, max-snippet:-1, max-image-preview:large, max-video-preview:-1\" \/>\n<link rel=\"canonical\" href=\"https:\/\/irprout.it\/?page_id=6815\" \/>\n<meta property=\"og:locale\" content=\"it_IT\" \/>\n<meta property=\"og:type\" content=\"article\" \/>\n<meta property=\"og:title\" content=\"Ricerca, Formazione, Attivit\u00e0 sul territorio, nel Settore Primario - Istituto di Ricerca Prout\" \/>\n<meta property=\"og:description\" content=\"[vc_row][vc_column][vc_separator color=&#8221;green&#8221; style=&#8221;shadow&#8221; border_width=&#8221;2&#8243; css=&#8221;&#8221;][\/vc_column][\/vc_row][vc_row][vc_column][vc_custom_heading text=&#8221;Ricerca, Formazione, Attivit\u00e0 sul territorio, nel Settore Primario&#8221; font_container=&#8221;tag:h1|text_align:left|color:%23257221&#8243; google_fonts=&#8221;font_family:Anton%3Aregular|font_style:400%20regular%3A400%3Anormal&#8221; css=&#8221;&#8221;][\/vc_column][\/vc_row][vc_row][vc_column][vc_custom_heading text=&#8221;Cooperazione con ass.ni di Agricoltori, Allevatori, Pescatori e Istituzioni&#8221; font_container=&#8221;tag:h2|text_align:left|color:%23257221&#8243; google_fonts=&#8221;font_family:Alegreya%20Sans%3A100%2C100italic%2C300%2C300italic%2Cregular%2Citalic%2C500%2C500italic%2C700%2C700italic%2C800%2C800italic%2C900%2C900italic|font_style:400%20regular%3A400%3Anormal&#8221; css=&#8221;&#8221;][\/vc_column][\/vc_row][vc_row][vc_column][vc_separator color=&#8221;green&#8221; style=&#8221;shadow&#8221; border_width=&#8221;2&#8243; css=&#8221;&#8221;][\/vc_column][\/vc_row][vc_row][vc_column width=&#8221;1\/4&#8243;][vc_single_image image=&#8221;7459&#8243; img_size=&#8221;full&#8221; style=&#8221;vc_box_border&#8221; border_color=&#8221;green&#8221; onclick=&#8221;custom_link&#8221; css=&#8221;.vc_custom_1767701455714{margin-top: 10px !important;}&#8221; link=&#8221;https:\/\/irprout.it\/?page_id=7449&#8243;][\/vc_column][vc_column width=&#8221;3\/4&#8243; css=&#8221;.vc_custom_1722787991726{margin-top: 1px !important;margin-right: 1px !important;margin-bottom: 1px !important;margin-left: &hellip; Continua a leggere\" \/>\n<meta property=\"og:url\" content=\"https:\/\/irprout.it\/?page_id=6815\" \/>\n<meta property=\"og:site_name\" content=\"Istituto di Ricerca Prout\" \/>\n<meta property=\"article:modified_time\" content=\"2026-01-06T12:11:06+00:00\" \/>\n<meta property=\"og:image\" content=\"https:\/\/irprout.it\/wp-content\/uploads\/2025\/01\/field-6289253_1280_R.jpg\" \/>\n\t<meta property=\"og:image:width\" content=\"550\" \/>\n\t<meta property=\"og:image:height\" content=\"367\" \/>\n\t<meta property=\"og:image:type\" content=\"image\/jpeg\" \/>\n<meta name=\"twitter:label1\" content=\"Tempo di lettura stimato\" \/>\n\t<meta name=\"twitter:data1\" content=\"8 minuti\" \/>\n<script type=\"application\/ld+json\" class=\"yoast-schema-graph\">{\"@context\":\"https:\/\/schema.org\",\"@graph\":[{\"@type\":\"WebPage\",\"@id\":\"https:\/\/irprout.it\/?page_id=6815\",\"url\":\"https:\/\/irprout.it\/?page_id=6815\",\"name\":\"Ricerca, Formazione, Attivit\u00e0 sul territorio, nel Settore Primario - Istituto di Ricerca Prout\",\"isPartOf\":{\"@id\":\"https:\/\/irprout.it\/#website\"},\"primaryImageOfPage\":{\"@id\":\"https:\/\/irprout.it\/?page_id=6815#primaryimage\"},\"image\":{\"@id\":\"https:\/\/irprout.it\/?page_id=6815#primaryimage\"},\"thumbnailUrl\":\"https:\/\/irprout.it\/wp-content\/uploads\/2025\/01\/field-6289253_1280_R.jpg\",\"datePublished\":\"2024-07-09T11:42:21+00:00\",\"dateModified\":\"2026-01-06T12:11:06+00:00\",\"breadcrumb\":{\"@id\":\"https:\/\/irprout.it\/?page_id=6815#breadcrumb\"},\"inLanguage\":\"it-IT\",\"potentialAction\":[{\"@type\":\"ReadAction\",\"target\":[\"https:\/\/irprout.it\/?page_id=6815\"]}]},{\"@type\":\"ImageObject\",\"inLanguage\":\"it-IT\",\"@id\":\"https:\/\/irprout.it\/?page_id=6815#primaryimage\",\"url\":\"https:\/\/irprout.it\/wp-content\/uploads\/2025\/01\/field-6289253_1280_R.jpg\",\"contentUrl\":\"https:\/\/irprout.it\/wp-content\/uploads\/2025\/01\/field-6289253_1280_R.jpg\",\"width\":550,\"height\":367},{\"@type\":\"BreadcrumbList\",\"@id\":\"https:\/\/irprout.it\/?page_id=6815#breadcrumb\",\"itemListElement\":[{\"@type\":\"ListItem\",\"position\":1,\"name\":\"Home\",\"item\":\"https:\/\/irprout.it\/\"},{\"@type\":\"ListItem\",\"position\":2,\"name\":\"Ricerca, Formazione, Attivit\u00e0 sul territorio, nel Settore Primario\"}]},{\"@type\":\"WebSite\",\"@id\":\"https:\/\/irprout.it\/#website\",\"url\":\"https:\/\/irprout.it\/\",\"name\":\"Istituto di Ricerca Prout\",\"description\":\"Istituto di Ricerca Prout\",\"publisher\":{\"@id\":\"https:\/\/irprout.it\/#organization\"},\"potentialAction\":[{\"@type\":\"SearchAction\",\"target\":{\"@type\":\"EntryPoint\",\"urlTemplate\":\"https:\/\/irprout.it\/?s={search_term_string}\"},\"query-input\":{\"@type\":\"PropertyValueSpecification\",\"valueRequired\":true,\"valueName\":\"search_term_string\"}}],\"inLanguage\":\"it-IT\"},{\"@type\":\"Organization\",\"@id\":\"https:\/\/irprout.it\/#organization\",\"name\":\"Istituto di Ricerca Prout\",\"url\":\"https:\/\/irprout.it\/\",\"logo\":{\"@type\":\"ImageObject\",\"inLanguage\":\"it-IT\",\"@id\":\"https:\/\/irprout.it\/#\/schema\/logo\/image\/\",\"url\":\"http:\/\/irprout.it\/wp-content\/uploads\/2014\/10\/logo_IRP_albero300Cor.jpg\",\"contentUrl\":\"http:\/\/irprout.it\/wp-content\/uploads\/2014\/10\/logo_IRP_albero300Cor.jpg\",\"width\":303,\"height\":304,\"caption\":\"Istituto di Ricerca Prout\"},\"image\":{\"@id\":\"https:\/\/irprout.it\/#\/schema\/logo\/image\/\"}}]}<\/script>\n<!-- \/ Yoast SEO plugin. -->","yoast_head_json":{"title":"Ricerca, Formazione, Attivit\u00e0 sul territorio, nel Settore Primario - Istituto di Ricerca Prout","robots":{"index":"index","follow":"follow","max-snippet":"max-snippet:-1","max-image-preview":"max-image-preview:large","max-video-preview":"max-video-preview:-1"},"canonical":"https:\/\/irprout.it\/?page_id=6815","og_locale":"it_IT","og_type":"article","og_title":"Ricerca, Formazione, Attivit\u00e0 sul territorio, nel Settore Primario - Istituto di Ricerca Prout","og_description":"[vc_row][vc_column][vc_separator color=&#8221;green&#8221; style=&#8221;shadow&#8221; border_width=&#8221;2&#8243; css=&#8221;&#8221;][\/vc_column][\/vc_row][vc_row][vc_column][vc_custom_heading text=&#8221;Ricerca, Formazione, Attivit\u00e0 sul territorio, nel Settore Primario&#8221; font_container=&#8221;tag:h1|text_align:left|color:%23257221&#8243; google_fonts=&#8221;font_family:Anton%3Aregular|font_style:400%20regular%3A400%3Anormal&#8221; css=&#8221;&#8221;][\/vc_column][\/vc_row][vc_row][vc_column][vc_custom_heading text=&#8221;Cooperazione con ass.ni di Agricoltori, Allevatori, Pescatori e Istituzioni&#8221; font_container=&#8221;tag:h2|text_align:left|color:%23257221&#8243; google_fonts=&#8221;font_family:Alegreya%20Sans%3A100%2C100italic%2C300%2C300italic%2Cregular%2Citalic%2C500%2C500italic%2C700%2C700italic%2C800%2C800italic%2C900%2C900italic|font_style:400%20regular%3A400%3Anormal&#8221; css=&#8221;&#8221;][\/vc_column][\/vc_row][vc_row][vc_column][vc_separator color=&#8221;green&#8221; style=&#8221;shadow&#8221; border_width=&#8221;2&#8243; css=&#8221;&#8221;][\/vc_column][\/vc_row][vc_row][vc_column width=&#8221;1\/4&#8243;][vc_single_image image=&#8221;7459&#8243; img_size=&#8221;full&#8221; style=&#8221;vc_box_border&#8221; border_color=&#8221;green&#8221; onclick=&#8221;custom_link&#8221; css=&#8221;.vc_custom_1767701455714{margin-top: 10px !important;}&#8221; link=&#8221;https:\/\/irprout.it\/?page_id=7449&#8243;][\/vc_column][vc_column width=&#8221;3\/4&#8243; css=&#8221;.vc_custom_1722787991726{margin-top: 1px !important;margin-right: 1px !important;margin-bottom: 1px !important;margin-left: &hellip; Continua a leggere","og_url":"https:\/\/irprout.it\/?page_id=6815","og_site_name":"Istituto di Ricerca Prout","article_modified_time":"2026-01-06T12:11:06+00:00","og_image":[{"width":550,"height":367,"url":"https:\/\/irprout.it\/wp-content\/uploads\/2025\/01\/field-6289253_1280_R.jpg","type":"image\/jpeg"}],"twitter_misc":{"Tempo di lettura stimato":"8 minuti"},"schema":{"@context":"https:\/\/schema.org","@graph":[{"@type":"WebPage","@id":"https:\/\/irprout.it\/?page_id=6815","url":"https:\/\/irprout.it\/?page_id=6815","name":"Ricerca, Formazione, Attivit\u00e0 sul territorio, nel Settore Primario - Istituto di Ricerca Prout","isPartOf":{"@id":"https:\/\/irprout.it\/#website"},"primaryImageOfPage":{"@id":"https:\/\/irprout.it\/?page_id=6815#primaryimage"},"image":{"@id":"https:\/\/irprout.it\/?page_id=6815#primaryimage"},"thumbnailUrl":"https:\/\/irprout.it\/wp-content\/uploads\/2025\/01\/field-6289253_1280_R.jpg","datePublished":"2024-07-09T11:42:21+00:00","dateModified":"2026-01-06T12:11:06+00:00","breadcrumb":{"@id":"https:\/\/irprout.it\/?page_id=6815#breadcrumb"},"inLanguage":"it-IT","potentialAction":[{"@type":"ReadAction","target":["https:\/\/irprout.it\/?page_id=6815"]}]},{"@type":"ImageObject","inLanguage":"it-IT","@id":"https:\/\/irprout.it\/?page_id=6815#primaryimage","url":"https:\/\/irprout.it\/wp-content\/uploads\/2025\/01\/field-6289253_1280_R.jpg","contentUrl":"https:\/\/irprout.it\/wp-content\/uploads\/2025\/01\/field-6289253_1280_R.jpg","width":550,"height":367},{"@type":"BreadcrumbList","@id":"https:\/\/irprout.it\/?page_id=6815#breadcrumb","itemListElement":[{"@type":"ListItem","position":1,"name":"Home","item":"https:\/\/irprout.it\/"},{"@type":"ListItem","position":2,"name":"Ricerca, Formazione, Attivit\u00e0 sul territorio, nel Settore Primario"}]},{"@type":"WebSite","@id":"https:\/\/irprout.it\/#website","url":"https:\/\/irprout.it\/","name":"Istituto di Ricerca Prout","description":"Istituto di Ricerca Prout","publisher":{"@id":"https:\/\/irprout.it\/#organization"},"potentialAction":[{"@type":"SearchAction","target":{"@type":"EntryPoint","urlTemplate":"https:\/\/irprout.it\/?s={search_term_string}"},"query-input":{"@type":"PropertyValueSpecification","valueRequired":true,"valueName":"search_term_string"}}],"inLanguage":"it-IT"},{"@type":"Organization","@id":"https:\/\/irprout.it\/#organization","name":"Istituto di Ricerca Prout","url":"https:\/\/irprout.it\/","logo":{"@type":"ImageObject","inLanguage":"it-IT","@id":"https:\/\/irprout.it\/#\/schema\/logo\/image\/","url":"http:\/\/irprout.it\/wp-content\/uploads\/2014\/10\/logo_IRP_albero300Cor.jpg","contentUrl":"http:\/\/irprout.it\/wp-content\/uploads\/2014\/10\/logo_IRP_albero300Cor.jpg","width":303,"height":304,"caption":"Istituto di Ricerca Prout"},"image":{"@id":"https:\/\/irprout.it\/#\/schema\/logo\/image\/"}}]}},"_links":{"self":[{"href":"https:\/\/irprout.it\/index.php?rest_route=\/wp\/v2\/pages\/6815","targetHints":{"allow":["GET"]}}],"collection":[{"href":"https:\/\/irprout.it\/index.php?rest_route=\/wp\/v2\/pages"}],"about":[{"href":"https:\/\/irprout.it\/index.php?rest_route=\/wp\/v2\/types\/page"}],"author":[{"embeddable":true,"href":"https:\/\/irprout.it\/index.php?rest_route=\/wp\/v2\/users\/3"}],"replies":[{"embeddable":true,"href":"https:\/\/irprout.it\/index.php?rest_route=%2Fwp%2Fv2%2Fcomments&post=6815"}],"version-history":[{"count":47,"href":"https:\/\/irprout.it\/index.php?rest_route=\/wp\/v2\/pages\/6815\/revisions"}],"predecessor-version":[{"id":7462,"href":"https:\/\/irprout.it\/index.php?rest_route=\/wp\/v2\/pages\/6815\/revisions\/7462"}],"wp:featuredmedia":[{"embeddable":true,"href":"https:\/\/irprout.it\/index.php?rest_route=\/wp\/v2\/media\/7381"}],"wp:attachment":[{"href":"https:\/\/irprout.it\/index.php?rest_route=%2Fwp%2Fv2%2Fmedia&parent=6815"}],"curies":[{"name":"wp","href":"https:\/\/api.w.org\/{rel}","templated":true}]}}