{"id":828,"date":"2014-10-24T18:20:07","date_gmt":"2014-10-24T18:20:07","guid":{"rendered":"http:\/\/irprout.it\/?page_id=828"},"modified":"2015-03-08T12:08:30","modified_gmt":"2015-03-08T11:08:30","slug":"convegno-infinitamente","status":"publish","type":"page","link":"https:\/\/irprout.it\/?page_id=828","title":{"rendered":"CONVEGNO INFINITAMENTE &#8211; IRP"},"content":{"rendered":"<hr \/>\n<p><span style=\"color: #ffffff; font-size: 28pt; font-family: arial, helvetica, sans-serif; background-color: #00ccff;\">\u00a0l&#8217;istituto di ricerca prout, in collaborazione con\u00a0<\/span><\/p>\n<p><span style=\"font-size: 12pt; background-color: #d1cdcd;\"><strong>Universit\u00e0 degli Studi di Verona &#8211;\u00a0<\/strong><strong>Comune di Verona &#8211;\u00a0Ufficio Scolastico Provinciale di Verona<\/strong><\/span><\/p>\n<p><a href=\"http:\/\/comunicazione.univr.it\/infinitamente\/2010\/default.html\" target=\"_blank\"><img decoding=\"async\" class=\"alignleft size-full wp-image-895 lazyload\" data-src=\"https:\/\/irprout.it\/wp-content\/uploads\/2014\/10\/metodi-didattici.jpg\" alt=\"metodi-didattici\" width=\"696\" height=\"219\" data-srcset=\"https:\/\/irprout.it\/wp-content\/uploads\/2014\/10\/metodi-didattici.jpg 696w, https:\/\/irprout.it\/wp-content\/uploads\/2014\/10\/metodi-didattici-300x94.jpg 300w, https:\/\/irprout.it\/wp-content\/uploads\/2014\/10\/metodi-didattici-500x157.jpg 500w\" data-sizes=\"(max-width: 696px) 100vw, 696px\" src=\"data:image\/svg+xml;base64,PHN2ZyB3aWR0aD0iMSIgaGVpZ2h0PSIxIiB4bWxucz0iaHR0cDovL3d3dy53My5vcmcvMjAwMC9zdmciPjwvc3ZnPg==\" style=\"--smush-placeholder-width: 696px; --smush-placeholder-aspect-ratio: 696\/219;\" \/><\/a><\/p>\n<p>&nbsp;<\/p>\n<p><span style=\"color: #000000;\">ha organizzato il Convegno su metodi didattici per l&#8217;apprendimento della <strong>letto scrittura<\/strong> e della <strong>Matematica<\/strong>. Argomento molto sentito dalle\/i insegnanti che hanno partecipato da tutta la provincia di Verona. <a style=\"color: #000000;\" href=\"https:\/\/irprout.it\/?page_id=1132\">(Vai alla pagina del METODO DIDATTICO)<\/a><\/span><\/p>\n<p><a href=\"https:\/\/irprout.it\/?page_id=1132\"><img decoding=\"async\" class=\"wp-image-832 alignleft lazyload\" data-src=\"https:\/\/irprout.it\/wp-content\/uploads\/2014\/10\/concegno_NMTP.jpg\" alt=\"concegno_NMTP\" width=\"507\" height=\"279\" data-srcset=\"https:\/\/irprout.it\/wp-content\/uploads\/2014\/10\/concegno_NMTP.jpg 560w, https:\/\/irprout.it\/wp-content\/uploads\/2014\/10\/concegno_NMTP-300x164.jpg 300w, https:\/\/irprout.it\/wp-content\/uploads\/2014\/10\/concegno_NMTP-500x274.jpg 500w\" data-sizes=\"(max-width: 507px) 100vw, 507px\" src=\"data:image\/svg+xml;base64,PHN2ZyB3aWR0aD0iMSIgaGVpZ2h0PSIxIiB4bWxucz0iaHR0cDovL3d3dy53My5vcmcvMjAwMC9zdmciPjwvc3ZnPg==\" style=\"--smush-placeholder-width: 507px; --smush-placeholder-aspect-ratio: 507\/279;\" \/><\/a><\/p>\n<p>&nbsp;<\/p>\n<p>Alla conferenza di apertura hanno partecipato <strong>autorit\u00e0 ed esperti\/e del settore.<\/strong><\/p>\n<p><span style=\"color: #000000; background-color: #00ccff;\">Il titolo &#8216;Non \u00e8 mai troppo presto&#8217; sottointende: &#8220;per imparare a leggere e a scrivere&#8221;<\/span><\/p>\n<p>&nbsp;<\/p>\n<p>&nbsp;<\/p>\n<p>&nbsp;<\/p>\n<p>&nbsp;<\/p>\n<p><span style=\"font-family: helvetica;\">Saluto della<strong><span style=\"color: #ff0000;\"> Dott.ssa Erminia Perbellini<\/span><\/strong>, assessore Cultura Comune di Verona, del <strong><span style=\"color: #ff0000;\">Prof. Mario Longo<\/span><\/strong>, Preside della Facolt\u00e0 della Formazione e del<strong><span style=\"color: #ff0000;\"> Dott. Giovanni Pontara<\/span><\/strong>, Direttore Ufficio Scolastico Provinciale di Verona.\u00a0<\/span><br \/>\n<span style=\"font-family: helvetica;\"><strong>Il <span style=\"color: #ff0000;\">Prof Luigi Secco<\/span>, gi\u00e0 Preside della Facolt\u00e0 di Lettere e Filosofia dell&#8217;Universit\u00e0 di Verona, ha introdotto il lavoro innovativo di Giovanni Meneghello.<\/strong><\/span><\/p>\n<p><a href=\"https:\/\/irprout.it\/wp-content\/uploads\/2014\/10\/convegno_partecipa.gif\"><img decoding=\"async\" class=\"alignleft  wp-image-836 lazyload\" data-src=\"https:\/\/irprout.it\/wp-content\/uploads\/2014\/10\/convegno_partecipa.gif\" alt=\"convegno_partecipa\" width=\"507\" height=\"272\" src=\"data:image\/svg+xml;base64,PHN2ZyB3aWR0aD0iMSIgaGVpZ2h0PSIxIiB4bWxucz0iaHR0cDovL3d3dy53My5vcmcvMjAwMC9zdmciPjwvc3ZnPg==\" style=\"--smush-placeholder-width: 507px; --smush-placeholder-aspect-ratio: 507\/272;\" \/><\/a><\/p>\n<p>&nbsp;<\/p>\n<p>Indirizzato a <strong>Insegnanti Scuole Materne, Scuole<\/strong><\/p>\n<p><strong> Elementari, Educatori, Logopediste\/i&#8230;<\/strong><br \/>\nIn collaborazione con il CSI (Centro Studi Interculturali)<br \/>\ndell&#8217;Universit\u00e0 degli Studi di Verona e USP.<\/p>\n<h3><\/h3>\n<p>&nbsp;<\/p>\n<p><a href=\"https:\/\/irprout.it\/?page_id=1096\"><img decoding=\"async\" class=\"alignleft size-full wp-image-1090 lazyload\" data-src=\"https:\/\/irprout.it\/wp-content\/uploads\/2014\/10\/scrivere100.jpg\" alt=\"scrivere100\" width=\"100\" height=\"79\" src=\"data:image\/svg+xml;base64,PHN2ZyB3aWR0aD0iMSIgaGVpZ2h0PSIxIiB4bWxucz0iaHR0cDovL3d3dy53My5vcmcvMjAwMC9zdmciPjwvc3ZnPg==\" style=\"--smush-placeholder-width: 100px; --smush-placeholder-aspect-ratio: 100\/79;\" \/><\/a><\/p>\n<p>&nbsp;<\/p>\n<p><strong><span style=\"color: #ffffff; font-size: 12pt; background-color: #00ccff;\">\u00a0Il<\/span><a href=\"https:\/\/irprout.it\/?page_id=1096\"><span style=\"color: #ffffff; font-size: 12pt; background-color: #00ccff;\">\u00a0Prof. Luigi Secco presenta\u00a0<\/span><br \/>\n<span style=\"color: #000000; background-color: #d1cdcd;\">\u00a0il lavoro di Giovanni Meneghello\u00a0<\/span><\/a><\/strong><\/p>\n<p>&nbsp;<\/p>\n<p>&nbsp;<\/p>\n<hr \/>\n<h3><span style=\"color: #ffffff; background-color: #00ccff;\">\u00a0<a style=\"color: #ffffff; background-color: #00ccff;\" href=\"https:\/\/irprout.it\/?page_id=870\">IL PROGRAMMA<\/a>\u00a0<\/span><\/h3>\n<hr \/>\n<p><a href=\"https:\/\/irprout.it\/?page_id=870\"><img decoding=\"async\" class=\"alignleft size-medium wp-image-861 lazyload\" data-src=\"https:\/\/irprout.it\/wp-content\/uploads\/2014\/09\/inf_programma_wp-209x300.jpg\" alt=\"inf_programma_wp\" width=\"209\" height=\"300\" data-srcset=\"https:\/\/irprout.it\/wp-content\/uploads\/2014\/09\/inf_programma_wp-209x300.jpg 209w, https:\/\/irprout.it\/wp-content\/uploads\/2014\/09\/inf_programma_wp.jpg 650w\" data-sizes=\"(max-width: 209px) 100vw, 209px\" src=\"data:image\/svg+xml;base64,PHN2ZyB3aWR0aD0iMSIgaGVpZ2h0PSIxIiB4bWxucz0iaHR0cDovL3d3dy53My5vcmcvMjAwMC9zdmciPjwvc3ZnPg==\" style=\"--smush-placeholder-width: 209px; --smush-placeholder-aspect-ratio: 209\/300;\" \/><\/a><\/p>\n<p>Cliccare sulle pagine rispettive per i contenuti<a href=\"https:\/\/irprout.it\/?page_id=870\"><img decoding=\"async\" class=\"alignleft  wp-image-859 lazyload\" data-src=\"https:\/\/irprout.it\/wp-content\/uploads\/2014\/09\/inf_laborat-300x213.jpg\" alt=\"inf_laborat\" width=\"270\" height=\"191\" data-srcset=\"https:\/\/irprout.it\/wp-content\/uploads\/2014\/09\/inf_laborat-300x213.jpg 300w, https:\/\/irprout.it\/wp-content\/uploads\/2014\/09\/inf_laborat-421x300.jpg 421w, https:\/\/irprout.it\/wp-content\/uploads\/2014\/09\/inf_laborat.jpg 677w\" data-sizes=\"(max-width: 270px) 100vw, 270px\" src=\"data:image\/svg+xml;base64,PHN2ZyB3aWR0aD0iMSIgaGVpZ2h0PSIxIiB4bWxucz0iaHR0cDovL3d3dy53My5vcmcvMjAwMC9zdmciPjwvc3ZnPg==\" style=\"--smush-placeholder-width: 270px; --smush-placeholder-aspect-ratio: 270\/191;\" \/><\/a><\/p>\n<p>&nbsp;<\/p>\n<p>&nbsp;<\/p>\n<p>&nbsp;<\/p>\n<p>&nbsp;<\/p>\n<p>&nbsp;<\/p>\n<p>&nbsp;<\/p>\n<p>&nbsp;<\/p>\n<p>&nbsp;<\/p>\n<hr \/>\n<h3><strong><span style=\"color: #ffffff; background-color: #00ccff;\">\u00a0IL METODO\u00a0<\/span><\/strong><\/h3>\n<p><a href=\"https:\/\/irprout.it\/?page_id=1132\"><img decoding=\"async\" class=\"alignleft size-full wp-image-2323 lazyload\" data-src=\"https:\/\/irprout.it\/wp-content\/uploads\/2014\/10\/ilmetodo.jpg\" alt=\"ilmetodo\" width=\"700\" height=\"240\" data-srcset=\"https:\/\/irprout.it\/wp-content\/uploads\/2014\/10\/ilmetodo.jpg 700w, https:\/\/irprout.it\/wp-content\/uploads\/2014\/10\/ilmetodo-300x103.jpg 300w, https:\/\/irprout.it\/wp-content\/uploads\/2014\/10\/ilmetodo-500x171.jpg 500w\" data-sizes=\"(max-width: 700px) 100vw, 700px\" src=\"data:image\/svg+xml;base64,PHN2ZyB3aWR0aD0iMSIgaGVpZ2h0PSIxIiB4bWxucz0iaHR0cDovL3d3dy53My5vcmcvMjAwMC9zdmciPjwvc3ZnPg==\" style=\"--smush-placeholder-width: 700px; --smush-placeholder-aspect-ratio: 700\/240;\" \/><\/a><\/p>\n<hr \/>\n<hr \/>\n<h3><\/h3>\n<hr \/>\n<h3><span style=\"color: #ffffff; background-color: #00ccff;\"><strong style=\"color: #ffffff; background-color: #00ccff;\">\u00a0<a style=\"color: #ffffff; background-color: #00ccff;\" href=\"http:\/\/comunicazione.univr.it\/infinitamente\/2010\/default.html\" target=\"_blank\">SITO FESTIVAL INFINITAMENTE<\/a>\u00a0<\/strong><\/span><\/h3>\n<p><a href=\"http:\/\/comunicazione.univr.it\/infinitamente\/2010\/default.html\" target=\"_blank\"><img decoding=\"async\" class=\"alignleft size-full wp-image-2318 lazyload\" data-src=\"https:\/\/irprout.it\/wp-content\/uploads\/2014\/10\/sito_infinitamente2.jpg\" alt=\"sito_infinitamente2\" width=\"700\" height=\"190\" data-srcset=\"https:\/\/irprout.it\/wp-content\/uploads\/2014\/10\/sito_infinitamente2.jpg 700w, https:\/\/irprout.it\/wp-content\/uploads\/2014\/10\/sito_infinitamente2-300x81.jpg 300w, https:\/\/irprout.it\/wp-content\/uploads\/2014\/10\/sito_infinitamente2-500x136.jpg 500w\" data-sizes=\"(max-width: 700px) 100vw, 700px\" src=\"data:image\/svg+xml;base64,PHN2ZyB3aWR0aD0iMSIgaGVpZ2h0PSIxIiB4bWxucz0iaHR0cDovL3d3dy53My5vcmcvMjAwMC9zdmciPjwvc3ZnPg==\" style=\"--smush-placeholder-width: 700px; --smush-placeholder-aspect-ratio: 700\/190;\" \/><\/a><\/p>\n<h3><\/h3>\n<hr \/>\n<p><span style=\"background-color: #00ccff;\"><strong><span style=\"color: #000080;\">\u00a0Articoli Correlati\u00a0<\/span><\/strong><\/span><\/p>\n<p><a href=\"https:\/\/irprout.it\/wp-content\/uploads\/2014\/10\/Lingua-Italiana.pdf\" target=\"_blank\"><strong>Lingua Italiana? T<\/strong><\/a><strong><a href=\"https:\/\/irprout.it\/wp-content\/uploads\/2014\/10\/Lingua-Italiana.pdf\" target=\"_blank\">utta questione di corretto apprendimento<\/a> &#8211; <\/strong>Tarcisio Bonotto<\/p>\n<hr \/>\n<p>&nbsp;<\/p>\n","protected":false},"excerpt":{"rendered":"<p>\u00a0l&#8217;istituto di ricerca prout, in collaborazione con\u00a0 Universit\u00e0 degli Studi di Verona &#8211;\u00a0Comune di Verona &#8211;\u00a0Ufficio Scolastico Provinciale di Verona &nbsp; ha organizzato il Convegno su metodi didattici per l&#8217;apprendimento della letto scrittura e della Matematica. Argomento molto sentito dalle\/i insegnanti che hanno partecipato da tutta la provincia di Verona. <span class=\"excerpt-dots\">&hellip;<\/span> <a class=\"more-link\" href=\"https:\/\/irprout.it\/?page_id=828\"><span class=\"more-msg\">Continua a leggere<\/span><\/a><\/p>\n","protected":false},"author":3,"featured_media":0,"parent":465,"menu_order":0,"comment_status":"closed","ping_status":"closed","template":"","meta":{"ngg_post_thumbnail":0,"footnotes":""},"class_list":["post-828","page","type-page","status-publish","hentry"],"yoast_head":"<!-- This site is optimized with the Yoast SEO plugin v26.6 - https:\/\/yoast.com\/wordpress\/plugins\/seo\/ -->\n<title>CONVEGNO INFINITAMENTE - IRP - Istituto di Ricerca Prout<\/title>\n<meta name=\"robots\" content=\"index, follow, max-snippet:-1, max-image-preview:large, max-video-preview:-1\" \/>\n<link rel=\"canonical\" href=\"https:\/\/irprout.it\/?page_id=828\" \/>\n<meta property=\"og:locale\" content=\"it_IT\" \/>\n<meta property=\"og:type\" content=\"article\" \/>\n<meta property=\"og:title\" content=\"CONVEGNO INFINITAMENTE - IRP - Istituto di Ricerca Prout\" \/>\n<meta property=\"og:description\" content=\"\u00a0l&#8217;istituto di ricerca prout, in collaborazione con\u00a0 Universit\u00e0 degli Studi di Verona &#8211;\u00a0Comune di Verona &#8211;\u00a0Ufficio Scolastico Provinciale di Verona &nbsp; ha organizzato il Convegno su metodi didattici per l&#8217;apprendimento della letto scrittura e della Matematica. Argomento molto sentito dalle\/i insegnanti che hanno partecipato da tutta la provincia di Verona. &hellip; Continua a leggere\" \/>\n<meta property=\"og:url\" content=\"https:\/\/irprout.it\/?page_id=828\" \/>\n<meta property=\"og:site_name\" content=\"Istituto di Ricerca Prout\" \/>\n<meta property=\"article:modified_time\" content=\"2015-03-08T11:08:30+00:00\" \/>\n<meta property=\"og:image\" content=\"http:\/\/irprout.it\/wp-content\/uploads\/2014\/10\/metodi-didattici.jpg\" \/>\n<meta name=\"twitter:label1\" content=\"Tempo di lettura stimato\" \/>\n\t<meta name=\"twitter:data1\" content=\"1 minuto\" \/>\n<script type=\"application\/ld+json\" class=\"yoast-schema-graph\">{\"@context\":\"https:\/\/schema.org\",\"@graph\":[{\"@type\":\"WebPage\",\"@id\":\"https:\/\/irprout.it\/?page_id=828\",\"url\":\"https:\/\/irprout.it\/?page_id=828\",\"name\":\"CONVEGNO INFINITAMENTE - IRP - Istituto di Ricerca Prout\",\"isPartOf\":{\"@id\":\"https:\/\/irprout.it\/#website\"},\"primaryImageOfPage\":{\"@id\":\"https:\/\/irprout.it\/?page_id=828#primaryimage\"},\"image\":{\"@id\":\"https:\/\/irprout.it\/?page_id=828#primaryimage\"},\"thumbnailUrl\":\"http:\/\/irprout.it\/wp-content\/uploads\/2014\/10\/metodi-didattici.jpg\",\"datePublished\":\"2014-10-24T18:20:07+00:00\",\"dateModified\":\"2015-03-08T11:08:30+00:00\",\"breadcrumb\":{\"@id\":\"https:\/\/irprout.it\/?page_id=828#breadcrumb\"},\"inLanguage\":\"it-IT\",\"potentialAction\":[{\"@type\":\"ReadAction\",\"target\":[\"https:\/\/irprout.it\/?page_id=828\"]}]},{\"@type\":\"ImageObject\",\"inLanguage\":\"it-IT\",\"@id\":\"https:\/\/irprout.it\/?page_id=828#primaryimage\",\"url\":\"https:\/\/irprout.it\/wp-content\/uploads\/2014\/10\/metodi-didattici.jpg\",\"contentUrl\":\"https:\/\/irprout.it\/wp-content\/uploads\/2014\/10\/metodi-didattici.jpg\",\"width\":696,\"height\":219},{\"@type\":\"BreadcrumbList\",\"@id\":\"https:\/\/irprout.it\/?page_id=828#breadcrumb\",\"itemListElement\":[{\"@type\":\"ListItem\",\"position\":1,\"name\":\"Home\",\"item\":\"https:\/\/irprout.it\/\"},{\"@type\":\"ListItem\",\"position\":2,\"name\":\"ATTIVITA&#8217;\",\"item\":\"https:\/\/irprout.it\/?page_id=12\"},{\"@type\":\"ListItem\",\"position\":3,\"name\":\"CONVEGNI\",\"item\":\"https:\/\/irprout.it\/?page_id=465\"},{\"@type\":\"ListItem\",\"position\":4,\"name\":\"CONVEGNO INFINITAMENTE &#8211; IRP\"}]},{\"@type\":\"WebSite\",\"@id\":\"https:\/\/irprout.it\/#website\",\"url\":\"https:\/\/irprout.it\/\",\"name\":\"Istituto di Ricerca Prout\",\"description\":\"Istituto di Ricerca Prout\",\"publisher\":{\"@id\":\"https:\/\/irprout.it\/#organization\"},\"potentialAction\":[{\"@type\":\"SearchAction\",\"target\":{\"@type\":\"EntryPoint\",\"urlTemplate\":\"https:\/\/irprout.it\/?s={search_term_string}\"},\"query-input\":{\"@type\":\"PropertyValueSpecification\",\"valueRequired\":true,\"valueName\":\"search_term_string\"}}],\"inLanguage\":\"it-IT\"},{\"@type\":\"Organization\",\"@id\":\"https:\/\/irprout.it\/#organization\",\"name\":\"Istituto di Ricerca Prout\",\"url\":\"https:\/\/irprout.it\/\",\"logo\":{\"@type\":\"ImageObject\",\"inLanguage\":\"it-IT\",\"@id\":\"https:\/\/irprout.it\/#\/schema\/logo\/image\/\",\"url\":\"http:\/\/irprout.it\/wp-content\/uploads\/2014\/10\/logo_IRP_albero300Cor.jpg\",\"contentUrl\":\"http:\/\/irprout.it\/wp-content\/uploads\/2014\/10\/logo_IRP_albero300Cor.jpg\",\"width\":303,\"height\":304,\"caption\":\"Istituto di Ricerca Prout\"},\"image\":{\"@id\":\"https:\/\/irprout.it\/#\/schema\/logo\/image\/\"}}]}<\/script>\n<!-- \/ Yoast SEO plugin. -->","yoast_head_json":{"title":"CONVEGNO INFINITAMENTE - IRP - Istituto di Ricerca Prout","robots":{"index":"index","follow":"follow","max-snippet":"max-snippet:-1","max-image-preview":"max-image-preview:large","max-video-preview":"max-video-preview:-1"},"canonical":"https:\/\/irprout.it\/?page_id=828","og_locale":"it_IT","og_type":"article","og_title":"CONVEGNO INFINITAMENTE - IRP - Istituto di Ricerca Prout","og_description":"\u00a0l&#8217;istituto di ricerca prout, in collaborazione con\u00a0 Universit\u00e0 degli Studi di Verona &#8211;\u00a0Comune di Verona &#8211;\u00a0Ufficio Scolastico Provinciale di Verona &nbsp; ha organizzato il Convegno su metodi didattici per l&#8217;apprendimento della letto scrittura e della Matematica. Argomento molto sentito dalle\/i insegnanti che hanno partecipato da tutta la provincia di Verona. &hellip; Continua a leggere","og_url":"https:\/\/irprout.it\/?page_id=828","og_site_name":"Istituto di Ricerca Prout","article_modified_time":"2015-03-08T11:08:30+00:00","og_image":[{"url":"http:\/\/irprout.it\/wp-content\/uploads\/2014\/10\/metodi-didattici.jpg","type":"","width":"","height":""}],"twitter_misc":{"Tempo di lettura stimato":"1 minuto"},"schema":{"@context":"https:\/\/schema.org","@graph":[{"@type":"WebPage","@id":"https:\/\/irprout.it\/?page_id=828","url":"https:\/\/irprout.it\/?page_id=828","name":"CONVEGNO INFINITAMENTE - IRP - Istituto di Ricerca Prout","isPartOf":{"@id":"https:\/\/irprout.it\/#website"},"primaryImageOfPage":{"@id":"https:\/\/irprout.it\/?page_id=828#primaryimage"},"image":{"@id":"https:\/\/irprout.it\/?page_id=828#primaryimage"},"thumbnailUrl":"http:\/\/irprout.it\/wp-content\/uploads\/2014\/10\/metodi-didattici.jpg","datePublished":"2014-10-24T18:20:07+00:00","dateModified":"2015-03-08T11:08:30+00:00","breadcrumb":{"@id":"https:\/\/irprout.it\/?page_id=828#breadcrumb"},"inLanguage":"it-IT","potentialAction":[{"@type":"ReadAction","target":["https:\/\/irprout.it\/?page_id=828"]}]},{"@type":"ImageObject","inLanguage":"it-IT","@id":"https:\/\/irprout.it\/?page_id=828#primaryimage","url":"https:\/\/irprout.it\/wp-content\/uploads\/2014\/10\/metodi-didattici.jpg","contentUrl":"https:\/\/irprout.it\/wp-content\/uploads\/2014\/10\/metodi-didattici.jpg","width":696,"height":219},{"@type":"BreadcrumbList","@id":"https:\/\/irprout.it\/?page_id=828#breadcrumb","itemListElement":[{"@type":"ListItem","position":1,"name":"Home","item":"https:\/\/irprout.it\/"},{"@type":"ListItem","position":2,"name":"ATTIVITA&#8217;","item":"https:\/\/irprout.it\/?page_id=12"},{"@type":"ListItem","position":3,"name":"CONVEGNI","item":"https:\/\/irprout.it\/?page_id=465"},{"@type":"ListItem","position":4,"name":"CONVEGNO INFINITAMENTE &#8211; IRP"}]},{"@type":"WebSite","@id":"https:\/\/irprout.it\/#website","url":"https:\/\/irprout.it\/","name":"Istituto di Ricerca Prout","description":"Istituto di Ricerca Prout","publisher":{"@id":"https:\/\/irprout.it\/#organization"},"potentialAction":[{"@type":"SearchAction","target":{"@type":"EntryPoint","urlTemplate":"https:\/\/irprout.it\/?s={search_term_string}"},"query-input":{"@type":"PropertyValueSpecification","valueRequired":true,"valueName":"search_term_string"}}],"inLanguage":"it-IT"},{"@type":"Organization","@id":"https:\/\/irprout.it\/#organization","name":"Istituto di Ricerca Prout","url":"https:\/\/irprout.it\/","logo":{"@type":"ImageObject","inLanguage":"it-IT","@id":"https:\/\/irprout.it\/#\/schema\/logo\/image\/","url":"http:\/\/irprout.it\/wp-content\/uploads\/2014\/10\/logo_IRP_albero300Cor.jpg","contentUrl":"http:\/\/irprout.it\/wp-content\/uploads\/2014\/10\/logo_IRP_albero300Cor.jpg","width":303,"height":304,"caption":"Istituto di Ricerca Prout"},"image":{"@id":"https:\/\/irprout.it\/#\/schema\/logo\/image\/"}}]}},"_links":{"self":[{"href":"https:\/\/irprout.it\/index.php?rest_route=\/wp\/v2\/pages\/828","targetHints":{"allow":["GET"]}}],"collection":[{"href":"https:\/\/irprout.it\/index.php?rest_route=\/wp\/v2\/pages"}],"about":[{"href":"https:\/\/irprout.it\/index.php?rest_route=\/wp\/v2\/types\/page"}],"author":[{"embeddable":true,"href":"https:\/\/irprout.it\/index.php?rest_route=\/wp\/v2\/users\/3"}],"replies":[{"embeddable":true,"href":"https:\/\/irprout.it\/index.php?rest_route=%2Fwp%2Fv2%2Fcomments&post=828"}],"version-history":[{"count":62,"href":"https:\/\/irprout.it\/index.php?rest_route=\/wp\/v2\/pages\/828\/revisions"}],"predecessor-version":[{"id":2915,"href":"https:\/\/irprout.it\/index.php?rest_route=\/wp\/v2\/pages\/828\/revisions\/2915"}],"up":[{"embeddable":true,"href":"https:\/\/irprout.it\/index.php?rest_route=\/wp\/v2\/pages\/465"}],"wp:attachment":[{"href":"https:\/\/irprout.it\/index.php?rest_route=%2Fwp%2Fv2%2Fmedia&parent=828"}],"curies":[{"name":"wp","href":"https:\/\/api.w.org\/{rel}","templated":true}]}}